{"id":11769,"date":"2023-07-06T09:37:26","date_gmt":"2023-07-06T07:37:26","guid":{"rendered":"https:\/\/kvoev-actp.ch\/manifestations\/assemblee-des-membres-du-groupe-regional-suisse-romande-valais\/"},"modified":"2024-02-26T15:58:32","modified_gmt":"2024-02-26T14:58:32","slug":"assemblee-des-membres-du-groupe-regional-suisse-romande-valais","status":"publish","type":"page","link":"https:\/\/www.kvoev-actp.ch\/fr\/manifestations\/assemblee-des-membres-du-groupe-regional-suisse-romande-valais\/","title":{"rendered":"Assembl\u00e9e des membres du groupe r\u00e9gional Suisse Romande \/ Valais"},"content":{"rendered":"\t\t<div data-elementor-type=\"wp-page\" data-elementor-id=\"11769\" class=\"elementor elementor-11769 elementor-11749\" data-elementor-post-type=\"page\">\n\t\t\t\t\t\t<section class=\"elementor-section elementor-top-section elementor-element elementor-element-692a7aa elementor-section-boxed elementor-section-height-default elementor-section-height-default\" data-id=\"692a7aa\" data-element_type=\"section\" data-e-type=\"section\">\n\t\t\t\t\t\t<div class=\"elementor-container elementor-column-gap-default\">\n\t\t\t\t\t<div class=\"elementor-column elementor-col-100 elementor-top-column elementor-element elementor-element-4ce95e6\" data-id=\"4ce95e6\" data-element_type=\"column\" data-e-type=\"column\">\n\t\t\t<div class=\"elementor-widget-wrap elementor-element-populated\">\n\t\t\t\t\t\t<div class=\"elementor-element elementor-element-4c85422 elementor-widget elementor-widget-spacer\" data-id=\"4c85422\" data-element_type=\"widget\" data-e-type=\"widget\" data-widget_type=\"spacer.default\">\n\t\t\t\t<div class=\"elementor-widget-container\">\n\t\t\t\t\t\t\t<div class=\"elementor-spacer\">\n\t\t\t<div class=\"elementor-spacer-inner\"><\/div>\n\t\t<\/div>\n\t\t\t\t\t\t<\/div>\n\t\t\t\t<\/div>\n\t\t\t\t\t<\/div>\n\t\t<\/div>\n\t\t\t\t\t<\/div>\n\t\t<\/section>\n\t\t\t\t<section class=\"elementor-section elementor-top-section elementor-element elementor-element-cad4272 elementor-section-boxed elementor-section-height-default elementor-section-height-default\" data-id=\"cad4272\" data-element_type=\"section\" data-e-type=\"section\">\n\t\t\t\t\t\t<div class=\"elementor-container elementor-column-gap-default\">\n\t\t\t\t\t<div class=\"elementor-column elementor-col-100 elementor-top-column elementor-element elementor-element-4f12459\" data-id=\"4f12459\" data-element_type=\"column\" data-e-type=\"column\">\n\t\t\t<div class=\"elementor-widget-wrap elementor-element-populated\">\n\t\t\t\t\t\t<div class=\"elementor-element elementor-element-ee5a179 elementor-widget elementor-widget-heading\" data-id=\"ee5a179\" data-element_type=\"widget\" data-e-type=\"widget\" data-widget_type=\"heading.default\">\n\t\t\t\t<div class=\"elementor-widget-container\">\n\t\t\t\t\t<h1 class=\"elementor-heading-title elementor-size-default\">Assembl\u00e9e des membres du groupe r\u00e9gional Suisse Romande \/ Valais<\/h1>\t\t\t\t<\/div>\n\t\t\t\t<\/div>\n\t\t\t\t\t<\/div>\n\t\t<\/div>\n\t\t\t\t\t<\/div>\n\t\t<\/section>\n\t\t\t\t<section class=\"elementor-section elementor-top-section elementor-element elementor-element-f86014d elementor-section-boxed elementor-section-height-default elementor-section-height-default\" data-id=\"f86014d\" data-element_type=\"section\" data-e-type=\"section\">\n\t\t\t\t\t\t<div class=\"elementor-container elementor-column-gap-default\">\n\t\t\t\t\t<div class=\"elementor-column elementor-col-100 elementor-top-column elementor-element elementor-element-4a7e824\" data-id=\"4a7e824\" data-element_type=\"column\" data-e-type=\"column\">\n\t\t\t<div class=\"elementor-widget-wrap elementor-element-populated\">\n\t\t\t\t\t\t<div class=\"elementor-element elementor-element-8364422 elementor-widget elementor-widget-text-editor\" data-id=\"8364422\" data-element_type=\"widget\" data-e-type=\"widget\" data-widget_type=\"text-editor.default\">\n\t\t\t\t<div class=\"elementor-widget-container\">\n\t\t\t\t\t\t\t\t\t<h3><strong>suivie d\u2019une table ronde sur le th\u00e8me du trafic d\u2019agglom\u00e9ration<br \/><\/strong><\/h3>\n<h2><strong><span style=\"color: #993300;\"> <\/span><\/strong><\/h2>\n\t\t\t\t\t\t\t\t<\/div>\n\t\t\t\t<\/div>\n\t\t\t\t\t<\/div>\n\t\t<\/div>\n\t\t\t\t\t<\/div>\n\t\t<\/section>\n\t\t\t\t<section class=\"elementor-section elementor-top-section elementor-element elementor-element-09641b2 elementor-section-boxed elementor-section-height-default elementor-section-height-default\" data-id=\"09641b2\" data-element_type=\"section\" data-e-type=\"section\">\n\t\t\t\t\t\t<div class=\"elementor-container elementor-column-gap-default\">\n\t\t\t\t\t<div class=\"elementor-column elementor-col-33 elementor-top-column elementor-element elementor-element-9c46ee6\" data-id=\"9c46ee6\" data-element_type=\"column\" data-e-type=\"column\">\n\t\t\t<div class=\"elementor-widget-wrap elementor-element-populated\">\n\t\t\t\t\t\t<div class=\"elementor-element elementor-element-5314417 elementor-widget elementor-widget-image\" data-id=\"5314417\" data-element_type=\"widget\" data-e-type=\"widget\" data-widget_type=\"image.default\">\n\t\t\t\t<div class=\"elementor-widget-container\">\n\t\t\t\t\t\t\t\t\t\t\t\t\t\t\t<img fetchpriority=\"high\" decoding=\"async\" width=\"300\" height=\"300\" src=\"https:\/\/www.kvoev-actp.ch\/wp-content\/uploads\/2023\/07\/parc-du-simplon-300.jpg\" class=\"attachment-large size-large wp-image-11752\" alt=\"\" srcset=\"https:\/\/www.kvoev-actp.ch\/wp-content\/uploads\/2023\/07\/parc-du-simplon-300.jpg 300w, https:\/\/www.kvoev-actp.ch\/wp-content\/uploads\/2023\/07\/parc-du-simplon-300-150x150.jpg 150w, https:\/\/www.kvoev-actp.ch\/wp-content\/uploads\/2023\/07\/parc-du-simplon-300-285x285.jpg 285w\" sizes=\"(max-width: 300px) 100vw, 300px\" \/>\t\t\t\t\t\t\t\t\t\t\t\t\t\t\t<\/div>\n\t\t\t\t<\/div>\n\t\t\t\t\t<\/div>\n\t\t<\/div>\n\t\t\t\t<div class=\"elementor-column elementor-col-66 elementor-top-column elementor-element elementor-element-4b69638\" data-id=\"4b69638\" data-element_type=\"column\" data-e-type=\"column\">\n\t\t\t<div class=\"elementor-widget-wrap elementor-element-populated\">\n\t\t\t\t\t\t<div class=\"elementor-element elementor-element-1f3b3b8 elementor-widget elementor-widget-text-editor\" data-id=\"1f3b3b8\" data-element_type=\"widget\" data-e-type=\"widget\" data-widget_type=\"text-editor.default\">\n\t\t\t\t<div class=\"elementor-widget-container\">\n\t\t\t\t\t\t\t\t\t<p>Comment les projets d\u2019infrastructure pour le trafic d\u2019agglom\u00e9ration financ\u00e9s partiellement par le fonds FORTA sont-ils choisis et par qui ? Pour lever le voile sur ce m\u00e9canisme de financement assez particulier \u00e0 la Suisse, des responsables de la mobilit\u00e9 de l\u2019ARE, de l\u2019Etat de Gen\u00e8ve ainsi que des tl en d\u00e9battront. Ces sp\u00e9cialistes de la mobilit\u00e9 au niveau national, cantonal et r\u00e9gional auront l\u2019occasion d\u2019expliquer les secrets mais aussi les avantages et les particularit\u00e9s de la mani\u00e8re de g\u00e9rer ces projets de A \u00e0 Z.<\/p>\n<p>Tout ce que vous avez voulu savoir sur le trafic d\u2019agglo sans jamais avoir os\u00e9 le demander.<\/p>\n\t\t\t\t\t\t\t\t<\/div>\n\t\t\t\t<\/div>\n\t\t\t\t\t<\/div>\n\t\t<\/div>\n\t\t\t\t\t<\/div>\n\t\t<\/section>\n\t\t\t\t<section class=\"elementor-section elementor-top-section elementor-element elementor-element-c298282 elementor-section-boxed elementor-section-height-default elementor-section-height-default\" data-id=\"c298282\" data-element_type=\"section\" data-e-type=\"section\">\n\t\t\t\t\t\t<div class=\"elementor-container elementor-column-gap-default\">\n\t\t\t\t\t<div class=\"elementor-column elementor-col-100 elementor-top-column elementor-element elementor-element-e4efe5a\" data-id=\"e4efe5a\" data-element_type=\"column\" data-e-type=\"column\">\n\t\t\t<div class=\"elementor-widget-wrap elementor-element-populated\">\n\t\t\t\t\t\t<div class=\"elementor-element elementor-element-f9c5531 elementor-widget elementor-widget-text-editor\" data-id=\"f9c5531\" data-element_type=\"widget\" data-e-type=\"widget\" data-widget_type=\"text-editor.default\">\n\t\t\t\t<div class=\"elementor-widget-container\">\n\t\t\t\t\t\t\t\t\t<p>Vous trouverez ici la pr\u00e9sentation et quelques photos qui donnent des impressions de cette manifestation r\u00e9ussie.<\/p>\t\t\t\t\t\t\t\t<\/div>\n\t\t\t\t<\/div>\n\t\t\t\t\t<\/div>\n\t\t<\/div>\n\t\t\t\t\t<\/div>\n\t\t<\/section>\n\t\t\t\t<section class=\"elementor-section elementor-top-section elementor-element elementor-element-7c9870f elementor-section-boxed elementor-section-height-default elementor-section-height-default\" data-id=\"7c9870f\" data-element_type=\"section\" data-e-type=\"section\">\n\t\t\t\t\t\t<div class=\"elementor-container elementor-column-gap-default\">\n\t\t\t\t\t<div class=\"elementor-column elementor-col-100 elementor-top-column elementor-element elementor-element-bdfcc38\" data-id=\"bdfcc38\" data-element_type=\"column\" data-e-type=\"column\">\n\t\t\t<div class=\"elementor-widget-wrap elementor-element-populated\">\n\t\t\t\t\t\t<div class=\"elementor-element elementor-element-1fcb025 elementor-widget elementor-widget-button\" data-id=\"1fcb025\" data-element_type=\"widget\" data-e-type=\"widget\" data-widget_type=\"button.default\">\n\t\t\t\t<div class=\"elementor-widget-container\">\n\t\t\t\t\t\t\t\t\t<div class=\"elementor-button-wrapper\">\n\t\t\t\t\t<a class=\"elementor-button elementor-button-link elementor-size-sm\" href=\"https:\/\/www.kvoev-actp.ch\/wp-content\/uploads\/2023\/09\/1-230831-ACTP-GR-Romandie-Valais-assemblee-des-membres-partie-statuaire.pdf\" target=\"_blank\">\n\t\t\t\t\t\t<span class=\"elementor-button-content-wrapper\">\n\t\t\t\t\t\t\t\t\t<span class=\"elementor-button-text\">ACTP GR Romandie Valais assembl\u00e9e des membres - partie statuaire (PDF)<\/span>\n\t\t\t\t\t<\/span>\n\t\t\t\t\t<\/a>\n\t\t\t\t<\/div>\n\t\t\t\t\t\t\t\t<\/div>\n\t\t\t\t<\/div>\n\t\t\t\t\t<\/div>\n\t\t<\/div>\n\t\t\t\t\t<\/div>\n\t\t<\/section>\n\t\t\t\t<section class=\"elementor-section elementor-top-section elementor-element elementor-element-b22484a elementor-section-boxed elementor-section-height-default elementor-section-height-default\" data-id=\"b22484a\" data-element_type=\"section\" data-e-type=\"section\">\n\t\t\t\t\t\t<div class=\"elementor-container elementor-column-gap-default\">\n\t\t\t\t\t<div class=\"elementor-column elementor-col-100 elementor-top-column elementor-element elementor-element-ea3bc78\" data-id=\"ea3bc78\" data-element_type=\"column\" data-e-type=\"column\">\n\t\t\t<div class=\"elementor-widget-wrap elementor-element-populated\">\n\t\t\t\t\t\t<div class=\"elementor-element elementor-element-fc900d9 elementor-widget elementor-widget-button\" data-id=\"fc900d9\" data-element_type=\"widget\" data-e-type=\"widget\" data-widget_type=\"button.default\">\n\t\t\t\t<div class=\"elementor-widget-container\">\n\t\t\t\t\t\t\t\t\t<div class=\"elementor-button-wrapper\">\n\t\t\t\t\t<a class=\"elementor-button elementor-button-link elementor-size-sm\" href=\"https:\/\/www.kvoev-actp.ch\/wp-content\/uploads\/2023\/09\/2-230831-Mise-en-oeuvre-des-mesures-TP-du-PALM-Samuel-Frechet.pdf\" target=\"_blank\">\n\t\t\t\t\t\t<span class=\"elementor-button-content-wrapper\">\n\t\t\t\t\t\t\t\t\t<span class=\"elementor-button-text\">Mise en oeuvre des mesures TP du PALM Samuel Fr\u00e9chet (PDF)<\/span>\n\t\t\t\t\t<\/span>\n\t\t\t\t\t<\/a>\n\t\t\t\t<\/div>\n\t\t\t\t\t\t\t\t<\/div>\n\t\t\t\t<\/div>\n\t\t\t\t\t<\/div>\n\t\t<\/div>\n\t\t\t\t\t<\/div>\n\t\t<\/section>\n\t\t\t\t<section class=\"elementor-section elementor-top-section elementor-element elementor-element-3285947 elementor-section-boxed elementor-section-height-default elementor-section-height-default\" data-id=\"3285947\" data-element_type=\"section\" data-e-type=\"section\">\n\t\t\t\t\t\t<div class=\"elementor-container elementor-column-gap-default\">\n\t\t\t\t\t<div class=\"elementor-column elementor-col-100 elementor-top-column elementor-element elementor-element-5c176ec\" data-id=\"5c176ec\" data-element_type=\"column\" data-e-type=\"column\">\n\t\t\t<div class=\"elementor-widget-wrap elementor-element-populated\">\n\t\t\t\t\t\t<div class=\"elementor-element elementor-element-e3364bd elementor-widget elementor-widget-button\" data-id=\"e3364bd\" data-element_type=\"widget\" data-e-type=\"widget\" data-widget_type=\"button.default\">\n\t\t\t\t<div class=\"elementor-widget-container\">\n\t\t\t\t\t\t\t\t\t<div class=\"elementor-button-wrapper\">\n\t\t\t\t\t<a class=\"elementor-button elementor-button-link elementor-size-sm\" href=\"https:\/\/www.kvoev-actp.ch\/wp-content\/uploads\/2023\/09\/3-Transcription-Le-trafic-dagglomeration-Qui-decide-qui-paie-et-qui-realise.pdf\" target=\"_blank\">\n\t\t\t\t\t\t<span class=\"elementor-button-content-wrapper\">\n\t\t\t\t\t\t\t\t\t<span class=\"elementor-button-text\">Le trafic d\u2019agglom\u00e9ration - Qui d\u00e9cide - qui paie et qui r\u00e9alise (PDF)<\/span>\n\t\t\t\t\t<\/span>\n\t\t\t\t\t<\/a>\n\t\t\t\t<\/div>\n\t\t\t\t\t\t\t\t<\/div>\n\t\t\t\t<\/div>\n\t\t\t\t\t<\/div>\n\t\t<\/div>\n\t\t\t\t\t<\/div>\n\t\t<\/section>\n\t\t\t\t<section class=\"elementor-section elementor-top-section elementor-element elementor-element-feac868 elementor-section-boxed elementor-section-height-default elementor-section-height-default\" data-id=\"feac868\" data-element_type=\"section\" data-e-type=\"section\">\n\t\t\t\t\t\t<div class=\"elementor-container elementor-column-gap-default\">\n\t\t\t\t\t<div class=\"elementor-column elementor-col-100 elementor-top-column elementor-element elementor-element-1c455ad\" data-id=\"1c455ad\" data-element_type=\"column\" data-e-type=\"column\">\n\t\t\t<div class=\"elementor-widget-wrap elementor-element-populated\">\n\t\t\t\t\t\t<div class=\"elementor-element elementor-element-e2a40f3 elementor-widget elementor-widget-button\" data-id=\"e2a40f3\" data-element_type=\"widget\" data-e-type=\"widget\" data-widget_type=\"button.default\">\n\t\t\t\t<div class=\"elementor-widget-container\">\n\t\t\t\t\t\t\t\t\t<div class=\"elementor-button-wrapper\">\n\t\t\t\t\t<a class=\"elementor-button elementor-button-link elementor-size-sm\" href=\"https:\/\/www.kvoev-actp.ch\/wp-content\/uploads\/2023\/09\/4-230831-Realisations-du-Grand-Geneve-Matthieu-Baradel.pdf\" target=\"_blank\">\n\t\t\t\t\t\t<span class=\"elementor-button-content-wrapper\">\n\t\t\t\t\t\t\t\t\t<span class=\"elementor-button-text\">R\u00e9alisations du Grand Gen\u00e8ve Matthieu Baradel (PDF)<\/span>\n\t\t\t\t\t<\/span>\n\t\t\t\t\t<\/a>\n\t\t\t\t<\/div>\n\t\t\t\t\t\t\t\t<\/div>\n\t\t\t\t<\/div>\n\t\t\t\t\t<\/div>\n\t\t<\/div>\n\t\t\t\t\t<\/div>\n\t\t<\/section>\n\t\t\t\t<section class=\"elementor-section elementor-top-section elementor-element elementor-element-d4c6cb1 elementor-section-boxed elementor-section-height-default elementor-section-height-default\" data-id=\"d4c6cb1\" data-element_type=\"section\" data-e-type=\"section\">\n\t\t\t\t\t\t<div class=\"elementor-container elementor-column-gap-default\">\n\t\t\t\t\t<div class=\"elementor-column elementor-col-100 elementor-top-column elementor-element elementor-element-693c032\" data-id=\"693c032\" data-element_type=\"column\" data-e-type=\"column\">\n\t\t\t<div class=\"elementor-widget-wrap elementor-element-populated\">\n\t\t\t\t\t\t<div class=\"elementor-element elementor-element-2651a14 elementor-widget elementor-widget-spacer\" data-id=\"2651a14\" data-element_type=\"widget\" data-e-type=\"widget\" data-widget_type=\"spacer.default\">\n\t\t\t\t<div class=\"elementor-widget-container\">\n\t\t\t\t\t\t\t<div class=\"elementor-spacer\">\n\t\t\t<div class=\"elementor-spacer-inner\"><\/div>\n\t\t<\/div>\n\t\t\t\t\t\t<\/div>\n\t\t\t\t<\/div>\n\t\t\t\t\t<\/div>\n\t\t<\/div>\n\t\t\t\t\t<\/div>\n\t\t<\/section>\n\t\t\t\t<section class=\"elementor-section elementor-top-section elementor-element elementor-element-2354dfe elementor-section-boxed elementor-section-height-default elementor-section-height-default\" data-id=\"2354dfe\" data-element_type=\"section\" data-e-type=\"section\">\n\t\t\t\t\t\t<div class=\"elementor-container elementor-column-gap-default\">\n\t\t\t\t\t<div class=\"elementor-column elementor-col-100 elementor-top-column elementor-element elementor-element-4a5ca74\" data-id=\"4a5ca74\" data-element_type=\"column\" data-e-type=\"column\">\n\t\t\t<div class=\"elementor-widget-wrap elementor-element-populated\">\n\t\t\t\t\t\t<div class=\"elementor-element elementor-element-6dcc427 elementor-widget elementor-widget-gallery\" data-id=\"6dcc427\" data-element_type=\"widget\" data-e-type=\"widget\" data-settings=\"{&quot;lazyload&quot;:&quot;yes&quot;,&quot;gallery_layout&quot;:&quot;grid&quot;,&quot;columns&quot;:4,&quot;columns_tablet&quot;:2,&quot;columns_mobile&quot;:1,&quot;gap&quot;:{&quot;unit&quot;:&quot;px&quot;,&quot;size&quot;:10,&quot;sizes&quot;:[]},&quot;gap_tablet&quot;:{&quot;unit&quot;:&quot;px&quot;,&quot;size&quot;:10,&quot;sizes&quot;:[]},&quot;gap_mobile&quot;:{&quot;unit&quot;:&quot;px&quot;,&quot;size&quot;:10,&quot;sizes&quot;:[]},&quot;link_to&quot;:&quot;file&quot;,&quot;aspect_ratio&quot;:&quot;3:2&quot;,&quot;overlay_background&quot;:&quot;yes&quot;,&quot;content_hover_animation&quot;:&quot;fade-in&quot;}\" data-widget_type=\"gallery.default\">\n\t\t\t\t<div class=\"elementor-widget-container\">\n\t\t\t\t\t\t\t<div class=\"elementor-gallery__container\">\n\t\t\t\t\t\t\t<a class=\"e-gallery-item elementor-gallery-item elementor-animated-content\" href=\"https:\/\/www.kvoev-actp.ch\/wp-content\/uploads\/2023\/09\/230831-Assemblee-generale-GR-Romandie-VS-12-1000.jpg\" data-elementor-open-lightbox=\"yes\" data-elementor-lightbox-slideshow=\"6dcc427\" data-e-action-hash=\"#elementor-action%3Aaction%3Dlightbox%26settings%3DeyJpZCI6MTIxNzAsInVybCI6Imh0dHBzOlwvXC93d3cua3ZvZXYtYWN0cC5jaFwvd3AtY29udGVudFwvdXBsb2Fkc1wvMjAyM1wvMDlcLzIzMDgzMS1Bc3NlbWJsZWUtZ2VuZXJhbGUtR1ItUm9tYW5kaWUtVlMtMTItMTAwMC5qcGciLCJzbGlkZXNob3ciOiI2ZGNjNDI3In0%3D\">\n\t\t\t\t\t<div class=\"e-gallery-image elementor-gallery-item__image\" data-thumbnail=\"https:\/\/www.kvoev-actp.ch\/wp-content\/uploads\/2023\/09\/230831-Assemblee-generale-GR-Romandie-VS-12-1000-300x225.jpg\" data-width=\"300\" data-height=\"225\" aria-label=\"\" role=\"img\" ><\/div>\n\t\t\t\t\t\t\t\t\t\t\t<div class=\"elementor-gallery-item__overlay\"><\/div>\n\t\t\t\t\t\t\t\t\t\t\t\t\t\t<\/a>\n\t\t\t\t\t\t\t<a class=\"e-gallery-item elementor-gallery-item elementor-animated-content\" href=\"https:\/\/www.kvoev-actp.ch\/wp-content\/uploads\/2023\/09\/230831-Assemblee-generale-GR-Romandie-VS-11-1000.jpg\" data-elementor-open-lightbox=\"yes\" data-elementor-lightbox-slideshow=\"6dcc427\" data-e-action-hash=\"#elementor-action%3Aaction%3Dlightbox%26settings%3DeyJpZCI6MTIxNjgsInVybCI6Imh0dHBzOlwvXC93d3cua3ZvZXYtYWN0cC5jaFwvd3AtY29udGVudFwvdXBsb2Fkc1wvMjAyM1wvMDlcLzIzMDgzMS1Bc3NlbWJsZWUtZ2VuZXJhbGUtR1ItUm9tYW5kaWUtVlMtMTEtMTAwMC5qcGciLCJzbGlkZXNob3ciOiI2ZGNjNDI3In0%3D\">\n\t\t\t\t\t<div class=\"e-gallery-image elementor-gallery-item__image\" data-thumbnail=\"https:\/\/www.kvoev-actp.ch\/wp-content\/uploads\/2023\/09\/230831-Assemblee-generale-GR-Romandie-VS-11-1000-300x225.jpg\" data-width=\"300\" data-height=\"225\" aria-label=\"\" role=\"img\" ><\/div>\n\t\t\t\t\t\t\t\t\t\t\t<div class=\"elementor-gallery-item__overlay\"><\/div>\n\t\t\t\t\t\t\t\t\t\t\t\t\t\t<\/a>\n\t\t\t\t\t\t\t<a class=\"e-gallery-item elementor-gallery-item elementor-animated-content\" href=\"https:\/\/www.kvoev-actp.ch\/wp-content\/uploads\/2023\/09\/230831-Assemblee-generale-GR-Romandie-VS-10-1000.jpg\" data-elementor-open-lightbox=\"yes\" data-elementor-lightbox-slideshow=\"6dcc427\" data-e-action-hash=\"#elementor-action%3Aaction%3Dlightbox%26settings%3DeyJpZCI6MTIxNjYsInVybCI6Imh0dHBzOlwvXC93d3cua3ZvZXYtYWN0cC5jaFwvd3AtY29udGVudFwvdXBsb2Fkc1wvMjAyM1wvMDlcLzIzMDgzMS1Bc3NlbWJsZWUtZ2VuZXJhbGUtR1ItUm9tYW5kaWUtVlMtMTAtMTAwMC5qcGciLCJzbGlkZXNob3ciOiI2ZGNjNDI3In0%3D\">\n\t\t\t\t\t<div class=\"e-gallery-image elementor-gallery-item__image\" data-thumbnail=\"https:\/\/www.kvoev-actp.ch\/wp-content\/uploads\/2023\/09\/230831-Assemblee-generale-GR-Romandie-VS-10-1000-300x207.jpg\" data-width=\"300\" data-height=\"207\" aria-label=\"\" role=\"img\" ><\/div>\n\t\t\t\t\t\t\t\t\t\t\t<div class=\"elementor-gallery-item__overlay\"><\/div>\n\t\t\t\t\t\t\t\t\t\t\t\t\t\t<\/a>\n\t\t\t\t\t\t\t<a class=\"e-gallery-item elementor-gallery-item elementor-animated-content\" href=\"https:\/\/www.kvoev-actp.ch\/wp-content\/uploads\/2023\/09\/230831-Assemblee-generale-GR-Romandie-VS-9-1000.jpg\" data-elementor-open-lightbox=\"yes\" data-elementor-lightbox-slideshow=\"6dcc427\" data-e-action-hash=\"#elementor-action%3Aaction%3Dlightbox%26settings%3DeyJpZCI6MTIxNjQsInVybCI6Imh0dHBzOlwvXC93d3cua3ZvZXYtYWN0cC5jaFwvd3AtY29udGVudFwvdXBsb2Fkc1wvMjAyM1wvMDlcLzIzMDgzMS1Bc3NlbWJsZWUtZ2VuZXJhbGUtR1ItUm9tYW5kaWUtVlMtOS0xMDAwLmpwZyIsInNsaWRlc2hvdyI6IjZkY2M0MjcifQ%3D%3D\">\n\t\t\t\t\t<div class=\"e-gallery-image elementor-gallery-item__image\" data-thumbnail=\"https:\/\/www.kvoev-actp.ch\/wp-content\/uploads\/2023\/09\/230831-Assemblee-generale-GR-Romandie-VS-9-1000-300x209.jpg\" data-width=\"300\" data-height=\"209\" aria-label=\"\" role=\"img\" ><\/div>\n\t\t\t\t\t\t\t\t\t\t\t<div class=\"elementor-gallery-item__overlay\"><\/div>\n\t\t\t\t\t\t\t\t\t\t\t\t\t\t<\/a>\n\t\t\t\t\t\t\t<a class=\"e-gallery-item elementor-gallery-item elementor-animated-content\" href=\"https:\/\/www.kvoev-actp.ch\/wp-content\/uploads\/2023\/09\/230831-Assemblee-generale-GR-Romandie-VS-8-1000.jpg\" data-elementor-open-lightbox=\"yes\" data-elementor-lightbox-slideshow=\"6dcc427\" data-e-action-hash=\"#elementor-action%3Aaction%3Dlightbox%26settings%3DeyJpZCI6MTIxNjIsInVybCI6Imh0dHBzOlwvXC93d3cua3ZvZXYtYWN0cC5jaFwvd3AtY29udGVudFwvdXBsb2Fkc1wvMjAyM1wvMDlcLzIzMDgzMS1Bc3NlbWJsZWUtZ2VuZXJhbGUtR1ItUm9tYW5kaWUtVlMtOC0xMDAwLmpwZyIsInNsaWRlc2hvdyI6IjZkY2M0MjcifQ%3D%3D\">\n\t\t\t\t\t<div class=\"e-gallery-image elementor-gallery-item__image\" data-thumbnail=\"https:\/\/www.kvoev-actp.ch\/wp-content\/uploads\/2023\/09\/230831-Assemblee-generale-GR-Romandie-VS-8-1000-300x211.jpg\" data-width=\"300\" data-height=\"211\" aria-label=\"\" role=\"img\" ><\/div>\n\t\t\t\t\t\t\t\t\t\t\t<div class=\"elementor-gallery-item__overlay\"><\/div>\n\t\t\t\t\t\t\t\t\t\t\t\t\t\t<\/a>\n\t\t\t\t\t\t\t<a class=\"e-gallery-item elementor-gallery-item elementor-animated-content\" href=\"https:\/\/www.kvoev-actp.ch\/wp-content\/uploads\/2023\/09\/230831-Assemblee-generale-GR-Romandie-VS-6-1000.jpg\" data-elementor-open-lightbox=\"yes\" data-elementor-lightbox-slideshow=\"6dcc427\" data-e-action-hash=\"#elementor-action%3Aaction%3Dlightbox%26settings%3DeyJpZCI6MTIxNjAsInVybCI6Imh0dHBzOlwvXC93d3cua3ZvZXYtYWN0cC5jaFwvd3AtY29udGVudFwvdXBsb2Fkc1wvMjAyM1wvMDlcLzIzMDgzMS1Bc3NlbWJsZWUtZ2VuZXJhbGUtR1ItUm9tYW5kaWUtVlMtNi0xMDAwLmpwZyIsInNsaWRlc2hvdyI6IjZkY2M0MjcifQ%3D%3D\">\n\t\t\t\t\t<div class=\"e-gallery-image elementor-gallery-item__image\" data-thumbnail=\"https:\/\/www.kvoev-actp.ch\/wp-content\/uploads\/2023\/09\/230831-Assemblee-generale-GR-Romandie-VS-6-1000-300x196.jpg\" data-width=\"300\" data-height=\"196\" aria-label=\"\" role=\"img\" ><\/div>\n\t\t\t\t\t\t\t\t\t\t\t<div class=\"elementor-gallery-item__overlay\"><\/div>\n\t\t\t\t\t\t\t\t\t\t\t\t\t\t<\/a>\n\t\t\t\t\t\t\t<a class=\"e-gallery-item elementor-gallery-item elementor-animated-content\" href=\"https:\/\/www.kvoev-actp.ch\/wp-content\/uploads\/2023\/09\/230831-Assemblee-generale-GR-Romandie-VS-5-1000.jpg\" data-elementor-open-lightbox=\"yes\" data-elementor-lightbox-slideshow=\"6dcc427\" data-e-action-hash=\"#elementor-action%3Aaction%3Dlightbox%26settings%3DeyJpZCI6MTIxNTgsInVybCI6Imh0dHBzOlwvXC93d3cua3ZvZXYtYWN0cC5jaFwvd3AtY29udGVudFwvdXBsb2Fkc1wvMjAyM1wvMDlcLzIzMDgzMS1Bc3NlbWJsZWUtZ2VuZXJhbGUtR1ItUm9tYW5kaWUtVlMtNS0xMDAwLmpwZyIsInNsaWRlc2hvdyI6IjZkY2M0MjcifQ%3D%3D\">\n\t\t\t\t\t<div class=\"e-gallery-image elementor-gallery-item__image\" data-thumbnail=\"https:\/\/www.kvoev-actp.ch\/wp-content\/uploads\/2023\/09\/230831-Assemblee-generale-GR-Romandie-VS-5-1000-300x200.jpg\" data-width=\"300\" data-height=\"200\" aria-label=\"\" role=\"img\" ><\/div>\n\t\t\t\t\t\t\t\t\t\t\t<div class=\"elementor-gallery-item__overlay\"><\/div>\n\t\t\t\t\t\t\t\t\t\t\t\t\t\t<\/a>\n\t\t\t\t\t\t\t<a class=\"e-gallery-item elementor-gallery-item elementor-animated-content\" href=\"https:\/\/www.kvoev-actp.ch\/wp-content\/uploads\/2023\/09\/230831-Assemblee-generale-GR-Romandie-VS-4-1000.jpg\" data-elementor-open-lightbox=\"yes\" data-elementor-lightbox-slideshow=\"6dcc427\" data-e-action-hash=\"#elementor-action%3Aaction%3Dlightbox%26settings%3DeyJpZCI6MTIxNTYsInVybCI6Imh0dHBzOlwvXC93d3cua3ZvZXYtYWN0cC5jaFwvd3AtY29udGVudFwvdXBsb2Fkc1wvMjAyM1wvMDlcLzIzMDgzMS1Bc3NlbWJsZWUtZ2VuZXJhbGUtR1ItUm9tYW5kaWUtVlMtNC0xMDAwLmpwZyIsInNsaWRlc2hvdyI6IjZkY2M0MjcifQ%3D%3D\">\n\t\t\t\t\t<div class=\"e-gallery-image elementor-gallery-item__image\" data-thumbnail=\"https:\/\/www.kvoev-actp.ch\/wp-content\/uploads\/2023\/09\/230831-Assemblee-generale-GR-Romandie-VS-4-1000-300x200.jpg\" data-width=\"300\" data-height=\"200\" aria-label=\"\" role=\"img\" ><\/div>\n\t\t\t\t\t\t\t\t\t\t\t<div class=\"elementor-gallery-item__overlay\"><\/div>\n\t\t\t\t\t\t\t\t\t\t\t\t\t\t<\/a>\n\t\t\t\t\t\t\t<a class=\"e-gallery-item elementor-gallery-item elementor-animated-content\" href=\"https:\/\/www.kvoev-actp.ch\/wp-content\/uploads\/2023\/09\/230831-Assemblee-generale-GR-Romandie-VS-3-1000.jpg\" data-elementor-open-lightbox=\"yes\" data-elementor-lightbox-slideshow=\"6dcc427\" data-e-action-hash=\"#elementor-action%3Aaction%3Dlightbox%26settings%3DeyJpZCI6MTIxNTQsInVybCI6Imh0dHBzOlwvXC93d3cua3ZvZXYtYWN0cC5jaFwvd3AtY29udGVudFwvdXBsb2Fkc1wvMjAyM1wvMDlcLzIzMDgzMS1Bc3NlbWJsZWUtZ2VuZXJhbGUtR1ItUm9tYW5kaWUtVlMtMy0xMDAwLmpwZyIsInNsaWRlc2hvdyI6IjZkY2M0MjcifQ%3D%3D\">\n\t\t\t\t\t<div class=\"e-gallery-image elementor-gallery-item__image\" data-thumbnail=\"https:\/\/www.kvoev-actp.ch\/wp-content\/uploads\/2023\/09\/230831-Assemblee-generale-GR-Romandie-VS-3-1000-300x200.jpg\" data-width=\"300\" data-height=\"200\" aria-label=\"\" role=\"img\" ><\/div>\n\t\t\t\t\t\t\t\t\t\t\t<div class=\"elementor-gallery-item__overlay\"><\/div>\n\t\t\t\t\t\t\t\t\t\t\t\t\t\t<\/a>\n\t\t\t\t\t\t\t<a class=\"e-gallery-item elementor-gallery-item elementor-animated-content\" href=\"https:\/\/www.kvoev-actp.ch\/wp-content\/uploads\/2023\/09\/230831-Assemblee-generale-GR-Romandie-VS-2-1000.jpg\" data-elementor-open-lightbox=\"yes\" data-elementor-lightbox-slideshow=\"6dcc427\" data-e-action-hash=\"#elementor-action%3Aaction%3Dlightbox%26settings%3DeyJpZCI6MTIxNTIsInVybCI6Imh0dHBzOlwvXC93d3cua3ZvZXYtYWN0cC5jaFwvd3AtY29udGVudFwvdXBsb2Fkc1wvMjAyM1wvMDlcLzIzMDgzMS1Bc3NlbWJsZWUtZ2VuZXJhbGUtR1ItUm9tYW5kaWUtVlMtMi0xMDAwLmpwZyIsInNsaWRlc2hvdyI6IjZkY2M0MjcifQ%3D%3D\">\n\t\t\t\t\t<div class=\"e-gallery-image elementor-gallery-item__image\" data-thumbnail=\"https:\/\/www.kvoev-actp.ch\/wp-content\/uploads\/2023\/09\/230831-Assemblee-generale-GR-Romandie-VS-2-1000-300x200.jpg\" data-width=\"300\" data-height=\"200\" aria-label=\"\" role=\"img\" ><\/div>\n\t\t\t\t\t\t\t\t\t\t\t<div class=\"elementor-gallery-item__overlay\"><\/div>\n\t\t\t\t\t\t\t\t\t\t\t\t\t\t<\/a>\n\t\t\t\t\t\t\t<a class=\"e-gallery-item elementor-gallery-item elementor-animated-content\" href=\"https:\/\/www.kvoev-actp.ch\/wp-content\/uploads\/2023\/09\/230831-Assemblee-generale-GR-Romandie-VS-1-1000.jpg\" data-elementor-open-lightbox=\"yes\" data-elementor-lightbox-slideshow=\"6dcc427\" data-e-action-hash=\"#elementor-action%3Aaction%3Dlightbox%26settings%3DeyJpZCI6MTIxNTAsInVybCI6Imh0dHBzOlwvXC93d3cua3ZvZXYtYWN0cC5jaFwvd3AtY29udGVudFwvdXBsb2Fkc1wvMjAyM1wvMDlcLzIzMDgzMS1Bc3NlbWJsZWUtZ2VuZXJhbGUtR1ItUm9tYW5kaWUtVlMtMS0xMDAwLmpwZyIsInNsaWRlc2hvdyI6IjZkY2M0MjcifQ%3D%3D\">\n\t\t\t\t\t<div class=\"e-gallery-image elementor-gallery-item__image\" data-thumbnail=\"https:\/\/www.kvoev-actp.ch\/wp-content\/uploads\/2023\/09\/230831-Assemblee-generale-GR-Romandie-VS-1-1000-300x225.jpg\" data-width=\"300\" data-height=\"225\" aria-label=\"\" role=\"img\" ><\/div>\n\t\t\t\t\t\t\t\t\t\t\t<div class=\"elementor-gallery-item__overlay\"><\/div>\n\t\t\t\t\t\t\t\t\t\t\t\t\t\t<\/a>\n\t\t\t\t\t<\/div>\n\t\t\t\t\t<\/div>\n\t\t\t\t<\/div>\n\t\t\t\t\t<\/div>\n\t\t<\/div>\n\t\t\t\t\t<\/div>\n\t\t<\/section>\n\t\t\t\t<section class=\"elementor-section elementor-top-section elementor-element elementor-element-c6ded2f elementor-section-boxed elementor-section-height-default elementor-section-height-default\" data-id=\"c6ded2f\" data-element_type=\"section\" data-e-type=\"section\">\n\t\t\t\t\t\t<div class=\"elementor-container elementor-column-gap-default\">\n\t\t\t\t\t<div class=\"elementor-column elementor-col-100 elementor-top-column elementor-element elementor-element-3e93bae\" data-id=\"3e93bae\" data-element_type=\"column\" data-e-type=\"column\">\n\t\t\t<div class=\"elementor-widget-wrap elementor-element-populated\">\n\t\t\t\t\t\t<div class=\"elementor-element elementor-element-4f0c00a elementor-widget elementor-widget-spacer\" data-id=\"4f0c00a\" data-element_type=\"widget\" data-e-type=\"widget\" data-widget_type=\"spacer.default\">\n\t\t\t\t<div class=\"elementor-widget-container\">\n\t\t\t\t\t\t\t<div class=\"elementor-spacer\">\n\t\t\t<div class=\"elementor-spacer-inner\"><\/div>\n\t\t<\/div>\n\t\t\t\t\t\t<\/div>\n\t\t\t\t<\/div>\n\t\t\t\t\t<\/div>\n\t\t<\/div>\n\t\t\t\t\t<\/div>\n\t\t<\/section>\n\t\t\t\t<\/div>\n\t\t","protected":false},"excerpt":{"rendered":"<p>Assembl\u00e9e des membres du groupe r\u00e9gional Suisse Romande \/ Valais suivie d\u2019une table ronde sur le th\u00e8me du trafic d\u2019agglom\u00e9ration Comment les projets d\u2019infrastructure pour le trafic d\u2019agglom\u00e9ration financ\u00e9s partiellement par le fonds FORTA sont-ils choisis et par qui ? Pour lever le voile sur ce m\u00e9canisme de financement assez particulier \u00e0 la Suisse, des [&hellip;]<\/p>\n","protected":false},"author":1,"featured_media":0,"parent":1717,"menu_order":0,"comment_status":"closed","ping_status":"closed","template":"","meta":{"footnotes":""},"categories":[],"tags":[],"class_list":["post-11769","page","type-page","status-publish","hentry"],"_links":{"self":[{"href":"https:\/\/www.kvoev-actp.ch\/fr\/wp-json\/wp\/v2\/pages\/11769","targetHints":{"allow":["GET"]}}],"collection":[{"href":"https:\/\/www.kvoev-actp.ch\/fr\/wp-json\/wp\/v2\/pages"}],"about":[{"href":"https:\/\/www.kvoev-actp.ch\/fr\/wp-json\/wp\/v2\/types\/page"}],"author":[{"embeddable":true,"href":"https:\/\/www.kvoev-actp.ch\/fr\/wp-json\/wp\/v2\/users\/1"}],"replies":[{"embeddable":true,"href":"https:\/\/www.kvoev-actp.ch\/fr\/wp-json\/wp\/v2\/comments?post=11769"}],"version-history":[{"count":5,"href":"https:\/\/www.kvoev-actp.ch\/fr\/wp-json\/wp\/v2\/pages\/11769\/revisions"}],"predecessor-version":[{"id":14462,"href":"https:\/\/www.kvoev-actp.ch\/fr\/wp-json\/wp\/v2\/pages\/11769\/revisions\/14462"}],"up":[{"embeddable":true,"href":"https:\/\/www.kvoev-actp.ch\/fr\/wp-json\/wp\/v2\/pages\/1717"}],"wp:attachment":[{"href":"https:\/\/www.kvoev-actp.ch\/fr\/wp-json\/wp\/v2\/media?parent=11769"}],"wp:term":[{"taxonomy":"category","embeddable":true,"href":"https:\/\/www.kvoev-actp.ch\/fr\/wp-json\/wp\/v2\/categories?post=11769"},{"taxonomy":"post_tag","embeddable":true,"href":"https:\/\/www.kvoev-actp.ch\/fr\/wp-json\/wp\/v2\/tags?post=11769"}],"curies":[{"name":"wp","href":"https:\/\/api.w.org\/{rel}","templated":true}]}}