{"id":1206,"date":"2020-03-24T14:37:05","date_gmt":"2020-03-24T13:37:05","guid":{"rendered":"https:\/\/kvoev-actp.ch\/?page_id=1206"},"modified":"2024-04-02T14:14:44","modified_gmt":"2024-04-02T12:14:44","slug":"groupe-regionaux","status":"publish","type":"page","link":"https:\/\/www.kvoev-actp.ch\/fr\/qui-est-lactp\/organisation\/groupe-regionaux\/","title":{"rendered":"Groupe r\u00e9gionaux"},"content":{"rendered":"\t\t<div data-elementor-type=\"wp-page\" data-elementor-id=\"1206\" class=\"elementor elementor-1206 elementor-455\" data-elementor-post-type=\"page\">\n\t\t\t\t\t\t<section class=\"elementor-section elementor-top-section elementor-element elementor-element-3afa942 elementor-section-boxed elementor-section-height-default elementor-section-height-default\" data-id=\"3afa942\" data-element_type=\"section\" data-e-type=\"section\">\n\t\t\t\t\t\t<div class=\"elementor-container elementor-column-gap-default\">\n\t\t\t\t\t<div class=\"elementor-column elementor-col-100 elementor-top-column elementor-element elementor-element-932dfcc\" data-id=\"932dfcc\" data-element_type=\"column\" data-e-type=\"column\">\n\t\t\t<div class=\"elementor-widget-wrap elementor-element-populated\">\n\t\t\t\t\t\t<div class=\"elementor-element elementor-element-ea3ba84 elementor-widget elementor-widget-spacer\" data-id=\"ea3ba84\" data-element_type=\"widget\" data-e-type=\"widget\" data-widget_type=\"spacer.default\">\n\t\t\t\t<div class=\"elementor-widget-container\">\n\t\t\t\t\t\t\t<div class=\"elementor-spacer\">\n\t\t\t<div class=\"elementor-spacer-inner\"><\/div>\n\t\t<\/div>\n\t\t\t\t\t\t<\/div>\n\t\t\t\t<\/div>\n\t\t\t\t\t<\/div>\n\t\t<\/div>\n\t\t\t\t\t<\/div>\n\t\t<\/section>\n\t\t\t\t<section class=\"elementor-section elementor-top-section elementor-element elementor-element-f91b685 elementor-section-boxed elementor-section-height-default elementor-section-height-default\" data-id=\"f91b685\" data-element_type=\"section\" data-e-type=\"section\">\n\t\t\t\t\t\t<div class=\"elementor-container elementor-column-gap-default\">\n\t\t\t\t\t<div class=\"elementor-column elementor-col-100 elementor-top-column elementor-element elementor-element-f6e3345\" data-id=\"f6e3345\" data-element_type=\"column\" data-e-type=\"column\">\n\t\t\t<div class=\"elementor-widget-wrap elementor-element-populated\">\n\t\t\t\t\t\t<div class=\"elementor-element elementor-element-1544bc5 elementor-widget elementor-widget-heading\" data-id=\"1544bc5\" data-element_type=\"widget\" data-e-type=\"widget\" data-widget_type=\"heading.default\">\n\t\t\t\t<div class=\"elementor-widget-container\">\n\t\t\t\t\t<h1 class=\"elementor-heading-title elementor-size-default\">L'ancrage r\u00e9gional - L'une des forces de l'ACTP<\/h1>\t\t\t\t<\/div>\n\t\t\t\t<\/div>\n\t\t\t\t\t<\/div>\n\t\t<\/div>\n\t\t\t\t\t<\/div>\n\t\t<\/section>\n\t\t\t\t<section class=\"elementor-section elementor-top-section elementor-element elementor-element-f779c01 elementor-section-boxed elementor-section-height-default elementor-section-height-default\" data-id=\"f779c01\" data-element_type=\"section\" data-e-type=\"section\">\n\t\t\t\t\t\t<div class=\"elementor-container elementor-column-gap-default\">\n\t\t\t\t\t<div class=\"elementor-column elementor-col-100 elementor-top-column elementor-element elementor-element-ca4a559\" data-id=\"ca4a559\" data-element_type=\"column\" data-e-type=\"column\">\n\t\t\t<div class=\"elementor-widget-wrap elementor-element-populated\">\n\t\t\t\t\t\t<div class=\"elementor-element elementor-element-c97b0ad elementor-widget elementor-widget-text-editor\" data-id=\"c97b0ad\" data-element_type=\"widget\" data-e-type=\"widget\" data-widget_type=\"text-editor.default\">\n\t\t\t\t<div class=\"elementor-widget-container\">\n\t\t\t\t\t\t\t\t\t<p>Chaque membre de l\u2019ACTP appartient \u00e0 l\u2019un des quatre groupes r\u00e9gionaux. Chacun d&#8217;entre eux a son propre comit\u00e9 directeur, qui offre un programme vari\u00e9 pour ses membres. Les groupes r\u00e9gionaux aident \u00e0 affiner le r\u00e9seau pour les membres.<\/p>\t\t\t\t\t\t\t\t<\/div>\n\t\t\t\t<\/div>\n\t\t\t\t\t<\/div>\n\t\t<\/div>\n\t\t\t\t\t<\/div>\n\t\t<\/section>\n\t\t\t\t<section class=\"elementor-section elementor-top-section elementor-element elementor-element-8225077 elementor-section-boxed elementor-section-height-default elementor-section-height-default\" data-id=\"8225077\" data-element_type=\"section\" data-e-type=\"section\">\n\t\t\t\t\t\t<div class=\"elementor-container elementor-column-gap-default\">\n\t\t\t\t\t<div class=\"elementor-column elementor-col-100 elementor-top-column elementor-element elementor-element-3323711\" data-id=\"3323711\" data-element_type=\"column\" data-e-type=\"column\">\n\t\t\t<div class=\"elementor-widget-wrap elementor-element-populated\">\n\t\t\t\t\t\t<div class=\"elementor-element elementor-element-f259189 elementor-widget elementor-widget-text-editor\" data-id=\"f259189\" data-element_type=\"widget\" data-e-type=\"widget\" data-widget_type=\"text-editor.default\">\n\t\t\t\t<div class=\"elementor-widget-container\">\n\t\t\t\t\t\t\t\t\t<p><strong>Les groupes r\u00e9gionaux de l\u2019ACTP<\/strong><\/p>\t\t\t\t\t\t\t\t<\/div>\n\t\t\t\t<\/div>\n\t\t\t\t\t<\/div>\n\t\t<\/div>\n\t\t\t\t\t<\/div>\n\t\t<\/section>\n\t\t\t\t<section class=\"elementor-section elementor-top-section elementor-element elementor-element-06101c5 elementor-section-boxed elementor-section-height-default elementor-section-height-default\" data-id=\"06101c5\" data-element_type=\"section\" data-e-type=\"section\">\n\t\t\t\t\t\t<div class=\"elementor-container elementor-column-gap-default\">\n\t\t\t\t\t<div class=\"elementor-column elementor-col-100 elementor-top-column elementor-element elementor-element-cd0d4ff\" data-id=\"cd0d4ff\" data-element_type=\"column\" data-e-type=\"column\">\n\t\t\t<div class=\"elementor-widget-wrap elementor-element-populated\">\n\t\t\t\t\t\t<div class=\"elementor-element elementor-element-fc3cbc6 elementor-widget elementor-widget-image\" data-id=\"fc3cbc6\" data-element_type=\"widget\" data-e-type=\"widget\" data-widget_type=\"image.default\">\n\t\t\t\t<div class=\"elementor-widget-container\">\n\t\t\t\t\t\t\t\t\t\t\t\t\t\t\t<img fetchpriority=\"high\" decoding=\"async\" width=\"600\" height=\"378\" src=\"https:\/\/www.kvoev-actp.ch\/wp-content\/uploads\/2023\/02\/230201-Anpassung-Regionen-FR-Staedtenamen-600.png\" class=\"attachment-large size-large wp-image-10284\" alt=\"\" srcset=\"https:\/\/www.kvoev-actp.ch\/wp-content\/uploads\/2023\/02\/230201-Anpassung-Regionen-FR-Staedtenamen-600.png 600w, https:\/\/www.kvoev-actp.ch\/wp-content\/uploads\/2023\/02\/230201-Anpassung-Regionen-FR-Staedtenamen-600-300x189.png 300w\" sizes=\"(max-width: 600px) 100vw, 600px\" \/>\t\t\t\t\t\t\t\t\t\t\t\t\t\t\t<\/div>\n\t\t\t\t<\/div>\n\t\t\t\t\t<\/div>\n\t\t<\/div>\n\t\t\t\t\t<\/div>\n\t\t<\/section>\n\t\t\t\t<section class=\"elementor-section elementor-top-section elementor-element elementor-element-865b183 elementor-section-boxed elementor-section-height-default elementor-section-height-default\" data-id=\"865b183\" data-element_type=\"section\" data-e-type=\"section\">\n\t\t\t\t\t\t<div class=\"elementor-container elementor-column-gap-default\">\n\t\t\t\t\t<div class=\"elementor-column elementor-col-100 elementor-top-column elementor-element elementor-element-9fd29bd\" data-id=\"9fd29bd\" data-element_type=\"column\" data-e-type=\"column\">\n\t\t\t<div class=\"elementor-widget-wrap\">\n\t\t\t\t\t\t\t<\/div>\n\t\t<\/div>\n\t\t\t\t\t<\/div>\n\t\t<\/section>\n\t\t\t\t<section class=\"elementor-section elementor-top-section elementor-element elementor-element-721776f elementor-section-boxed elementor-section-height-default elementor-section-height-default\" data-id=\"721776f\" data-element_type=\"section\" data-e-type=\"section\">\n\t\t\t\t\t\t<div class=\"elementor-container elementor-column-gap-default\">\n\t\t\t\t\t<div class=\"elementor-column elementor-col-100 elementor-top-column elementor-element elementor-element-ca4e480\" data-id=\"ca4e480\" data-element_type=\"column\" data-e-type=\"column\">\n\t\t\t<div class=\"elementor-widget-wrap elementor-element-populated\">\n\t\t\t\t\t\t<div class=\"elementor-element elementor-element-ff31397 elementor-widget elementor-widget-text-editor\" data-id=\"ff31397\" data-element_type=\"widget\" data-e-type=\"widget\" data-widget_type=\"text-editor.default\">\n\t\t\t\t<div class=\"elementor-widget-container\">\n\t\t\t\t\t\t\t\t\t<p>R\u00e9gion 1: <strong><span style=\"color: #800000;\"><a style=\"color: #800000;\" href=\"https:\/\/www.kvoev-actp.ch\/ueber-uns\/organisation\/regionalgruppen\/suisse-romande\/\">Romandie \/ Valais<\/a><\/span><\/strong><br \/>R\u00e9gion 2: <a href=\"https:\/\/www.kvoev-actp.ch\/ueber-uns\/organisation\/regionalgruppen\/mittelland-jura\/\"><span style=\"color: #800000;\"><strong>Plateau \/ Jura<\/strong><\/span><\/a><br \/>R\u00e9gion 3: <a href=\"https:\/\/www.kvoev-actp.ch\/ueber-uns\/organisation\/regionalgruppen\/nw-ch-z-ch-ti\/\"><span style=\"color: #800000;\"><strong>Suisse centrale, nord-ouest et Tessin<\/strong><\/span><\/a><br \/>R\u00e9gion 4: <strong><span style=\"color: #800000;\"><a style=\"color: #800000;\" href=\"https:\/\/www.kvoev-actp.ch\/ueber-uns\/organisation\/regionalgruppen\/zuerich-ost-ch\/\">Zurich \/ Suisse orientale<\/a><\/span><\/strong><\/p>\t\t\t\t\t\t\t\t<\/div>\n\t\t\t\t<\/div>\n\t\t\t\t\t<\/div>\n\t\t<\/div>\n\t\t\t\t\t<\/div>\n\t\t<\/section>\n\t\t\t\t<section class=\"elementor-section elementor-top-section elementor-element elementor-element-989fdca elementor-section-boxed elementor-section-height-default elementor-section-height-default\" data-id=\"989fdca\" data-element_type=\"section\" data-e-type=\"section\">\n\t\t\t\t\t\t<div class=\"elementor-container elementor-column-gap-default\">\n\t\t\t\t\t<div class=\"elementor-column elementor-col-100 elementor-top-column elementor-element elementor-element-73bd170\" data-id=\"73bd170\" data-element_type=\"column\" data-e-type=\"column\">\n\t\t\t<div class=\"elementor-widget-wrap elementor-element-populated\">\n\t\t\t\t\t\t<div class=\"elementor-element elementor-element-21d02b9 elementor-widget elementor-widget-spacer\" data-id=\"21d02b9\" data-element_type=\"widget\" data-e-type=\"widget\" data-widget_type=\"spacer.default\">\n\t\t\t\t<div class=\"elementor-widget-container\">\n\t\t\t\t\t\t\t<div class=\"elementor-spacer\">\n\t\t\t<div class=\"elementor-spacer-inner\"><\/div>\n\t\t<\/div>\n\t\t\t\t\t\t<\/div>\n\t\t\t\t<\/div>\n\t\t\t\t\t<\/div>\n\t\t<\/div>\n\t\t\t\t\t<\/div>\n\t\t<\/section>\n\t\t\t\t<\/div>\n\t\t","protected":false},"excerpt":{"rendered":"<p>L&#8217;ancrage r\u00e9gional &#8211; L&#8217;une des forces de l&#8217;ACTP Chaque membre de l\u2019ACTP appartient \u00e0 l\u2019un des quatre groupes r\u00e9gionaux. Chacun d&#8217;entre eux a son propre comit\u00e9 directeur, qui offre un programme vari\u00e9 pour ses membres. Les groupes r\u00e9gionaux aident \u00e0 affiner le r\u00e9seau pour les membres. Les groupes r\u00e9gionaux de l\u2019ACTP R\u00e9gion 1: Romandie \/ [&hellip;]<\/p>\n","protected":false},"author":1,"featured_media":0,"parent":1191,"menu_order":0,"comment_status":"closed","ping_status":"closed","template":"","meta":{"footnotes":""},"categories":[],"tags":[],"class_list":["post-1206","page","type-page","status-publish","hentry"],"_links":{"self":[{"href":"https:\/\/www.kvoev-actp.ch\/fr\/wp-json\/wp\/v2\/pages\/1206","targetHints":{"allow":["GET"]}}],"collection":[{"href":"https:\/\/www.kvoev-actp.ch\/fr\/wp-json\/wp\/v2\/pages"}],"about":[{"href":"https:\/\/www.kvoev-actp.ch\/fr\/wp-json\/wp\/v2\/types\/page"}],"author":[{"embeddable":true,"href":"https:\/\/www.kvoev-actp.ch\/fr\/wp-json\/wp\/v2\/users\/1"}],"replies":[{"embeddable":true,"href":"https:\/\/www.kvoev-actp.ch\/fr\/wp-json\/wp\/v2\/comments?post=1206"}],"version-history":[{"count":5,"href":"https:\/\/www.kvoev-actp.ch\/fr\/wp-json\/wp\/v2\/pages\/1206\/revisions"}],"predecessor-version":[{"id":15160,"href":"https:\/\/www.kvoev-actp.ch\/fr\/wp-json\/wp\/v2\/pages\/1206\/revisions\/15160"}],"up":[{"embeddable":true,"href":"https:\/\/www.kvoev-actp.ch\/fr\/wp-json\/wp\/v2\/pages\/1191"}],"wp:attachment":[{"href":"https:\/\/www.kvoev-actp.ch\/fr\/wp-json\/wp\/v2\/media?parent=1206"}],"wp:term":[{"taxonomy":"category","embeddable":true,"href":"https:\/\/www.kvoev-actp.ch\/fr\/wp-json\/wp\/v2\/categories?post=1206"},{"taxonomy":"post_tag","embeddable":true,"href":"https:\/\/www.kvoev-actp.ch\/fr\/wp-json\/wp\/v2\/tags?post=1206"}],"curies":[{"name":"wp","href":"https:\/\/api.w.org\/{rel}","templated":true}]}}