{"id":1218,"date":"2020-03-24T15:03:01","date_gmt":"2020-03-24T14:03:01","guid":{"rendered":"https:\/\/kvoev-actp.ch\/?page_id=1218"},"modified":"2024-02-28T14:09:58","modified_gmt":"2024-02-28T13:09:58","slug":"suisse-romande-valais","status":"publish","type":"page","link":"https:\/\/www.kvoev-actp.ch\/fr\/qui-est-lactp\/organisation\/groupe-regionaux\/suisse-romande-valais\/","title":{"rendered":"Suisse Romande \/ Valais"},"content":{"rendered":"\t\t<div data-elementor-type=\"wp-page\" data-elementor-id=\"1218\" class=\"elementor elementor-1218 elementor-466\" data-elementor-post-type=\"page\">\n\t\t\t\t\t\t<section class=\"elementor-section elementor-top-section elementor-element elementor-element-8f61716 elementor-section-boxed elementor-section-height-default elementor-section-height-default\" data-id=\"8f61716\" data-element_type=\"section\" data-e-type=\"section\">\n\t\t\t\t\t\t<div class=\"elementor-container elementor-column-gap-default\">\n\t\t\t\t\t<div class=\"elementor-column elementor-col-100 elementor-top-column elementor-element elementor-element-2465fb9\" data-id=\"2465fb9\" data-element_type=\"column\" data-e-type=\"column\">\n\t\t\t<div class=\"elementor-widget-wrap elementor-element-populated\">\n\t\t\t\t\t\t<div class=\"elementor-element elementor-element-ce8c51e elementor-widget elementor-widget-spacer\" data-id=\"ce8c51e\" data-element_type=\"widget\" data-e-type=\"widget\" data-widget_type=\"spacer.default\">\n\t\t\t\t<div class=\"elementor-widget-container\">\n\t\t\t\t\t\t\t<div class=\"elementor-spacer\">\n\t\t\t<div class=\"elementor-spacer-inner\"><\/div>\n\t\t<\/div>\n\t\t\t\t\t\t<\/div>\n\t\t\t\t<\/div>\n\t\t\t\t\t<\/div>\n\t\t<\/div>\n\t\t\t\t\t<\/div>\n\t\t<\/section>\n\t\t\t\t<section class=\"elementor-section elementor-top-section elementor-element elementor-element-b3e3c9f elementor-section-boxed elementor-section-height-default elementor-section-height-default\" data-id=\"b3e3c9f\" data-element_type=\"section\" data-e-type=\"section\">\n\t\t\t\t\t\t<div class=\"elementor-container elementor-column-gap-default\">\n\t\t\t\t\t<div class=\"elementor-column elementor-col-100 elementor-top-column elementor-element elementor-element-fc350ec\" data-id=\"fc350ec\" data-element_type=\"column\" data-e-type=\"column\">\n\t\t\t<div class=\"elementor-widget-wrap elementor-element-populated\">\n\t\t\t\t\t\t<div class=\"elementor-element elementor-element-5204a4e elementor-widget elementor-widget-heading\" data-id=\"5204a4e\" data-element_type=\"widget\" data-e-type=\"widget\" data-widget_type=\"heading.default\">\n\t\t\t\t<div class=\"elementor-widget-container\">\n\t\t\t\t\t<h1 class=\"elementor-heading-title elementor-size-default\">Romandie \/ Valais<\/h1>\t\t\t\t<\/div>\n\t\t\t\t<\/div>\n\t\t\t\t\t<\/div>\n\t\t<\/div>\n\t\t\t\t\t<\/div>\n\t\t<\/section>\n\t\t\t\t<section class=\"elementor-section elementor-top-section elementor-element elementor-element-088230b elementor-section-boxed elementor-section-height-default elementor-section-height-default\" data-id=\"088230b\" data-element_type=\"section\" data-e-type=\"section\">\n\t\t\t\t\t\t<div class=\"elementor-container elementor-column-gap-default\">\n\t\t\t\t\t<div class=\"elementor-column elementor-col-33 elementor-top-column elementor-element elementor-element-e42c696\" data-id=\"e42c696\" data-element_type=\"column\" data-e-type=\"column\">\n\t\t\t<div class=\"elementor-widget-wrap elementor-element-populated\">\n\t\t\t\t\t\t<div class=\"elementor-element elementor-element-1954d84 elementor-widget elementor-widget-image\" data-id=\"1954d84\" data-element_type=\"widget\" data-e-type=\"widget\" data-widget_type=\"image.default\">\n\t\t\t\t<div class=\"elementor-widget-container\">\n\t\t\t\t\t\t\t\t\t\t\t\t\t\t\t<img fetchpriority=\"high\" decoding=\"async\" width=\"300\" height=\"300\" src=\"https:\/\/www.kvoev-actp.ch\/wp-content\/uploads\/2022\/10\/steinamnn.jpg\" class=\"attachment-large size-large wp-image-9236\" alt=\"\" srcset=\"https:\/\/www.kvoev-actp.ch\/wp-content\/uploads\/2022\/10\/steinamnn.jpg 300w, https:\/\/www.kvoev-actp.ch\/wp-content\/uploads\/2022\/10\/steinamnn-150x150.jpg 150w, https:\/\/www.kvoev-actp.ch\/wp-content\/uploads\/2022\/10\/steinamnn-285x285.jpg 285w\" sizes=\"(max-width: 300px) 100vw, 300px\" \/>\t\t\t\t\t\t\t\t\t\t\t\t\t\t\t<\/div>\n\t\t\t\t<\/div>\n\t\t\t\t<div class=\"elementor-element elementor-element-d233bb7 elementor-widget elementor-widget-heading\" data-id=\"d233bb7\" data-element_type=\"widget\" data-e-type=\"widget\" data-widget_type=\"heading.default\">\n\t\t\t\t<div class=\"elementor-widget-container\">\n\t\t\t\t\t<h2 class=\"elementor-heading-title elementor-size-default\">Pr\u00e9sident GR Romandie \/ Valais<\/h2>\t\t\t\t<\/div>\n\t\t\t\t<\/div>\n\t\t\t\t<div class=\"elementor-element elementor-element-a2dcd79 elementor-widget elementor-widget-text-editor\" data-id=\"a2dcd79\" data-element_type=\"widget\" data-e-type=\"widget\" data-widget_type=\"text-editor.default\">\n\t\t\t\t<div class=\"elementor-widget-container\">\n\t\t\t\t\t\t\t\t\t<p><strong>Nicolas Steinmann<\/strong><br \/>CFF SA<br \/>CFF Infrastructure, Projets d&#8217;am\u00e9nagement et de renouvellement, R\u00e9gion Ouest<br \/>Rue de la Gare de Triage 5<br \/>1020 Renens<br \/>+41 79 743 47 16<br \/><a href=\"mailto:nicolas.steinmann@kvoev-actp.ch\" target=\"_blank\" rel=\"noopener\"><span style=\"color: #993300;\"><strong><span style=\"color: #800000;\">nicolas.steinmann@kvoev-actp.ch<\/span><\/strong><\/span><\/a><\/p>\t\t\t\t\t\t\t\t<\/div>\n\t\t\t\t<\/div>\n\t\t\t\t\t<\/div>\n\t\t<\/div>\n\t\t\t\t<div class=\"elementor-column elementor-col-33 elementor-top-column elementor-element elementor-element-3ead9e7\" data-id=\"3ead9e7\" data-element_type=\"column\" data-e-type=\"column\">\n\t\t\t<div class=\"elementor-widget-wrap elementor-element-populated\">\n\t\t\t\t\t\t<div class=\"elementor-element elementor-element-5f28116 elementor-widget elementor-widget-image\" data-id=\"5f28116\" data-element_type=\"widget\" data-e-type=\"widget\" data-widget_type=\"image.default\">\n\t\t\t\t<div class=\"elementor-widget-container\">\n\t\t\t\t\t\t\t\t\t\t\t\t\t\t\t<img decoding=\"async\" width=\"300\" height=\"300\" src=\"https:\/\/www.kvoev-actp.ch\/wp-content\/uploads\/2022\/10\/zbinden.jpg\" class=\"attachment-large size-large wp-image-9238\" alt=\"\" srcset=\"https:\/\/www.kvoev-actp.ch\/wp-content\/uploads\/2022\/10\/zbinden.jpg 300w, https:\/\/www.kvoev-actp.ch\/wp-content\/uploads\/2022\/10\/zbinden-150x150.jpg 150w, https:\/\/www.kvoev-actp.ch\/wp-content\/uploads\/2022\/10\/zbinden-285x285.jpg 285w\" sizes=\"(max-width: 300px) 100vw, 300px\" \/>\t\t\t\t\t\t\t\t\t\t\t\t\t\t\t<\/div>\n\t\t\t\t<\/div>\n\t\t\t\t<div class=\"elementor-element elementor-element-e726558 elementor-widget elementor-widget-heading\" data-id=\"e726558\" data-element_type=\"widget\" data-e-type=\"widget\" data-widget_type=\"heading.default\">\n\t\t\t\t<div class=\"elementor-widget-container\">\n\t\t\t\t\t<h2 class=\"elementor-heading-title elementor-size-default\">Secr\u00e9taire GR Romandie \/ Valais<\/h2>\t\t\t\t<\/div>\n\t\t\t\t<\/div>\n\t\t\t\t<div class=\"elementor-element elementor-element-66b2ada elementor-widget elementor-widget-text-editor\" data-id=\"66b2ada\" data-element_type=\"widget\" data-e-type=\"widget\" data-widget_type=\"text-editor.default\">\n\t\t\t\t<div class=\"elementor-widget-container\">\n\t\t\t\t\t\t\t\t\t<p><strong>Martin Zbinden<\/strong><br \/>CFF SA<br \/>CFF Production Voyageurs, Grands projets de la flotte, Int\u00e9gration Mat\u00e9riel Roulant<br \/>Wylerstrasse 125<br \/>CH-3000 Bern 65<br \/>+41 79 223 19 32<br \/><a href=\"mailto:martin.zbinden@sbb.ch\" target=\"_blank\" rel=\"noopener\"><span style=\"color: #993300;\"><strong><span style=\"color: #800000;\">martin.zbinden@sbb.ch<\/span><\/strong><\/span><\/a><\/p>\t\t\t\t\t\t\t\t<\/div>\n\t\t\t\t<\/div>\n\t\t\t\t\t<\/div>\n\t\t<\/div>\n\t\t\t\t<div class=\"elementor-column elementor-col-33 elementor-top-column elementor-element elementor-element-1c1d227\" data-id=\"1c1d227\" data-element_type=\"column\" data-e-type=\"column\">\n\t\t\t<div class=\"elementor-widget-wrap elementor-element-populated\">\n\t\t\t\t\t\t<div class=\"elementor-element elementor-element-d6b72ec elementor-widget elementor-widget-image\" data-id=\"d6b72ec\" data-element_type=\"widget\" data-e-type=\"widget\" data-widget_type=\"image.default\">\n\t\t\t\t<div class=\"elementor-widget-container\">\n\t\t\t\t\t\t\t\t\t\t\t\t\t\t\t<img decoding=\"async\" width=\"300\" height=\"300\" src=\"https:\/\/www.kvoev-actp.ch\/wp-content\/uploads\/2022\/10\/dupperut.jpg\" class=\"attachment-large size-large wp-image-9230\" alt=\"\" srcset=\"https:\/\/www.kvoev-actp.ch\/wp-content\/uploads\/2022\/10\/dupperut.jpg 300w, https:\/\/www.kvoev-actp.ch\/wp-content\/uploads\/2022\/10\/dupperut-150x150.jpg 150w, https:\/\/www.kvoev-actp.ch\/wp-content\/uploads\/2022\/10\/dupperut-285x285.jpg 285w\" sizes=\"(max-width: 300px) 100vw, 300px\" \/>\t\t\t\t\t\t\t\t\t\t\t\t\t\t\t<\/div>\n\t\t\t\t<\/div>\n\t\t\t\t<div class=\"elementor-element elementor-element-7910638 elementor-widget elementor-widget-heading\" data-id=\"7910638\" data-element_type=\"widget\" data-e-type=\"widget\" data-widget_type=\"heading.default\">\n\t\t\t\t<div class=\"elementor-widget-container\">\n\t\t\t\t\t<h2 class=\"elementor-heading-title elementor-size-default\">Comit\u00e9 GR Romandie \/ Valais<\/h2>\t\t\t\t<\/div>\n\t\t\t\t<\/div>\n\t\t\t\t<div class=\"elementor-element elementor-element-617b903 elementor-widget elementor-widget-text-editor\" data-id=\"617b903\" data-element_type=\"widget\" data-e-type=\"widget\" data-widget_type=\"text-editor.default\">\n\t\t\t\t<div class=\"elementor-widget-container\">\n\t\t\t\t\t\t\t\t\t<p><strong>B\u00e9atrice Duperrut<\/strong><br \/>TPF INFRA SA<br \/>Centre d\u2019exploitation<br \/>Route du Vieux-Canal 6A \u2013 1762 Givisiez<br \/>+41 26 351 04 40 <br \/><a href=\"mailto:beatrice.duperrut@tpf.ch\" target=\"_blank\" rel=\"noopener\"><span style=\"color: #993300;\"><strong><span style=\"color: #800000;\">beatrice.duperrut@tpf.ch<\/span><\/strong><\/span><\/a><\/p>\t\t\t\t\t\t\t\t<\/div>\n\t\t\t\t<\/div>\n\t\t\t\t\t<\/div>\n\t\t<\/div>\n\t\t\t\t\t<\/div>\n\t\t<\/section>\n\t\t\t\t<section class=\"elementor-section elementor-top-section elementor-element elementor-element-4ed543c elementor-section-boxed elementor-section-height-default elementor-section-height-default\" data-id=\"4ed543c\" data-element_type=\"section\" data-e-type=\"section\">\n\t\t\t\t\t\t<div class=\"elementor-container elementor-column-gap-default\">\n\t\t\t\t\t<div class=\"elementor-column elementor-col-33 elementor-top-column elementor-element elementor-element-39c2115\" data-id=\"39c2115\" data-element_type=\"column\" data-e-type=\"column\">\n\t\t\t<div class=\"elementor-widget-wrap elementor-element-populated\">\n\t\t\t\t\t\t<div class=\"elementor-element elementor-element-e62a142 elementor-widget elementor-widget-image\" data-id=\"e62a142\" data-element_type=\"widget\" data-e-type=\"widget\" data-widget_type=\"image.default\">\n\t\t\t\t<div class=\"elementor-widget-container\">\n\t\t\t\t\t\t\t\t\t\t\t\t\t\t\t<img loading=\"lazy\" decoding=\"async\" width=\"300\" height=\"300\" src=\"https:\/\/www.kvoev-actp.ch\/wp-content\/uploads\/2022\/10\/seydoux.jpg\" class=\"attachment-large size-large wp-image-9234\" alt=\"\" srcset=\"https:\/\/www.kvoev-actp.ch\/wp-content\/uploads\/2022\/10\/seydoux.jpg 300w, https:\/\/www.kvoev-actp.ch\/wp-content\/uploads\/2022\/10\/seydoux-150x150.jpg 150w, https:\/\/www.kvoev-actp.ch\/wp-content\/uploads\/2022\/10\/seydoux-285x285.jpg 285w\" sizes=\"(max-width: 300px) 100vw, 300px\" \/>\t\t\t\t\t\t\t\t\t\t\t\t\t\t\t<\/div>\n\t\t\t\t<\/div>\n\t\t\t\t<div class=\"elementor-element elementor-element-3876d8a elementor-widget elementor-widget-heading\" data-id=\"3876d8a\" data-element_type=\"widget\" data-e-type=\"widget\" data-widget_type=\"heading.default\">\n\t\t\t\t<div class=\"elementor-widget-container\">\n\t\t\t\t\t<h2 class=\"elementor-heading-title elementor-size-default\">Comit\u00e9 GR Romandie \/ Valais<\/h2>\t\t\t\t<\/div>\n\t\t\t\t<\/div>\n\t\t\t\t<div class=\"elementor-element elementor-element-22b1c3f elementor-widget elementor-widget-text-editor\" data-id=\"22b1c3f\" data-element_type=\"widget\" data-e-type=\"widget\" data-widget_type=\"text-editor.default\">\n\t\t\t\t<div class=\"elementor-widget-container\">\n\t\t\t\t\t\t\t\t\t<p><strong>G\u00e9rard Seydoux<\/strong><br \/>CFF SA<br \/>CFF Infrastructure, Horaire et exploitation, Conduite de l&#8217;exploitation, R\u00e9gion Ouest<br \/>Av. De la Gare 45<br \/>1003 Lausanne<br \/>+41 79 629 32 34<br \/><a href=\"mailto:gerard.seydoux@cff.ch\" target=\"_blank\" rel=\"noopener\"><span style=\"color: #993300;\"><strong><span style=\"color: #800000;\">gerard.seydoux@cff.ch<\/span><\/strong><\/span><\/a><\/p>\t\t\t\t\t\t\t\t<\/div>\n\t\t\t\t<\/div>\n\t\t\t\t\t<\/div>\n\t\t<\/div>\n\t\t\t\t<div class=\"elementor-column elementor-col-33 elementor-top-column elementor-element elementor-element-661f84b\" data-id=\"661f84b\" data-element_type=\"column\" data-e-type=\"column\">\n\t\t\t<div class=\"elementor-widget-wrap elementor-element-populated\">\n\t\t\t\t\t\t<div class=\"elementor-element elementor-element-09d9646 elementor-widget elementor-widget-image\" data-id=\"09d9646\" data-element_type=\"widget\" data-e-type=\"widget\" data-widget_type=\"image.default\">\n\t\t\t\t<div class=\"elementor-widget-container\">\n\t\t\t\t\t\t\t\t\t\t\t\t\t\t\t<img loading=\"lazy\" decoding=\"async\" width=\"300\" height=\"300\" src=\"https:\/\/www.kvoev-actp.ch\/wp-content\/uploads\/2022\/10\/aerni.jpg\" class=\"attachment-large size-large wp-image-9228\" alt=\"\" srcset=\"https:\/\/www.kvoev-actp.ch\/wp-content\/uploads\/2022\/10\/aerni.jpg 300w, https:\/\/www.kvoev-actp.ch\/wp-content\/uploads\/2022\/10\/aerni-150x150.jpg 150w, https:\/\/www.kvoev-actp.ch\/wp-content\/uploads\/2022\/10\/aerni-285x285.jpg 285w\" sizes=\"(max-width: 300px) 100vw, 300px\" \/>\t\t\t\t\t\t\t\t\t\t\t\t\t\t\t<\/div>\n\t\t\t\t<\/div>\n\t\t\t\t<div class=\"elementor-element elementor-element-59a9a55 elementor-widget elementor-widget-heading\" data-id=\"59a9a55\" data-element_type=\"widget\" data-e-type=\"widget\" data-widget_type=\"heading.default\">\n\t\t\t\t<div class=\"elementor-widget-container\">\n\t\t\t\t\t<h2 class=\"elementor-heading-title elementor-size-default\">Comit\u00e9 GR Romandie \/ Valais<\/h2>\t\t\t\t<\/div>\n\t\t\t\t<\/div>\n\t\t\t\t<div class=\"elementor-element elementor-element-147a9c3 elementor-widget elementor-widget-text-editor\" data-id=\"147a9c3\" data-element_type=\"widget\" data-e-type=\"widget\" data-widget_type=\"text-editor.default\">\n\t\t\t\t<div class=\"elementor-widget-container\">\n\t\t\t\t\t\t\t\t\t<p><strong>Manfred Aerni<\/strong><br \/>1623 Marly<br \/>+41 79 378 11 51<br \/><span style=\"color: #800000;\"><a style=\"color: #800000;\" href=\"mailto:manfred.aerni@hotmail.ch\" target=\"_blank\" rel=\"noopener\"><strong>manfred.aerni@hotmail.ch<\/strong><\/a><\/span><\/p>\t\t\t\t\t\t\t\t<\/div>\n\t\t\t\t<\/div>\n\t\t\t\t\t<\/div>\n\t\t<\/div>\n\t\t\t\t<div class=\"elementor-column elementor-col-33 elementor-top-column elementor-element elementor-element-382984e\" data-id=\"382984e\" data-element_type=\"column\" data-e-type=\"column\">\n\t\t\t<div class=\"elementor-widget-wrap elementor-element-populated\">\n\t\t\t\t\t\t<div class=\"elementor-element elementor-element-e2f04fd elementor-widget elementor-widget-image\" data-id=\"e2f04fd\" data-element_type=\"widget\" data-e-type=\"widget\" data-widget_type=\"image.default\">\n\t\t\t\t<div class=\"elementor-widget-container\">\n\t\t\t\t\t\t\t\t\t\t\t\t\t\t\t<img loading=\"lazy\" decoding=\"async\" width=\"300\" height=\"300\" src=\"https:\/\/www.kvoev-actp.ch\/wp-content\/uploads\/2024\/02\/fabio-barbosa.jpg\" class=\"attachment-large size-large wp-image-14532\" alt=\"\" srcset=\"https:\/\/www.kvoev-actp.ch\/wp-content\/uploads\/2024\/02\/fabio-barbosa.jpg 300w, https:\/\/www.kvoev-actp.ch\/wp-content\/uploads\/2024\/02\/fabio-barbosa-150x150.jpg 150w, https:\/\/www.kvoev-actp.ch\/wp-content\/uploads\/2024\/02\/fabio-barbosa-285x285.jpg 285w\" sizes=\"(max-width: 300px) 100vw, 300px\" \/>\t\t\t\t\t\t\t\t\t\t\t\t\t\t\t<\/div>\n\t\t\t\t<\/div>\n\t\t\t\t<div class=\"elementor-element elementor-element-56cf9d8 elementor-widget elementor-widget-heading\" data-id=\"56cf9d8\" data-element_type=\"widget\" data-e-type=\"widget\" data-widget_type=\"heading.default\">\n\t\t\t\t<div class=\"elementor-widget-container\">\n\t\t\t\t\t<h2 class=\"elementor-heading-title elementor-size-default\">Comit\u00e9 GR Romandie \/ Valais &amp; d\u00e9l\u00e9gu\u00e9<\/h2>\t\t\t\t<\/div>\n\t\t\t\t<\/div>\n\t\t\t\t<div class=\"elementor-element elementor-element-15f5f8e elementor-widget elementor-widget-text-editor\" data-id=\"15f5f8e\" data-element_type=\"widget\" data-e-type=\"widget\" data-widget_type=\"text-editor.default\">\n\t\t\t\t<div class=\"elementor-widget-container\">\n\t\t\t\t\t\t\t\t\t<p><span style=\"color: #993300;\"><span style=\"color: #000000;\"><strong>Fabio Barbosa<\/strong><br \/>CFF SA<br \/>Infrastructure Projets, Management de projets R\u00e9gion Ouest<br \/>Rue de la Gare de Triage 7,<br \/>1020 Renens<br \/>+41 79 669 35 32<br \/><span style=\"color: #800000;\"><strong><a style=\"color: #800000;\" href=\"mailto:fabio.barbosa@sbb.ch\" target=\"_blank\" rel=\"noopener\">fabio.barbosa@sbb.ch<\/a><\/strong><\/span><\/span><strong><span style=\"color: #800000;\"><br \/><\/span><\/strong><\/span><\/p>\t\t\t\t\t\t\t\t<\/div>\n\t\t\t\t<\/div>\n\t\t\t\t\t<\/div>\n\t\t<\/div>\n\t\t\t\t\t<\/div>\n\t\t<\/section>\n\t\t\t\t<section class=\"elementor-section elementor-top-section elementor-element elementor-element-4944ca9 elementor-section-boxed elementor-section-height-default elementor-section-height-default\" data-id=\"4944ca9\" data-element_type=\"section\" data-e-type=\"section\">\n\t\t\t\t\t\t<div class=\"elementor-container elementor-column-gap-default\">\n\t\t\t\t\t<div class=\"elementor-column elementor-col-33 elementor-top-column elementor-element elementor-element-cbea17f\" data-id=\"cbea17f\" data-element_type=\"column\" data-e-type=\"column\">\n\t\t\t<div class=\"elementor-widget-wrap elementor-element-populated\">\n\t\t\t\t\t\t<div class=\"elementor-element elementor-element-292a4ac elementor-widget elementor-widget-image\" data-id=\"292a4ac\" data-element_type=\"widget\" data-e-type=\"widget\" data-widget_type=\"image.default\">\n\t\t\t\t<div class=\"elementor-widget-container\">\n\t\t\t\t\t\t\t\t\t\t\t\t\t\t\t<img loading=\"lazy\" decoding=\"async\" width=\"300\" height=\"300\" src=\"https:\/\/www.kvoev-actp.ch\/wp-content\/uploads\/2022\/10\/fontanellaz.jpg\" class=\"attachment-large size-large wp-image-9240\" alt=\"\" srcset=\"https:\/\/www.kvoev-actp.ch\/wp-content\/uploads\/2022\/10\/fontanellaz.jpg 300w, https:\/\/www.kvoev-actp.ch\/wp-content\/uploads\/2022\/10\/fontanellaz-150x150.jpg 150w, https:\/\/www.kvoev-actp.ch\/wp-content\/uploads\/2022\/10\/fontanellaz-285x285.jpg 285w\" sizes=\"(max-width: 300px) 100vw, 300px\" \/>\t\t\t\t\t\t\t\t\t\t\t\t\t\t\t<\/div>\n\t\t\t\t<\/div>\n\t\t\t\t<div class=\"elementor-element elementor-element-22a2821 elementor-widget elementor-widget-heading\" data-id=\"22a2821\" data-element_type=\"widget\" data-e-type=\"widget\" data-widget_type=\"heading.default\">\n\t\t\t\t<div class=\"elementor-widget-container\">\n\t\t\t\t\t<h2 class=\"elementor-heading-title elementor-size-default\">D\u00e9l\u00e9gu\u00e9 GR Romandie \/ Valais<\/h2>\t\t\t\t<\/div>\n\t\t\t\t<\/div>\n\t\t\t\t<div class=\"elementor-element elementor-element-509c318 elementor-widget elementor-widget-text-editor\" data-id=\"509c318\" data-element_type=\"widget\" data-e-type=\"widget\" data-widget_type=\"text-editor.default\">\n\t\t\t\t<div class=\"elementor-widget-container\">\n\t\t\t\t\t\t\t\t\t<p><strong>Daniel Fontanellaz<\/strong><br \/>CFF SA<br \/>CFF Production Voyageurs, Entretien du mat\u00e9riel roulant, Composants, Technique de production<br \/>Quai des Ateliers 1<br \/>1400 Yverdon-les-Bains<br \/>+41 79 592 61 89<br \/><a href=\"mailto:daniel.fontanellaz@sbb.ch\" target=\"_blank\" rel=\"noopener\"><span style=\"color: #993300;\"><strong><span style=\"color: #800000;\">daniel.fontanellaz@sbb.ch<\/span><\/strong><\/span><\/a><\/p>\t\t\t\t\t\t\t\t<\/div>\n\t\t\t\t<\/div>\n\t\t\t\t\t<\/div>\n\t\t<\/div>\n\t\t\t\t<div class=\"elementor-column elementor-col-33 elementor-top-column elementor-element elementor-element-40c1c43\" data-id=\"40c1c43\" data-element_type=\"column\" data-e-type=\"column\">\n\t\t\t<div class=\"elementor-widget-wrap\">\n\t\t\t\t\t\t\t<\/div>\n\t\t<\/div>\n\t\t\t\t<div class=\"elementor-column elementor-col-33 elementor-top-column elementor-element elementor-element-b423b36\" data-id=\"b423b36\" data-element_type=\"column\" data-e-type=\"column\">\n\t\t\t<div class=\"elementor-widget-wrap\">\n\t\t\t\t\t\t\t<\/div>\n\t\t<\/div>\n\t\t\t\t\t<\/div>\n\t\t<\/section>\n\t\t\t\t<\/div>\n\t\t","protected":false},"excerpt":{"rendered":"<p>Romandie \/ Valais Pr\u00e9sident GR Romandie \/ Valais Nicolas SteinmannCFF SACFF Infrastructure, Projets d&#8217;am\u00e9nagement et de renouvellement, R\u00e9gion OuestRue de la Gare de Triage 51020 Renens+41 79 743 47 16nicolas.steinmann@kvoev-actp.ch Secr\u00e9taire GR Romandie \/ Valais Martin ZbindenCFF SACFF Production Voyageurs, Grands projets de la flotte, Int\u00e9gration Mat\u00e9riel RoulantWylerstrasse 125CH-3000 Bern 65+41 79 223 19 32martin.zbinden@sbb.ch [&hellip;]<\/p>\n","protected":false},"author":1,"featured_media":0,"parent":1206,"menu_order":0,"comment_status":"closed","ping_status":"closed","template":"","meta":{"footnotes":""},"categories":[],"tags":[],"class_list":["post-1218","page","type-page","status-publish","hentry"],"_links":{"self":[{"href":"https:\/\/www.kvoev-actp.ch\/fr\/wp-json\/wp\/v2\/pages\/1218","targetHints":{"allow":["GET"]}}],"collection":[{"href":"https:\/\/www.kvoev-actp.ch\/fr\/wp-json\/wp\/v2\/pages"}],"about":[{"href":"https:\/\/www.kvoev-actp.ch\/fr\/wp-json\/wp\/v2\/types\/page"}],"author":[{"embeddable":true,"href":"https:\/\/www.kvoev-actp.ch\/fr\/wp-json\/wp\/v2\/users\/1"}],"replies":[{"embeddable":true,"href":"https:\/\/www.kvoev-actp.ch\/fr\/wp-json\/wp\/v2\/comments?post=1218"}],"version-history":[{"count":5,"href":"https:\/\/www.kvoev-actp.ch\/fr\/wp-json\/wp\/v2\/pages\/1218\/revisions"}],"predecessor-version":[{"id":14536,"href":"https:\/\/www.kvoev-actp.ch\/fr\/wp-json\/wp\/v2\/pages\/1218\/revisions\/14536"}],"up":[{"embeddable":true,"href":"https:\/\/www.kvoev-actp.ch\/fr\/wp-json\/wp\/v2\/pages\/1206"}],"wp:attachment":[{"href":"https:\/\/www.kvoev-actp.ch\/fr\/wp-json\/wp\/v2\/media?parent=1218"}],"wp:term":[{"taxonomy":"category","embeddable":true,"href":"https:\/\/www.kvoev-actp.ch\/fr\/wp-json\/wp\/v2\/categories?post=1218"},{"taxonomy":"post_tag","embeddable":true,"href":"https:\/\/www.kvoev-actp.ch\/fr\/wp-json\/wp\/v2\/tags?post=1218"}],"curies":[{"name":"wp","href":"https:\/\/api.w.org\/{rel}","templated":true}]}}