{"id":12230,"date":"2023-09-18T09:32:11","date_gmt":"2023-09-18T07:32:11","guid":{"rendered":"https:\/\/kvoev-actp.ch\/manifestations\/rencontre-des-retraites-de-lactp-2023\/"},"modified":"2024-02-26T15:57:12","modified_gmt":"2024-02-26T14:57:12","slug":"rencontre-des-retraites-de-lactp-2023","status":"publish","type":"page","link":"https:\/\/www.kvoev-actp.ch\/fr\/manifestations\/rencontre-des-retraites-de-lactp-2023\/","title":{"rendered":"Rencontre des retrait\u00e9s de l\u2019ACTP 2023"},"content":{"rendered":"\t\t<div data-elementor-type=\"wp-page\" data-elementor-id=\"12230\" class=\"elementor elementor-12230 elementor-12216\" data-elementor-post-type=\"page\">\n\t\t\t\t\t\t<section class=\"elementor-section elementor-top-section elementor-element elementor-element-692a7aa elementor-section-boxed elementor-section-height-default elementor-section-height-default\" data-id=\"692a7aa\" data-element_type=\"section\" data-e-type=\"section\">\n\t\t\t\t\t\t<div class=\"elementor-container elementor-column-gap-default\">\n\t\t\t\t\t<div class=\"elementor-column elementor-col-100 elementor-top-column elementor-element elementor-element-4ce95e6\" data-id=\"4ce95e6\" data-element_type=\"column\" data-e-type=\"column\">\n\t\t\t<div class=\"elementor-widget-wrap elementor-element-populated\">\n\t\t\t\t\t\t<div class=\"elementor-element elementor-element-4c85422 elementor-widget elementor-widget-spacer\" data-id=\"4c85422\" data-element_type=\"widget\" data-e-type=\"widget\" data-widget_type=\"spacer.default\">\n\t\t\t\t<div class=\"elementor-widget-container\">\n\t\t\t\t\t\t\t<div class=\"elementor-spacer\">\n\t\t\t<div class=\"elementor-spacer-inner\"><\/div>\n\t\t<\/div>\n\t\t\t\t\t\t<\/div>\n\t\t\t\t<\/div>\n\t\t\t\t\t<\/div>\n\t\t<\/div>\n\t\t\t\t\t<\/div>\n\t\t<\/section>\n\t\t\t\t<section class=\"elementor-section elementor-top-section elementor-element elementor-element-cad4272 elementor-section-boxed elementor-section-height-default elementor-section-height-default\" data-id=\"cad4272\" data-element_type=\"section\" data-e-type=\"section\">\n\t\t\t\t\t\t<div class=\"elementor-container elementor-column-gap-default\">\n\t\t\t\t\t<div class=\"elementor-column elementor-col-100 elementor-top-column elementor-element elementor-element-4f12459\" data-id=\"4f12459\" data-element_type=\"column\" data-e-type=\"column\">\n\t\t\t<div class=\"elementor-widget-wrap elementor-element-populated\">\n\t\t\t\t\t\t<div class=\"elementor-element elementor-element-ee5a179 elementor-widget elementor-widget-heading\" data-id=\"ee5a179\" data-element_type=\"widget\" data-e-type=\"widget\" data-widget_type=\"heading.default\">\n\t\t\t\t<div class=\"elementor-widget-container\">\n\t\t\t\t\t<h1 class=\"elementor-heading-title elementor-size-default\">Rencontre des retrait\u00e9s de l\u2019ACTP 2023<\/h1>\t\t\t\t<\/div>\n\t\t\t\t<\/div>\n\t\t\t\t\t<\/div>\n\t\t<\/div>\n\t\t\t\t\t<\/div>\n\t\t<\/section>\n\t\t\t\t<section class=\"elementor-section elementor-top-section elementor-element elementor-element-f86014d elementor-section-boxed elementor-section-height-default elementor-section-height-default\" data-id=\"f86014d\" data-element_type=\"section\" data-e-type=\"section\">\n\t\t\t\t\t\t<div class=\"elementor-container elementor-column-gap-default\">\n\t\t\t\t\t<div class=\"elementor-column elementor-col-100 elementor-top-column elementor-element elementor-element-4a7e824\" data-id=\"4a7e824\" data-element_type=\"column\" data-e-type=\"column\">\n\t\t\t<div class=\"elementor-widget-wrap elementor-element-populated\">\n\t\t\t\t\t\t<div class=\"elementor-element elementor-element-8364422 elementor-widget elementor-widget-text-editor\" data-id=\"8364422\" data-element_type=\"widget\" data-e-type=\"widget\" data-widget_type=\"text-editor.default\">\n\t\t\t\t<div class=\"elementor-widget-container\">\n\t\t\t\t\t\t\t\t\t<h2><strong><span style=\"color: #993300;\">Convivialit\u00e9 et d\u00e9jeuner raffin\u00e9 \u00e0 <br \/>\u00e0 l\u2019H\u00f4tel Seiler au Lac \u00e0 B\u00f6nigen, au bord du lac de Brienz<\/span><\/strong><\/h2>\n\t\t\t\t\t\t\t\t<\/div>\n\t\t\t\t<\/div>\n\t\t\t\t\t<\/div>\n\t\t<\/div>\n\t\t\t\t\t<\/div>\n\t\t<\/section>\n\t\t\t\t<section class=\"elementor-section elementor-top-section elementor-element elementor-element-ba4794e elementor-section-boxed elementor-section-height-default elementor-section-height-default\" data-id=\"ba4794e\" data-element_type=\"section\" data-e-type=\"section\">\n\t\t\t\t\t\t<div class=\"elementor-container elementor-column-gap-default\">\n\t\t\t\t\t<div class=\"elementor-column elementor-col-33 elementor-top-column elementor-element elementor-element-70a4f18\" data-id=\"70a4f18\" data-element_type=\"column\" data-e-type=\"column\">\n\t\t\t<div class=\"elementor-widget-wrap elementor-element-populated\">\n\t\t\t\t\t\t<div class=\"elementor-element elementor-element-198747c elementor-widget elementor-widget-image\" data-id=\"198747c\" data-element_type=\"widget\" data-e-type=\"widget\" data-widget_type=\"image.default\">\n\t\t\t\t<div class=\"elementor-widget-container\">\n\t\t\t\t\t\t\t\t\t\t\t\t\t\t\t<img fetchpriority=\"high\" decoding=\"async\" width=\"550\" height=\"349\" src=\"https:\/\/www.kvoev-actp.ch\/wp-content\/uploads\/2023\/09\/seiler-550.jpg\" class=\"attachment-large size-large wp-image-12218\" alt=\"\" srcset=\"https:\/\/www.kvoev-actp.ch\/wp-content\/uploads\/2023\/09\/seiler-550.jpg 550w, https:\/\/www.kvoev-actp.ch\/wp-content\/uploads\/2023\/09\/seiler-550-300x190.jpg 300w\" sizes=\"(max-width: 550px) 100vw, 550px\" \/>\t\t\t\t\t\t\t\t\t\t\t\t\t\t\t<\/div>\n\t\t\t\t<\/div>\n\t\t\t\t\t<\/div>\n\t\t<\/div>\n\t\t\t\t<div class=\"elementor-column elementor-col-66 elementor-top-column elementor-element elementor-element-6fb9f4f\" data-id=\"6fb9f4f\" data-element_type=\"column\" data-e-type=\"column\">\n\t\t\t<div class=\"elementor-widget-wrap elementor-element-populated\">\n\t\t\t\t\t\t<div class=\"elementor-element elementor-element-83a8bec elementor-widget elementor-widget-text-editor\" data-id=\"83a8bec\" data-element_type=\"widget\" data-e-type=\"widget\" data-widget_type=\"text-editor.default\">\n\t\t\t\t<div class=\"elementor-widget-container\">\n\t\t\t\t\t\t\t\t\t<p>Nous sommes heureux de pouvoir proposer \u00e0 nouveau cette ann\u00e9e une int\u00e9ressante journ\u00e9e en compagnie des membres retrait\u00e9s de l&#8217;ACTP. Nous nous retrouverons au bord du lac de Brienz, dans l&#8217;Oberland bernois.<\/p>\n<p>L&#8217;h\u00f4tel Seiler au Lac \u00e0 B\u00f6nigen ne s\u00e9duit pas seulement par sa situation unique au bord du lac de Brienz, il est \u00e9galement connu pour son hospitalit\u00e9 et sa cuisine raffin\u00e9e.<\/p>\n\t\t\t\t\t\t\t\t<\/div>\n\t\t\t\t<\/div>\n\t\t\t\t\t<\/div>\n\t\t<\/div>\n\t\t\t\t\t<\/div>\n\t\t<\/section>\n\t\t\t\t<section class=\"elementor-section elementor-top-section elementor-element elementor-element-69df045 elementor-section-boxed elementor-section-height-default elementor-section-height-default\" data-id=\"69df045\" data-element_type=\"section\" data-e-type=\"section\">\n\t\t\t\t\t\t<div class=\"elementor-container elementor-column-gap-default\">\n\t\t\t\t\t<div class=\"elementor-column elementor-col-100 elementor-top-column elementor-element elementor-element-79ed3f2\" data-id=\"79ed3f2\" data-element_type=\"column\" data-e-type=\"column\">\n\t\t\t<div class=\"elementor-widget-wrap elementor-element-populated\">\n\t\t\t\t\t\t<div class=\"elementor-element elementor-element-18c801a elementor-widget elementor-widget-text-editor\" data-id=\"18c801a\" data-element_type=\"widget\" data-e-type=\"widget\" data-widget_type=\"text-editor.default\">\n\t\t\t\t<div class=\"elementor-widget-container\">\n\t\t\t\t\t\t\t\t\t<p><strong><span style=\"color: #993300;\">Point de rencontre<\/span><br \/>\u00c0 la gare de Interlaken Ost, \u00e0 la gare routi\u00e8re des cars postaux<\/strong>apr\u00e8s l\u2019arr\u00eat des trains de Lucerne (10h55) et de Berne (10h58).<\/p><p><span style=\"color: #993300;\"><strong>Programme<\/strong><\/span><\/p><ul><li>11h05 : trajet en car postal B 103 en direction d&#8217;Iseltwald Dorfplatz jus-qu&#8217;\u00e0 B\u00f6nigen, See.<\/li><li>11h10 : descente \u00e0 l&#8217;arr\u00eat B\u00f6nigen See. Accueil officiel et distribution des \u00e9tiquettes nominatives.<\/li><li>11h15 : Ap\u00e9ro devant ou dans l&#8217;h\u00f4tel, selon le temps.<\/li><li>12h00 : D\u00e9jeuner avec dessert et caf\u00e9.<\/li><li>Le programme se termine \u00e0 14h30, puis retour individuel.<\/li><\/ul><p><strong><span style=\"color: #993300;\">Co\u00fbts<\/span><\/strong><br \/>L\u2019ACTP offre l\u2019ap\u00e9ritif et le menu gourmet comprenant eau min\u00e9rale, dessert et caf\u00e9. <br \/>Les autres boissons consomm\u00e9es sont \u00e0 la charge des participants. Chacun s\u2019occupe de ses titres de transport.<\/p><p><span style=\"color: #993300;\"><strong>Informations<\/strong> <\/span><br \/>Veuillez tenir compte des informations et recommandations suivantes.<\/p><p>Nous avons h\u00e2te de vous revoir!<\/p><p><strong>Association des cadres des transports publics ACTP<\/strong><\/p>\t\t\t\t\t\t\t\t<\/div>\n\t\t\t\t<\/div>\n\t\t\t\t\t<\/div>\n\t\t<\/div>\n\t\t\t\t\t<\/div>\n\t\t<\/section>\n\t\t\t\t<section class=\"elementor-section elementor-top-section elementor-element elementor-element-9697eef elementor-section-boxed elementor-section-height-default elementor-section-height-default\" data-id=\"9697eef\" data-element_type=\"section\" data-e-type=\"section\">\n\t\t\t\t\t\t<div class=\"elementor-container elementor-column-gap-default\">\n\t\t\t\t\t<div class=\"elementor-column elementor-col-33 elementor-top-column elementor-element elementor-element-ddf72eb\" data-id=\"ddf72eb\" data-element_type=\"column\" data-e-type=\"column\">\n\t\t\t<div class=\"elementor-widget-wrap elementor-element-populated\">\n\t\t\t\t\t\t<div class=\"elementor-element elementor-element-37af829 elementor-widget elementor-widget-text-editor\" data-id=\"37af829\" data-element_type=\"widget\" data-e-type=\"widget\" data-widget_type=\"text-editor.default\">\n\t\t\t\t<div class=\"elementor-widget-container\">\n\t\t\t\t\t\t\t\t\t<p><strong>Markus Sp\u00fchler<\/strong><br \/>Pr\u00e9sident<\/p>\n\t\t\t\t\t\t\t\t<\/div>\n\t\t\t\t<\/div>\n\t\t\t\t\t<\/div>\n\t\t<\/div>\n\t\t\t\t<div class=\"elementor-column elementor-col-33 elementor-top-column elementor-element elementor-element-4d541f3\" data-id=\"4d541f3\" data-element_type=\"column\" data-e-type=\"column\">\n\t\t\t<div class=\"elementor-widget-wrap elementor-element-populated\">\n\t\t\t\t\t\t<div class=\"elementor-element elementor-element-716450d elementor-widget elementor-widget-text-editor\" data-id=\"716450d\" data-element_type=\"widget\" data-e-type=\"widget\" data-widget_type=\"text-editor.default\">\n\t\t\t\t<div class=\"elementor-widget-container\">\n\t\t\t\t\t\t\t\t\t<p><strong>Hans Schwab<br \/><\/strong>Vice-pr\u00e9sident<\/p>\n\t\t\t\t\t\t\t\t<\/div>\n\t\t\t\t<\/div>\n\t\t\t\t\t<\/div>\n\t\t<\/div>\n\t\t\t\t<div class=\"elementor-column elementor-col-33 elementor-top-column elementor-element elementor-element-060856f\" data-id=\"060856f\" data-element_type=\"column\" data-e-type=\"column\">\n\t\t\t<div class=\"elementor-widget-wrap\">\n\t\t\t\t\t\t\t<\/div>\n\t\t<\/div>\n\t\t\t\t\t<\/div>\n\t\t<\/section>\n\t\t\t\t<section class=\"elementor-section elementor-top-section elementor-element elementor-element-30e2bc3 elementor-section-boxed elementor-section-height-default elementor-section-height-default\" data-id=\"30e2bc3\" data-element_type=\"section\" data-e-type=\"section\">\n\t\t\t\t\t\t<div class=\"elementor-container elementor-column-gap-default\">\n\t\t\t\t\t<div class=\"elementor-column elementor-col-50 elementor-top-column elementor-element elementor-element-378c7b4\" data-id=\"378c7b4\" data-element_type=\"column\" data-e-type=\"column\">\n\t\t\t<div class=\"elementor-widget-wrap elementor-element-populated\">\n\t\t\t\t\t\t<div class=\"elementor-element elementor-element-5928f86 elementor-align-left elementor-widget elementor-widget-button\" data-id=\"5928f86\" data-element_type=\"widget\" data-e-type=\"widget\" data-widget_type=\"button.default\">\n\t\t\t\t<div class=\"elementor-widget-container\">\n\t\t\t\t\t\t\t\t\t<div class=\"elementor-button-wrapper\">\n\t\t\t\t\t<a class=\"elementor-button elementor-button-link elementor-size-lg\" href=\"https:\/\/www.kvoev-actp.ch\/wp-content\/uploads\/2023\/09\/Invitation-et-programme-de-la-rencontre-des-retraites-de-lACTP-20-oct-23.pdf\" target=\"_blank\">\n\t\t\t\t\t\t<span class=\"elementor-button-content-wrapper\">\n\t\t\t\t\t\t\t\t\t<span class=\"elementor-button-text\">Invitation Rencontre des retrait\u00e9s de l\u2019ACTP 2023<\/span>\n\t\t\t\t\t<\/span>\n\t\t\t\t\t<\/a>\n\t\t\t\t<\/div>\n\t\t\t\t\t\t\t\t<\/div>\n\t\t\t\t<\/div>\n\t\t\t\t<div class=\"elementor-element elementor-element-8124b6f elementor-widget elementor-widget-spacer\" data-id=\"8124b6f\" data-element_type=\"widget\" data-e-type=\"widget\" data-widget_type=\"spacer.default\">\n\t\t\t\t<div class=\"elementor-widget-container\">\n\t\t\t\t\t\t\t<div class=\"elementor-spacer\">\n\t\t\t<div class=\"elementor-spacer-inner\"><\/div>\n\t\t<\/div>\n\t\t\t\t\t\t<\/div>\n\t\t\t\t<\/div>\n\t\t\t\t\t<\/div>\n\t\t<\/div>\n\t\t\t\t<div class=\"elementor-column elementor-col-50 elementor-top-column elementor-element elementor-element-7a577b0\" data-id=\"7a577b0\" data-element_type=\"column\" data-e-type=\"column\">\n\t\t\t<div class=\"elementor-widget-wrap\">\n\t\t\t\t\t\t\t<\/div>\n\t\t<\/div>\n\t\t\t\t\t<\/div>\n\t\t<\/section>\n\t\t\t\t<section class=\"elementor-section elementor-top-section elementor-element elementor-element-1094738 elementor-section-boxed elementor-section-height-default elementor-section-height-default\" data-id=\"1094738\" data-element_type=\"section\" data-e-type=\"section\">\n\t\t\t\t\t\t<div class=\"elementor-container elementor-column-gap-default\">\n\t\t\t\t\t<div class=\"elementor-column elementor-col-100 elementor-top-column elementor-element elementor-element-8046ecb\" data-id=\"8046ecb\" data-element_type=\"column\" data-e-type=\"column\">\n\t\t\t<div class=\"elementor-widget-wrap elementor-element-populated\">\n\t\t\t\t\t\t<div class=\"elementor-element elementor-element-b2154a1 elementor-widget elementor-widget-text-editor\" data-id=\"b2154a1\" data-element_type=\"widget\" data-e-type=\"widget\" data-widget_type=\"text-editor.default\">\n\t\t\t\t<div class=\"elementor-widget-container\">\n\t\t\t\t\t\t\t\t\t<h2><span style=\"color: #993300;\"><strong>Inscription et informations sur la manifestation des retrait\u00e9s de l&#8217;Association des cadres<br \/><\/strong><\/span><\/h2><p><span style=\"color: #993300;\"><strong>Inscription<\/strong> <\/span><br \/>Veuillez vous inscrire exclusivement en ligne sur notre site web .<\/p><p>Vous pouvez \u00e9galement indiquer ici si vous souhaitez un d\u00e9jeuner \u00e0 base de viande, de poisson ou v\u00e9g\u00e9tarien<\/p><p><span style=\"color: #993300;\"><strong>Cl\u00f4ture des inscriptions<\/strong> <\/span><br \/>Le nombre de place dans la salle de l\u2019auberge est limit\u00e9 \u00e0 50 personnes. <br \/>Les inscriptions seront prises en compte dans leur ordre d&#8217;arriv\u00e9e. <br \/>La date limite d&#8217;inscription est fix\u00e9e au <strong>lundi soir, 9 octobre 2023<\/strong>.<\/p><p><strong><span style=\"color: #993300;\">Photos et<\/span><\/strong> <strong><span style=\"color: #993300;\">vid\u00e9os<\/span><\/strong> <br \/>Nous prendrons des photos et des vid\u00e9os de la rencontre pour nos archives. En vous inscrivant, vous donnez votre accord \u00e0 ce sujet.<\/p><p><strong><span style=\"color: #993300;\">En cas d\u2019 emp\u00eachement<\/span> <\/strong><br \/>Si vous avez un emp\u00eachement de derni\u00e8re minute le jour de la mani-festation, veuillez informer <strong>Hans Schwab par SMS au 079 223 03 03<\/strong>.<\/p><p>Pour vous d\u00e9sinscrire au pr\u00e9alable, pri\u00e8re d\u2019envoyer un courriel \u00e0 <strong><span style=\"color: #993300;\"><a style=\"color: #993300;\" href=\"mailto:info@kvoev-actp.ch\" target=\"_blank\" rel=\"noopener\">info@kvoev-actp.ch<\/a><\/span><\/strong>.<\/p><p>\u00a0<\/p><p><strong>Malheureusement, toutes les places sont d\u00e9j\u00e0 prises<\/strong><\/p>\t\t\t\t\t\t\t\t<\/div>\n\t\t\t\t<\/div>\n\t\t\t\t\t<\/div>\n\t\t<\/div>\n\t\t\t\t\t<\/div>\n\t\t<\/section>\n\t\t\t\t<section class=\"elementor-section elementor-top-section elementor-element elementor-element-b28a29d elementor-section-boxed elementor-section-height-default elementor-section-height-default\" data-id=\"b28a29d\" data-element_type=\"section\" data-e-type=\"section\">\n\t\t\t\t\t\t<div class=\"elementor-container elementor-column-gap-default\">\n\t\t\t\t\t<div class=\"elementor-column elementor-col-100 elementor-top-column elementor-element elementor-element-c5ecbba\" data-id=\"c5ecbba\" data-element_type=\"column\" data-e-type=\"column\">\n\t\t\t<div class=\"elementor-widget-wrap elementor-element-populated\">\n\t\t\t\t\t\t<div class=\"elementor-element elementor-element-99f2e2b elementor-widget elementor-widget-spacer\" data-id=\"99f2e2b\" data-element_type=\"widget\" data-e-type=\"widget\" data-widget_type=\"spacer.default\">\n\t\t\t\t<div class=\"elementor-widget-container\">\n\t\t\t\t\t\t\t<div class=\"elementor-spacer\">\n\t\t\t<div class=\"elementor-spacer-inner\"><\/div>\n\t\t<\/div>\n\t\t\t\t\t\t<\/div>\n\t\t\t\t<\/div>\n\t\t\t\t\t<\/div>\n\t\t<\/div>\n\t\t\t\t\t<\/div>\n\t\t<\/section>\n\t\t\t\t<\/div>\n\t\t","protected":false},"excerpt":{"rendered":"<p>Rencontre des retrait\u00e9s de l\u2019ACTP 2023 Convivialit\u00e9 et d\u00e9jeuner raffin\u00e9 \u00e0 \u00e0 l\u2019H\u00f4tel Seiler au Lac \u00e0 B\u00f6nigen, au bord du lac de Brienz Nous sommes heureux de pouvoir proposer \u00e0 nouveau cette ann\u00e9e une int\u00e9ressante journ\u00e9e en compagnie des membres retrait\u00e9s de l&#8217;ACTP. Nous nous retrouverons au bord du lac de Brienz, dans l&#8217;Oberland [&hellip;]<\/p>\n","protected":false},"author":1,"featured_media":0,"parent":1717,"menu_order":0,"comment_status":"closed","ping_status":"closed","template":"","meta":{"footnotes":""},"categories":[],"tags":[],"class_list":["post-12230","page","type-page","status-publish","hentry"],"_links":{"self":[{"href":"https:\/\/www.kvoev-actp.ch\/fr\/wp-json\/wp\/v2\/pages\/12230","targetHints":{"allow":["GET"]}}],"collection":[{"href":"https:\/\/www.kvoev-actp.ch\/fr\/wp-json\/wp\/v2\/pages"}],"about":[{"href":"https:\/\/www.kvoev-actp.ch\/fr\/wp-json\/wp\/v2\/types\/page"}],"author":[{"embeddable":true,"href":"https:\/\/www.kvoev-actp.ch\/fr\/wp-json\/wp\/v2\/users\/1"}],"replies":[{"embeddable":true,"href":"https:\/\/www.kvoev-actp.ch\/fr\/wp-json\/wp\/v2\/comments?post=12230"}],"version-history":[{"count":5,"href":"https:\/\/www.kvoev-actp.ch\/fr\/wp-json\/wp\/v2\/pages\/12230\/revisions"}],"predecessor-version":[{"id":14456,"href":"https:\/\/www.kvoev-actp.ch\/fr\/wp-json\/wp\/v2\/pages\/12230\/revisions\/14456"}],"up":[{"embeddable":true,"href":"https:\/\/www.kvoev-actp.ch\/fr\/wp-json\/wp\/v2\/pages\/1717"}],"wp:attachment":[{"href":"https:\/\/www.kvoev-actp.ch\/fr\/wp-json\/wp\/v2\/media?parent=12230"}],"wp:term":[{"taxonomy":"category","embeddable":true,"href":"https:\/\/www.kvoev-actp.ch\/fr\/wp-json\/wp\/v2\/categories?post=12230"},{"taxonomy":"post_tag","embeddable":true,"href":"https:\/\/www.kvoev-actp.ch\/fr\/wp-json\/wp\/v2\/tags?post=12230"}],"curies":[{"name":"wp","href":"https:\/\/api.w.org\/{rel}","templated":true}]}}