{"id":1377,"date":"2019-10-01T10:28:46","date_gmt":"2019-10-01T08:28:46","guid":{"rendered":"https:\/\/kvoev-actp.ch\/prestations\/privatrechtsschutz\/"},"modified":"2024-07-18T09:20:41","modified_gmt":"2024-07-18T07:20:41","slug":"protection-juridique-privee","status":"publish","type":"page","link":"https:\/\/www.kvoev-actp.ch\/fr\/prestations\/protection-juridique-privee\/","title":{"rendered":"Protection juridique priv\u00e9e"},"content":{"rendered":"\t\t<div data-elementor-type=\"wp-page\" data-elementor-id=\"1377\" class=\"elementor elementor-1377 elementor-90\" data-elementor-post-type=\"page\">\n\t\t\t\t\t\t<section class=\"elementor-section elementor-top-section elementor-element elementor-element-389247a elementor-section-boxed elementor-section-height-default elementor-section-height-default\" data-id=\"389247a\" data-element_type=\"section\" data-e-type=\"section\">\n\t\t\t\t\t\t<div class=\"elementor-container elementor-column-gap-default\">\n\t\t\t\t\t<div class=\"elementor-column elementor-col-100 elementor-top-column elementor-element elementor-element-fc615bb\" data-id=\"fc615bb\" data-element_type=\"column\" data-e-type=\"column\">\n\t\t\t<div class=\"elementor-widget-wrap elementor-element-populated\">\n\t\t\t\t\t\t<div class=\"elementor-element elementor-element-f56714e elementor-widget elementor-widget-spacer\" data-id=\"f56714e\" data-element_type=\"widget\" data-e-type=\"widget\" data-widget_type=\"spacer.default\">\n\t\t\t\t<div class=\"elementor-widget-container\">\n\t\t\t\t\t\t\t<div class=\"elementor-spacer\">\n\t\t\t<div class=\"elementor-spacer-inner\"><\/div>\n\t\t<\/div>\n\t\t\t\t\t\t<\/div>\n\t\t\t\t<\/div>\n\t\t\t\t\t<\/div>\n\t\t<\/div>\n\t\t\t\t\t<\/div>\n\t\t<\/section>\n\t\t\t\t<section class=\"elementor-section elementor-top-section elementor-element elementor-element-194bb75 elementor-section-boxed elementor-section-height-default elementor-section-height-default\" data-id=\"194bb75\" data-element_type=\"section\" data-e-type=\"section\">\n\t\t\t\t\t\t<div class=\"elementor-container elementor-column-gap-default\">\n\t\t\t\t\t<div class=\"elementor-column elementor-col-100 elementor-top-column elementor-element elementor-element-b24f7d4\" data-id=\"b24f7d4\" data-element_type=\"column\" data-e-type=\"column\">\n\t\t\t<div class=\"elementor-widget-wrap elementor-element-populated\">\n\t\t\t\t\t\t<div class=\"elementor-element elementor-element-32cad91 elementor-widget elementor-widget-heading\" data-id=\"32cad91\" data-element_type=\"widget\" data-e-type=\"widget\" data-widget_type=\"heading.default\">\n\t\t\t\t<div class=\"elementor-widget-container\">\n\t\t\t\t\t<h1 class=\"elementor-heading-title elementor-size-default\">Protection juridique MULTI<\/h1>\t\t\t\t<\/div>\n\t\t\t\t<\/div>\n\t\t\t\t<div class=\"elementor-element elementor-element-bff4484 elementor-widget elementor-widget-image\" data-id=\"bff4484\" data-element_type=\"widget\" data-e-type=\"widget\" data-widget_type=\"image.default\">\n\t\t\t\t<div class=\"elementor-widget-container\">\n\t\t\t\t\t\t\t\t\t\t\t\t\t\t\t<img fetchpriority=\"high\" decoding=\"async\" width=\"1200\" height=\"250\" src=\"https:\/\/www.kvoev-actp.ch\/wp-content\/uploads\/2024\/07\/banner-privatrechtsschutz.jpg\" class=\"attachment-full size-full wp-image-16360\" alt=\"\" srcset=\"https:\/\/www.kvoev-actp.ch\/wp-content\/uploads\/2024\/07\/banner-privatrechtsschutz.jpg 1200w, https:\/\/www.kvoev-actp.ch\/wp-content\/uploads\/2024\/07\/banner-privatrechtsschutz-300x63.jpg 300w, https:\/\/www.kvoev-actp.ch\/wp-content\/uploads\/2024\/07\/banner-privatrechtsschutz-1024x213.jpg 1024w, https:\/\/www.kvoev-actp.ch\/wp-content\/uploads\/2024\/07\/banner-privatrechtsschutz-768x160.jpg 768w\" sizes=\"(max-width: 1200px) 100vw, 1200px\" \/>\t\t\t\t\t\t\t\t\t\t\t\t\t\t\t<\/div>\n\t\t\t\t<\/div>\n\t\t\t\t\t<\/div>\n\t\t<\/div>\n\t\t\t\t\t<\/div>\n\t\t<\/section>\n\t\t\t\t<section class=\"elementor-section elementor-top-section elementor-element elementor-element-e6738f2 elementor-section-boxed elementor-section-height-default elementor-section-height-default\" data-id=\"e6738f2\" data-element_type=\"section\" data-e-type=\"section\">\n\t\t\t\t\t\t<div class=\"elementor-container elementor-column-gap-default\">\n\t\t\t\t\t<div class=\"elementor-column elementor-col-100 elementor-top-column elementor-element elementor-element-ae627d9\" data-id=\"ae627d9\" data-element_type=\"column\" data-e-type=\"column\">\n\t\t\t<div class=\"elementor-widget-wrap elementor-element-populated\">\n\t\t\t\t\t\t<div class=\"elementor-element elementor-element-d6fe065 elementor-widget elementor-widget-text-editor\" data-id=\"d6fe065\" data-element_type=\"widget\" data-e-type=\"widget\" data-widget_type=\"text-editor.default\">\n\t\t\t\t<div class=\"elementor-widget-container\">\n\t\t\t\t\t\t\t\t\t<p>En tant que membre de l\u2019Association des cadres des transports publics, vous b\u00e9n\u00e9ficiez automatiquement d&#8217;une protection juridique en mati\u00e8re de droit du travail et des assurances sociales. <br \/><br \/>Avec la protection juridique MULTI, vous pouvez \u00e9galement compter sur un soutien juridique dans d&#8217;autres domaines de la vie quotidienne et profitez d&#8217;une protection juridique compl\u00e8te en mati\u00e8re de droit priv\u00e9 et de la circulation pour vous et votre famille.<\/p>\t\t\t\t\t\t\t\t<\/div>\n\t\t\t\t<\/div>\n\t\t\t\t\t<\/div>\n\t\t<\/div>\n\t\t\t\t\t<\/div>\n\t\t<\/section>\n\t\t\t\t<section class=\"elementor-section elementor-top-section elementor-element elementor-element-243f4a5 elementor-section-boxed elementor-section-height-default elementor-section-height-default\" data-id=\"243f4a5\" data-element_type=\"section\" data-e-type=\"section\">\n\t\t\t\t\t\t<div class=\"elementor-container elementor-column-gap-default\">\n\t\t\t\t\t<div class=\"elementor-column elementor-col-100 elementor-top-column elementor-element elementor-element-9f632d5\" data-id=\"9f632d5\" data-element_type=\"column\" data-e-type=\"column\">\n\t\t\t<div class=\"elementor-widget-wrap elementor-element-populated\">\n\t\t\t\t\t\t<div class=\"elementor-element elementor-element-a628dd1 elementor-widget elementor-widget-text-editor\" data-id=\"a628dd1\" data-element_type=\"widget\" data-e-type=\"widget\" data-widget_type=\"text-editor.default\">\n\t\t\t\t<div class=\"elementor-widget-container\">\n\t\t\t\t\t\t\t\t\t<p><strong>&#8220;simplement diff\u00e9rent&#8221;<\/strong><\/p><p>Les prestations de la protection juridique MULTI sont fournis par notre partenaire Coop Protection juridique. Une assurance de protection juridique de qualit\u00e9, <span style=\"color: #993300;\"><strong><a style=\"color: #993300;\" href=\"https:\/\/www.youtube.com\/watch?v=Xfr-Xph8r88\" target=\"_blank\" rel=\"noopener\">comme le montre le vid\u00e9o.<\/a><\/strong><\/span><\/p>\t\t\t\t\t\t\t\t<\/div>\n\t\t\t\t<\/div>\n\t\t\t\t\t<\/div>\n\t\t<\/div>\n\t\t\t\t\t<\/div>\n\t\t<\/section>\n\t\t\t\t<section class=\"elementor-section elementor-top-section elementor-element elementor-element-15e565f elementor-section-boxed elementor-section-height-default elementor-section-height-default\" data-id=\"15e565f\" data-element_type=\"section\" data-e-type=\"section\">\n\t\t\t\t\t\t<div class=\"elementor-container elementor-column-gap-default\">\n\t\t\t\t\t<div class=\"elementor-column elementor-col-100 elementor-top-column elementor-element elementor-element-ee9cfa4\" data-id=\"ee9cfa4\" data-element_type=\"column\" data-e-type=\"column\">\n\t\t\t<div class=\"elementor-widget-wrap elementor-element-populated\">\n\t\t\t\t\t\t<div class=\"elementor-element elementor-element-da1df17 elementor-widget elementor-widget-text-editor\" data-id=\"da1df17\" data-element_type=\"widget\" data-e-type=\"widget\" data-widget_type=\"text-editor.default\">\n\t\t\t\t<div class=\"elementor-widget-container\">\n\t\t\t\t\t\t\t\t\t<p><strong>Vos avantages<\/strong><\/p><ul><li>Prise en charge des frais jusqu&#8217;\u00e0 300 000 CHF (honoraires d&#8217;avocats, expertises, frais de justice et de proc\u00e9dure, indemnisation des parties, paiement anticip\u00e9 des d\u00e9p\u00f4ts de garantie)<\/li><li>Couverture mondiale pour les pr\u00e9tentions en dommages-int\u00e9r\u00eats<\/li><li>Protection juridique mondiale Internet jusqu&#8217;\u00e0 50 000 CHF automatiquement incluse dans la couverture<\/li><li>Couverture au niveau europ\u00e9en pour tous les autres domaines<\/li><li>Prestations sp\u00e9ciales pour les victimes d\u2019actes de violence<\/li><li>Soutien juridique par des sp\u00e9cialistes<\/li><li>Libre choix de l\u2018avocat<\/li><li>Prix imbattable : prime annuelle seulement CHF 138.<\/li><\/ul><p>Plus de d\u00e9tails sur l&#8217;\u00e9tendue des prestations et de la couverture dans la brochure.<\/p>\t\t\t\t\t\t\t\t<\/div>\n\t\t\t\t<\/div>\n\t\t\t\t\t<\/div>\n\t\t<\/div>\n\t\t\t\t\t<\/div>\n\t\t<\/section>\n\t\t\t\t<section class=\"elementor-section elementor-top-section elementor-element elementor-element-a07f08e elementor-section-boxed elementor-section-height-default elementor-section-height-default\" data-id=\"a07f08e\" data-element_type=\"section\" data-e-type=\"section\">\n\t\t\t\t\t\t<div class=\"elementor-container elementor-column-gap-default\">\n\t\t\t\t\t<div class=\"elementor-column elementor-col-100 elementor-top-column elementor-element elementor-element-e086cd7\" data-id=\"e086cd7\" data-element_type=\"column\" data-e-type=\"column\">\n\t\t\t<div class=\"elementor-widget-wrap elementor-element-populated\">\n\t\t\t\t\t\t<div class=\"elementor-element elementor-element-cd449e7 elementor-widget elementor-widget-button\" data-id=\"cd449e7\" data-element_type=\"widget\" data-e-type=\"widget\" data-widget_type=\"button.default\">\n\t\t\t\t<div class=\"elementor-widget-container\">\n\t\t\t\t\t\t\t\t\t<div class=\"elementor-button-wrapper\">\n\t\t\t\t\t<a class=\"elementor-button elementor-button-link elementor-size-sm\" href=\"https:\/\/employes.ch\/media\/y5xd0gjt\/angestellteschweiz-mrs_fr17052023.pdf\" target=\"_blank\">\n\t\t\t\t\t\t<span class=\"elementor-button-content-wrapper\">\n\t\t\t\t\t\t\t\t\t<span class=\"elementor-button-text\"> Brochure protection juridique MULTI \u2013 conditions g\u00e9n\u00e9rales d\u2019assurances incluses.<\/span>\n\t\t\t\t\t<\/span>\n\t\t\t\t\t<\/a>\n\t\t\t\t<\/div>\n\t\t\t\t\t\t\t\t<\/div>\n\t\t\t\t<\/div>\n\t\t\t\t\t<\/div>\n\t\t<\/div>\n\t\t\t\t\t<\/div>\n\t\t<\/section>\n\t\t\t\t<section class=\"elementor-section elementor-top-section elementor-element elementor-element-ec4080f elementor-section-boxed elementor-section-height-default elementor-section-height-default\" data-id=\"ec4080f\" data-element_type=\"section\" data-e-type=\"section\">\n\t\t\t\t\t\t<div class=\"elementor-container elementor-column-gap-default\">\n\t\t\t\t\t<div class=\"elementor-column elementor-col-100 elementor-top-column elementor-element elementor-element-1086990\" data-id=\"1086990\" data-element_type=\"column\" data-e-type=\"column\">\n\t\t\t<div class=\"elementor-widget-wrap elementor-element-populated\">\n\t\t\t\t\t\t<div class=\"elementor-element elementor-element-a64b3d5 elementor-widget elementor-widget-text-editor\" data-id=\"a64b3d5\" data-element_type=\"widget\" data-e-type=\"widget\" data-widget_type=\"text-editor.default\">\n\t\t\t\t<div class=\"elementor-widget-container\">\n\t\t\t\t\t\t\t\t\t<p><strong><br \/>Souscrire \u00e0 la protection juridique MULTI<\/strong><\/p><p>En tant que membre, vous pouvez souscrire \u00e0 la protection juridique MULTI<\/p><p><div class=\"wpforms-container wpforms-container-full\" id=\"wpforms-11703\"><form id=\"wpforms-form-11703\" class=\"wpforms-validate wpforms-form\" data-formid=\"11703\" method=\"post\" enctype=\"multipart\/form-data\" action=\"\/fr\/wp-json\/wp\/v2\/pages\/1377\" data-token=\"df58950dfada4ac517ba1d27fc996c31\" data-token-time=\"1777710319\"><noscript class=\"wpforms-error-noscript\">Veuillez activer JavaScript dans votre navigateur pour remplir ce formulaire.<\/noscript><div class=\"wpforms-field-container\"><div id=\"wpforms-11703-field_39-container\" class=\"wpforms-field wpforms-field-checkbox\" data-field-id=\"39\"><label class=\"wpforms-field-label\">Protection juridique Coop MULTI <span class=\"wpforms-required-label\">*<\/span><\/label><ul id=\"wpforms-11703-field_39\" class=\"wpforms-field-required\"><li class=\"choice-1 depth-1\"><input type=\"checkbox\" id=\"wpforms-11703-field_39_1\" name=\"wpforms[fields][39][]\" value=\"Oui, je souhaite souscrire \u00e0 la protection juridique Coop Multi. Veuillez m&#039;envoyer les documents \/ polices correspondants.\" required ><label class=\"wpforms-field-label-inline\" for=\"wpforms-11703-field_39_1\">Oui, je souhaite souscrire \u00e0 la protection juridique Coop Multi. Veuillez m&#8217;envoyer les documents \/ polices correspondants.<\/label><\/li><\/ul><\/div><div id=\"wpforms-11703-field_6-container\" class=\"wpforms-field wpforms-field-text\" data-field-id=\"6\"><label class=\"wpforms-field-label\" for=\"wpforms-11703-field_6\">Voici mon num\u00e9ro de membre de l&#039;ACTP <span class=\"wpforms-required-label\">*<\/span><\/label><input type=\"text\" id=\"wpforms-11703-field_6\" class=\"wpforms-field-large wpforms-field-required\" name=\"wpforms[fields][6]\" placeholder=\"Cliquez ou tapez ici pour ins\u00e9rer le num\u00e9ro.\" required><div class=\"wpforms-field-description\">Voici mon num\u00e9ro de membre de l&#8217;ACTP\r\n( visible sur votre carte d&#8217;identit\u00e9. Sinon, demandez \u00e0 info@kvoev-actp.ch )\r\n\r\n<\/div><\/div><div id=\"wpforms-11703-field_7-container\" class=\"wpforms-field wpforms-field-text\" data-field-id=\"7\"><label class=\"wpforms-field-label\" for=\"wpforms-11703-field_7\">Nom, Pr\u00e9nom <span class=\"wpforms-required-label\">*<\/span><\/label><input type=\"text\" id=\"wpforms-11703-field_7\" class=\"wpforms-field-large wpforms-field-required\" name=\"wpforms[fields][7]\" placeholder=\"Cliquez ou tapez ici pour ins\u00e9rer le num\u00e9ro.\" required><\/div><div id=\"wpforms-11703-field_10-container\" class=\"wpforms-field wpforms-field-text\" data-field-id=\"10\"><label class=\"wpforms-field-label\" for=\"wpforms-11703-field_10\">Rue, no. <span class=\"wpforms-required-label\">*<\/span><\/label><input type=\"text\" id=\"wpforms-11703-field_10\" class=\"wpforms-field-large wpforms-field-required\" name=\"wpforms[fields][10]\" placeholder=\"Cliquez ou tapez ici pour ins\u00e9rer du texte.\" required><\/div><div id=\"wpforms-11703-field_11-container\" class=\"wpforms-field wpforms-field-text\" data-field-id=\"11\"><label class=\"wpforms-field-label\" for=\"wpforms-11703-field_11\">NPA, lieu <span class=\"wpforms-required-label\">*<\/span><\/label><input type=\"text\" id=\"wpforms-11703-field_11\" class=\"wpforms-field-large wpforms-field-required\" name=\"wpforms[fields][11]\" placeholder=\"Cliquez ou tapez ici pour ins\u00e9rer du texte.\" required><\/div><div id=\"wpforms-11703-field_12-container\" class=\"wpforms-field wpforms-field-email\" data-field-id=\"12\"><label class=\"wpforms-field-label\" for=\"wpforms-11703-field_12\">E-Mail <span class=\"wpforms-required-label\">*<\/span><\/label><input type=\"email\" id=\"wpforms-11703-field_12\" class=\"wpforms-field-large wpforms-field-required\" name=\"wpforms[fields][12]\" placeholder=\"Cliquez ou tapez ici pour saisir votre adresse e-mail.\" spellcheck=\"false\" required><\/div><div id=\"wpforms-11703-field_18-container\" class=\"wpforms-field wpforms-field-text\" data-field-id=\"18\"><label class=\"wpforms-field-label\" for=\"wpforms-11703-field_18\">Entr\u00e9e en vigueur de l&#039;assurance <span class=\"wpforms-required-label\">*<\/span><\/label><input type=\"text\" id=\"wpforms-11703-field_18\" class=\"wpforms-field-large wpforms-field-required\" name=\"wpforms[fields][18]\" placeholder=\"Cliquez ou tapez ici pour ins\u00e9rer la date.\" required><div class=\"wpforms-field-description\">( au plus t\u00f4t le 1er du mois suivant )<\/div><\/div><\/div><!-- .wpforms-field-container --><div class=\"wpforms-field wpforms-field-hp\"><label for=\"wpforms-11703-field-hp\" class=\"wpforms-field-label\">Email<\/label><input type=\"text\" name=\"wpforms[hp]\" id=\"wpforms-11703-field-hp\" class=\"wpforms-field-medium\"><\/div><div class=\"wpforms-submit-container\" ><input type=\"hidden\" name=\"wpforms[id]\" value=\"11703\"><input type=\"hidden\" name=\"page_title\" value=\"\"><input type=\"hidden\" name=\"page_url\" value=\"https:\/\/www.kvoev-actp.ch\/fr\/wp-json\/wp\/v2\/pages\/1377\"><input type=\"hidden\" name=\"url_referer\" value=\"\"><button type=\"submit\" name=\"wpforms[submit]\" id=\"wpforms-submit-11703\" class=\"wpforms-submit\" data-alt-text=\"Envoyer...\" data-submit-text=\"S&#039;inscrire\" aria-live=\"assertive\" value=\"wpforms-submit\">S&#039;inscrire<\/button><\/div><\/form><\/div>  <!-- .wpforms-container --><\/p><p><strong>Un traitement des sinistres simple et sans complications<\/strong><\/p><p>Pour toute information relative \u00e0 la couverture et pour enregistrer de nouveaux cas, veuillez contacter notre partenaire Coop Rechtsschutz au 021 641 61 20.<span style=\"color: #993300;\"><strong><a style=\"color: #993300;\" href=\"https:\/\/www.youtube.com\/watch?v=Xfr-Xph8r88\" target=\"_blank\" rel=\"noopener\">.<\/a><\/strong><\/span><\/p>\t\t\t\t\t\t\t\t<\/div>\n\t\t\t\t<\/div>\n\t\t\t\t\t<\/div>\n\t\t<\/div>\n\t\t\t\t\t<\/div>\n\t\t<\/section>\n\t\t\t\t<section class=\"elementor-section elementor-top-section elementor-element elementor-element-a41d54a elementor-section-boxed elementor-section-height-default elementor-section-height-default\" data-id=\"a41d54a\" data-element_type=\"section\" data-e-type=\"section\">\n\t\t\t\t\t\t<div class=\"elementor-container elementor-column-gap-default\">\n\t\t\t\t\t<div class=\"elementor-column elementor-col-100 elementor-top-column elementor-element elementor-element-5a14618\" data-id=\"5a14618\" data-element_type=\"column\" data-e-type=\"column\">\n\t\t\t<div class=\"elementor-widget-wrap elementor-element-populated\">\n\t\t\t\t\t\t<div class=\"elementor-element elementor-element-6578730 elementor-widget elementor-widget-spacer\" data-id=\"6578730\" data-element_type=\"widget\" data-e-type=\"widget\" data-widget_type=\"spacer.default\">\n\t\t\t\t<div class=\"elementor-widget-container\">\n\t\t\t\t\t\t\t<div class=\"elementor-spacer\">\n\t\t\t<div class=\"elementor-spacer-inner\"><\/div>\n\t\t<\/div>\n\t\t\t\t\t\t<\/div>\n\t\t\t\t<\/div>\n\t\t\t\t\t<\/div>\n\t\t<\/div>\n\t\t\t\t\t<\/div>\n\t\t<\/section>\n\t\t\t\t<\/div>\n\t\t","protected":false},"excerpt":{"rendered":"<p>Protection juridique MULTI En tant que membre de l\u2019Association des cadres des transports publics, vous b\u00e9n\u00e9ficiez automatiquement d&#8217;une protection juridique en mati\u00e8re de droit du travail et des assurances sociales. Avec la protection juridique MULTI, vous pouvez \u00e9galement compter sur un soutien juridique dans d&#8217;autres domaines de la vie quotidienne et profitez d&#8217;une protection juridique [&hellip;]<\/p>\n","protected":false},"author":1,"featured_media":0,"parent":1364,"menu_order":0,"comment_status":"closed","ping_status":"closed","template":"","meta":{"footnotes":""},"categories":[],"tags":[],"class_list":["post-1377","page","type-page","status-publish","hentry"],"_links":{"self":[{"href":"https:\/\/www.kvoev-actp.ch\/fr\/wp-json\/wp\/v2\/pages\/1377","targetHints":{"allow":["GET"]}}],"collection":[{"href":"https:\/\/www.kvoev-actp.ch\/fr\/wp-json\/wp\/v2\/pages"}],"about":[{"href":"https:\/\/www.kvoev-actp.ch\/fr\/wp-json\/wp\/v2\/types\/page"}],"author":[{"embeddable":true,"href":"https:\/\/www.kvoev-actp.ch\/fr\/wp-json\/wp\/v2\/users\/1"}],"replies":[{"embeddable":true,"href":"https:\/\/www.kvoev-actp.ch\/fr\/wp-json\/wp\/v2\/comments?post=1377"}],"version-history":[{"count":5,"href":"https:\/\/www.kvoev-actp.ch\/fr\/wp-json\/wp\/v2\/pages\/1377\/revisions"}],"predecessor-version":[{"id":16370,"href":"https:\/\/www.kvoev-actp.ch\/fr\/wp-json\/wp\/v2\/pages\/1377\/revisions\/16370"}],"up":[{"embeddable":true,"href":"https:\/\/www.kvoev-actp.ch\/fr\/wp-json\/wp\/v2\/pages\/1364"}],"wp:attachment":[{"href":"https:\/\/www.kvoev-actp.ch\/fr\/wp-json\/wp\/v2\/media?parent=1377"}],"wp:term":[{"taxonomy":"category","embeddable":true,"href":"https:\/\/www.kvoev-actp.ch\/fr\/wp-json\/wp\/v2\/categories?post=1377"},{"taxonomy":"post_tag","embeddable":true,"href":"https:\/\/www.kvoev-actp.ch\/fr\/wp-json\/wp\/v2\/tags?post=1377"}],"curies":[{"name":"wp","href":"https:\/\/api.w.org\/{rel}","templated":true}]}}