{"id":21020,"date":"2026-02-11T15:54:46","date_gmt":"2026-02-11T14:54:46","guid":{"rendered":"https:\/\/kvoev-actp.ch\/manifestations\/assemblee-generale-du-groupe-regional-romandie-valais-2026\/"},"modified":"2026-03-02T16:21:42","modified_gmt":"2026-03-02T15:21:42","slug":"assemblee-generale-du-groupe-regional-romandie-valais-2026","status":"publish","type":"page","link":"https:\/\/www.kvoev-actp.ch\/fr\/manifestations\/assemblee-generale-du-groupe-regional-romandie-valais-2026\/","title":{"rendered":"Assembl\u00e9e g\u00e9n\u00e9rale du groupe r\u00e9gional Romandie \/ Valais 2026"},"content":{"rendered":"\t\t<div data-elementor-type=\"wp-page\" data-elementor-id=\"21020\" class=\"elementor elementor-21020 elementor-20999\" data-elementor-post-type=\"page\">\n\t\t\t\t\t\t<section class=\"elementor-section elementor-top-section elementor-element elementor-element-692a7aa elementor-section-boxed elementor-section-height-default elementor-section-height-default\" data-id=\"692a7aa\" data-element_type=\"section\" data-e-type=\"section\">\n\t\t\t\t\t\t<div class=\"elementor-container elementor-column-gap-default\">\n\t\t\t\t\t<div class=\"elementor-column elementor-col-100 elementor-top-column elementor-element elementor-element-4ce95e6\" data-id=\"4ce95e6\" data-element_type=\"column\" data-e-type=\"column\">\n\t\t\t<div class=\"elementor-widget-wrap elementor-element-populated\">\n\t\t\t\t\t\t<div class=\"elementor-element elementor-element-4c85422 elementor-widget elementor-widget-spacer\" data-id=\"4c85422\" data-element_type=\"widget\" data-e-type=\"widget\" data-widget_type=\"spacer.default\">\n\t\t\t\t<div class=\"elementor-widget-container\">\n\t\t\t\t\t\t\t<div class=\"elementor-spacer\">\n\t\t\t<div class=\"elementor-spacer-inner\"><\/div>\n\t\t<\/div>\n\t\t\t\t\t\t<\/div>\n\t\t\t\t<\/div>\n\t\t\t\t\t<\/div>\n\t\t<\/div>\n\t\t\t\t\t<\/div>\n\t\t<\/section>\n\t\t\t\t<section class=\"elementor-section elementor-top-section elementor-element elementor-element-cad4272 elementor-section-boxed elementor-section-height-default elementor-section-height-default\" data-id=\"cad4272\" data-element_type=\"section\" data-e-type=\"section\">\n\t\t\t\t\t\t<div class=\"elementor-container elementor-column-gap-default\">\n\t\t\t\t\t<div class=\"elementor-column elementor-col-100 elementor-top-column elementor-element elementor-element-4f12459\" data-id=\"4f12459\" data-element_type=\"column\" data-e-type=\"column\">\n\t\t\t<div class=\"elementor-widget-wrap elementor-element-populated\">\n\t\t\t\t\t\t<div class=\"elementor-element elementor-element-ee5a179 elementor-widget elementor-widget-heading\" data-id=\"ee5a179\" data-element_type=\"widget\" data-e-type=\"widget\" data-widget_type=\"heading.default\">\n\t\t\t\t<div class=\"elementor-widget-container\">\n\t\t\t\t\t<h1 class=\"elementor-heading-title elementor-size-default\">Assembl\u00e9e g\u00e9n\u00e9rale du groupe r\u00e9gional Romandie \/ Valais<\/h1>\t\t\t\t<\/div>\n\t\t\t\t<\/div>\n\t\t\t\t\t<\/div>\n\t\t<\/div>\n\t\t\t\t\t<\/div>\n\t\t<\/section>\n\t\t\t\t<section class=\"elementor-section elementor-top-section elementor-element elementor-element-7060869 elementor-section-boxed elementor-section-height-default elementor-section-height-default\" data-id=\"7060869\" data-element_type=\"section\" data-e-type=\"section\">\n\t\t\t\t\t\t<div class=\"elementor-container elementor-column-gap-default\">\n\t\t\t\t\t<div class=\"elementor-column elementor-col-100 elementor-top-column elementor-element elementor-element-f953e2f\" data-id=\"f953e2f\" data-element_type=\"column\" data-e-type=\"column\">\n\t\t\t<div class=\"elementor-widget-wrap elementor-element-populated\">\n\t\t\t\t\t\t<div class=\"elementor-element elementor-element-51da523 elementor-widget elementor-widget-heading\" data-id=\"51da523\" data-element_type=\"widget\" data-e-type=\"widget\" data-widget_type=\"heading.default\">\n\t\t\t\t<div class=\"elementor-widget-container\">\n\t\t\t\t\t<h1 class=\"elementor-heading-title elementor-size-default\">  suivie d'une table ronde sur le SwissPass\n \n<\/h1>\t\t\t\t<\/div>\n\t\t\t\t<\/div>\n\t\t\t\t\t<\/div>\n\t\t<\/div>\n\t\t\t\t\t<\/div>\n\t\t<\/section>\n\t\t\t\t<section class=\"elementor-section elementor-top-section elementor-element elementor-element-ba4794e elementor-section-boxed elementor-section-height-default elementor-section-height-default\" data-id=\"ba4794e\" data-element_type=\"section\" data-e-type=\"section\">\n\t\t\t\t\t\t<div class=\"elementor-container elementor-column-gap-default\">\n\t\t\t\t\t<div class=\"elementor-column elementor-col-33 elementor-top-column elementor-element elementor-element-70a4f18\" data-id=\"70a4f18\" data-element_type=\"column\" data-e-type=\"column\">\n\t\t\t<div class=\"elementor-widget-wrap elementor-element-populated\">\n\t\t\t\t\t\t<div class=\"elementor-element elementor-element-198747c elementor-widget__width-initial elementor-widget elementor-widget-image\" data-id=\"198747c\" data-element_type=\"widget\" data-e-type=\"widget\" data-widget_type=\"image.default\">\n\t\t\t\t<div class=\"elementor-widget-container\">\n\t\t\t\t\t\t\t\t\t\t\t\t\t\t\t<img decoding=\"async\" width=\"266\" height=\"172\" src=\"https:\/\/www.kvoev-actp.ch\/wp-content\/uploads\/2026\/02\/Swisspass.png\" class=\"attachment-large size-large wp-image-21012\" alt=\"SwissPass\" \/>\t\t\t\t\t\t\t\t\t\t\t\t\t\t\t<\/div>\n\t\t\t\t<\/div>\n\t\t\t\t\t<\/div>\n\t\t<\/div>\n\t\t\t\t<div class=\"elementor-column elementor-col-66 elementor-top-column elementor-element elementor-element-6fb9f4f\" data-id=\"6fb9f4f\" data-element_type=\"column\" data-e-type=\"column\">\n\t\t\t<div class=\"elementor-widget-wrap elementor-element-populated\">\n\t\t\t\t\t\t<div class=\"elementor-element elementor-element-83a8bec elementor-widget__width-initial elementor-widget elementor-widget-text-editor\" data-id=\"83a8bec\" data-element_type=\"widget\" data-e-type=\"widget\" data-widget_type=\"text-editor.default\">\n\t\t\t\t<div class=\"elementor-widget-container\">\n\t\t\t\t\t\t\t\t\t<p>Voil\u00e0 plus de dix ans que la carte SwissPass a \u00e9t\u00e9 introduite dans la branche des transports publics. Au fil du temps, cette carte rouge est devenue une sorte de passe-partout de la mobili-t\u00e9 en Suisse, et pas seulement pour les transports publics, mais aussi pour r\u00e9server une voi-ture, acc\u00e9der aux parkings et profiter d&#8217;une foultitude de services et d&#8217;offres li\u00e9s \u00e0 la mobilit\u00e9, mais pas seulement. Pour conna\u00eetre les dessous de cette carte magique, trois sp\u00e9cialistes de trois domaines diff\u00e9rents nous aideront \u00e0 comprendre ce que cette carte magique cache v\u00e9ritablement et quels sont ses avantages et ses secrets pour les partenaires de l&#8217;Alliance SwissPass.  <\/p>\t\t\t\t\t\t\t\t<\/div>\n\t\t\t\t<\/div>\n\t\t\t\t\t<\/div>\n\t\t<\/div>\n\t\t\t\t\t<\/div>\n\t\t<\/section>\n\t\t\t\t<section class=\"elementor-section elementor-top-section elementor-element elementor-element-2cd278a elementor-section-boxed elementor-section-height-default elementor-section-height-default\" data-id=\"2cd278a\" data-element_type=\"section\" data-e-type=\"section\">\n\t\t\t\t\t\t<div class=\"elementor-container elementor-column-gap-default\">\n\t\t\t\t\t<div class=\"elementor-column elementor-col-100 elementor-top-column elementor-element elementor-element-920c560\" data-id=\"920c560\" data-element_type=\"column\" data-e-type=\"column\">\n\t\t\t<div class=\"elementor-widget-wrap elementor-element-populated\">\n\t\t\t\t\t\t<div class=\"elementor-element elementor-element-0c36580 elementor-widget elementor-widget-text-editor\" data-id=\"0c36580\" data-element_type=\"widget\" data-e-type=\"widget\" data-widget_type=\"text-editor.default\">\n\t\t\t\t<div class=\"elementor-widget-container\">\n\t\t\t\t\t\t\t\t\t<p><span style=\"color: #993300;\"><strong>Lieu<\/strong> <\/span><br \/><strong>Auditorium du Parc du Simplon \u00e0 Renens, rue de la Gare de Triage 5<\/strong><br \/><br \/><span style=\"color: #993300;\"><strong>Date<\/strong><\/span> <br \/><strong>Jeudi 5 mars 2026<\/strong><br \/><br \/><span style=\"color: #993300;\"><strong>Programme<\/strong><\/span> <br \/>D\u00e8s 17 h 30 &#8211; <strong>Ouverture des portes<\/strong> <br \/>18 h 00 &#8211; <strong>Assembl\u00e9e des membres du groupe r\u00e9gional Suisse Romande \/ Valais &#8211; partie statutaire :<\/strong><br \/><strong>&#8211; Accueil et mot de bienvenue<\/strong><br \/><strong>&#8211; R\u00e9trospectives 2025 et perspectives 2026<\/strong><br \/><strong>&#8211; \u00c9lection du comit\u00e9 r\u00e9gional et d&#8217;un nouveau d\u00e9l\u00e9-gu\u00e9<\/strong><br \/>&#8211; <strong> Divers<\/strong><br \/>Env. 18 h 15 &#8211; <strong>Table ronde : SwissPass, la carte magique de la mobilit\u00e9 ?<\/strong><br \/>&#8211; St\u00e9phanie Gonzalez, Affaires publiques chez Mobility<br \/>&#8211; Damien Zuber, CEO de la Fondation des Parkings<br \/>&#8211; Adrian Houriet, Responsable SwissPass<br \/>Mod\u00e9ration par Nicolas Steinmann, ACTP<br \/>Env. 19 h 15 &#8211; <strong> Ap\u00e9ro riche au restaurant Dufour, offert par l&#8217;ACTP<\/strong><\/p><p>Venez nombreux et profitez en toute convivialit\u00e9 de cette plateforme d\u2019\u00e9change et de r\u00e9seautage que cet \u00e9v\u00e9nement vous offre.<\/p><p><span style=\"color: #993300;\"><strong>Association des cadres des transports publics ACTP<\/strong><\/span><\/p><p><strong>Nicolas Steinmann<\/strong><br \/>Pr\u00e9sident du groupe r\u00e9gional Romandie \/ Valais<\/p>\t\t\t\t\t\t\t\t<\/div>\n\t\t\t\t<\/div>\n\t\t\t\t\t<\/div>\n\t\t<\/div>\n\t\t\t\t\t<\/div>\n\t\t<\/section>\n\t\t\t\t<section class=\"elementor-section elementor-top-section elementor-element elementor-element-2a6536b elementor-section-boxed elementor-section-height-default elementor-section-height-default\" data-id=\"2a6536b\" data-element_type=\"section\" data-e-type=\"section\">\n\t\t\t\t\t\t<div class=\"elementor-container elementor-column-gap-default\">\n\t\t\t\t\t<div class=\"elementor-column elementor-col-50 elementor-top-column elementor-element elementor-element-3d11d46\" data-id=\"3d11d46\" data-element_type=\"column\" data-e-type=\"column\">\n\t\t\t<div class=\"elementor-widget-wrap elementor-element-populated\">\n\t\t\t\t\t\t<div class=\"elementor-element elementor-element-64b39c6 elementor-widget elementor-widget-button\" data-id=\"64b39c6\" data-element_type=\"widget\" data-e-type=\"widget\" data-widget_type=\"button.default\">\n\t\t\t\t<div class=\"elementor-widget-container\">\n\t\t\t\t\t\t\t\t\t<div class=\"elementor-button-wrapper\">\n\t\t\t\t\t<a class=\"elementor-button elementor-button-link elementor-size-sm\" href=\"https:\/\/www.kvoev-actp.ch\/wp-content\/uploads\/2026\/02\/Invitation-AG-GR-Romandie-VS-de-lACTP-le-05-mars-2026.pdf\">\n\t\t\t\t\t\t<span class=\"elementor-button-content-wrapper\">\n\t\t\t\t\t\t\t\t\t<span class=\"elementor-button-text\">Invitation (PDF)<\/span>\n\t\t\t\t\t<\/span>\n\t\t\t\t\t<\/a>\n\t\t\t\t<\/div>\n\t\t\t\t\t\t\t\t<\/div>\n\t\t\t\t<\/div>\n\t\t\t\t\t<\/div>\n\t\t<\/div>\n\t\t\t\t<div class=\"elementor-column elementor-col-50 elementor-top-column elementor-element elementor-element-d0c8c04\" data-id=\"d0c8c04\" data-element_type=\"column\" data-e-type=\"column\">\n\t\t\t<div class=\"elementor-widget-wrap\">\n\t\t\t\t\t\t\t<\/div>\n\t\t<\/div>\n\t\t\t\t\t<\/div>\n\t\t<\/section>\n\t\t\t\t<section class=\"elementor-section elementor-top-section elementor-element elementor-element-8024d8d elementor-section-boxed elementor-section-height-default elementor-section-height-default\" data-id=\"8024d8d\" data-element_type=\"section\" data-e-type=\"section\">\n\t\t\t\t\t\t<div class=\"elementor-container elementor-column-gap-default\">\n\t\t\t\t\t<div class=\"elementor-column elementor-col-100 elementor-top-column elementor-element elementor-element-b81119f\" data-id=\"b81119f\" data-element_type=\"column\" data-e-type=\"column\">\n\t\t\t<div class=\"elementor-widget-wrap elementor-element-populated\">\n\t\t\t\t\t\t<div class=\"elementor-element elementor-element-de0ac3e elementor-widget elementor-widget-text-editor\" data-id=\"de0ac3e\" data-element_type=\"widget\" data-e-type=\"widget\" data-widget_type=\"text-editor.default\">\n\t\t\t\t<div class=\"elementor-widget-container\">\n\t\t\t\t\t\t\t\t\t<h2><strong><span style=\"color: #800000;\">Informations importantes<\/span><\/strong><\/h2><p><strong><span style=\"color: #800000;\">Cl\u00f4ture des inscriptions<\/span><br \/><\/strong>Lundi 2 mars 2026<\/p><p><span style=\"color: #800000;\"><strong>Enregistrement<\/strong> <strong>vid\u00e9o, photos <\/strong> <\/span><br \/>Des photos et des vid\u00e9os peuvent \u00eatre prises pendant la manifestation. En vous inscrivant, vous donnez votre accord \u00e0 ce sujet.<\/p><p><strong><span style=\"color: #800000;\">Ap\u00e9ro riche <\/span><\/strong> <br \/>Si vous ne pouvez pas participer \u00e0 l&#8217;agape qui suivra la table ronde, veuil-lez nous l&#8217;indiquer explicitement lors de votre inscription.<\/p><p><span style=\"color: #800000;\"><strong>En cas d&#8217;emp\u00eachement<\/strong><\/span><br \/>Si vous avez un emp\u00eachement de derni\u00e8re minute <strong>le jour de la manifestation<\/strong>, nous vous prions d&#8217;annuler votre participation \u00e0 temps par SMS au 079 743 47 16.<\/p><p>Pour vous d\u00e9sinscrire au pr\u00e9alable, pri\u00e8re d&#8217;envoyer un courriel \u00e0 <span style=\"color: #800000;\"><a style=\"color: #800000;\" href=\"mailto:info@kvoev-actp.ch\" target=\"_blank\" rel=\"noopener\"><strong>info@kvoev-actp.ch<\/strong><\/a><\/span><\/p>\t\t\t\t\t\t\t\t<\/div>\n\t\t\t\t<\/div>\n\t\t\t\t\t<\/div>\n\t\t<\/div>\n\t\t\t\t\t<\/div>\n\t\t<\/section>\n\t\t\t\t<section class=\"elementor-section elementor-top-section elementor-element elementor-element-67fd45e elementor-section-boxed elementor-section-height-default elementor-section-height-default\" data-id=\"67fd45e\" data-element_type=\"section\" data-e-type=\"section\">\n\t\t\t\t\t\t<div class=\"elementor-container elementor-column-gap-default\">\n\t\t\t\t\t<div class=\"elementor-column elementor-col-100 elementor-top-column elementor-element elementor-element-ddc3be9\" data-id=\"ddc3be9\" data-element_type=\"column\" data-e-type=\"column\">\n\t\t\t<div class=\"elementor-widget-wrap elementor-element-populated\">\n\t\t\t\t\t\t<div class=\"elementor-element elementor-element-52bdd60 elementor-widget elementor-widget-spacer\" data-id=\"52bdd60\" data-element_type=\"widget\" data-e-type=\"widget\" data-widget_type=\"spacer.default\">\n\t\t\t\t<div class=\"elementor-widget-container\">\n\t\t\t\t\t\t\t<div class=\"elementor-spacer\">\n\t\t\t<div class=\"elementor-spacer-inner\"><\/div>\n\t\t<\/div>\n\t\t\t\t\t\t<\/div>\n\t\t\t\t<\/div>\n\t\t\t\t\t<\/div>\n\t\t<\/div>\n\t\t\t\t\t<\/div>\n\t\t<\/section>\n\t\t\t\t<\/div>\n\t\t","protected":false},"excerpt":{"rendered":"<p>Assembl\u00e9e g\u00e9n\u00e9rale du groupe r\u00e9gional Romandie \/ Valais suivie d&#8217;une table ronde sur le SwissPass Voil\u00e0 plus de dix ans que la carte SwissPass a \u00e9t\u00e9 introduite dans la branche des transports publics. Au fil du temps, cette carte rouge est devenue une sorte de passe-partout de la mobili-t\u00e9 en Suisse, et pas seulement pour [&hellip;]<\/p>\n","protected":false},"author":1,"featured_media":0,"parent":1717,"menu_order":0,"comment_status":"closed","ping_status":"closed","template":"","meta":{"footnotes":""},"categories":[],"tags":[],"class_list":["post-21020","page","type-page","status-publish","hentry"],"_links":{"self":[{"href":"https:\/\/www.kvoev-actp.ch\/fr\/wp-json\/wp\/v2\/pages\/21020","targetHints":{"allow":["GET"]}}],"collection":[{"href":"https:\/\/www.kvoev-actp.ch\/fr\/wp-json\/wp\/v2\/pages"}],"about":[{"href":"https:\/\/www.kvoev-actp.ch\/fr\/wp-json\/wp\/v2\/types\/page"}],"author":[{"embeddable":true,"href":"https:\/\/www.kvoev-actp.ch\/fr\/wp-json\/wp\/v2\/users\/1"}],"replies":[{"embeddable":true,"href":"https:\/\/www.kvoev-actp.ch\/fr\/wp-json\/wp\/v2\/comments?post=21020"}],"version-history":[{"count":5,"href":"https:\/\/www.kvoev-actp.ch\/fr\/wp-json\/wp\/v2\/pages\/21020\/revisions"}],"predecessor-version":[{"id":21223,"href":"https:\/\/www.kvoev-actp.ch\/fr\/wp-json\/wp\/v2\/pages\/21020\/revisions\/21223"}],"up":[{"embeddable":true,"href":"https:\/\/www.kvoev-actp.ch\/fr\/wp-json\/wp\/v2\/pages\/1717"}],"wp:attachment":[{"href":"https:\/\/www.kvoev-actp.ch\/fr\/wp-json\/wp\/v2\/media?parent=21020"}],"wp:term":[{"taxonomy":"category","embeddable":true,"href":"https:\/\/www.kvoev-actp.ch\/fr\/wp-json\/wp\/v2\/categories?post=21020"},{"taxonomy":"post_tag","embeddable":true,"href":"https:\/\/www.kvoev-actp.ch\/fr\/wp-json\/wp\/v2\/tags?post=21020"}],"curies":[{"name":"wp","href":"https:\/\/api.w.org\/{rel}","templated":true}]}}