{"id":8938,"date":"2022-09-14T10:38:17","date_gmt":"2022-09-14T08:38:17","guid":{"rendered":"https:\/\/kvoev-actp.ch\/manifestations\/assemblee-des-membres-du-groupe-regional-romandie-valais\/"},"modified":"2022-11-09T15:13:36","modified_gmt":"2022-11-09T14:13:36","slug":"assemblee-des-membres-du-groupe-regional-romandie-valais","status":"publish","type":"page","link":"https:\/\/www.kvoev-actp.ch\/fr\/manifestations\/assemblee-des-membres-du-groupe-regional-romandie-valais\/","title":{"rendered":"Assembl\u00e9e des membres du groupe r\u00e9gional Romandie \/ Valais"},"content":{"rendered":"\t\t<div data-elementor-type=\"wp-page\" data-elementor-id=\"8938\" class=\"elementor elementor-8938 elementor-8912\" data-elementor-post-type=\"page\">\n\t\t\t\t\t\t<section class=\"elementor-section elementor-top-section elementor-element elementor-element-692a7aa elementor-section-boxed elementor-section-height-default elementor-section-height-default\" data-id=\"692a7aa\" data-element_type=\"section\" data-e-type=\"section\">\n\t\t\t\t\t\t<div class=\"elementor-container elementor-column-gap-default\">\n\t\t\t\t\t<div class=\"elementor-column elementor-col-100 elementor-top-column elementor-element elementor-element-4ce95e6\" data-id=\"4ce95e6\" data-element_type=\"column\" data-e-type=\"column\">\n\t\t\t<div class=\"elementor-widget-wrap elementor-element-populated\">\n\t\t\t\t\t\t<div class=\"elementor-element elementor-element-4c85422 elementor-widget elementor-widget-spacer\" data-id=\"4c85422\" data-element_type=\"widget\" data-e-type=\"widget\" data-widget_type=\"spacer.default\">\n\t\t\t\t<div class=\"elementor-widget-container\">\n\t\t\t\t\t\t\t<div class=\"elementor-spacer\">\n\t\t\t<div class=\"elementor-spacer-inner\"><\/div>\n\t\t<\/div>\n\t\t\t\t\t\t<\/div>\n\t\t\t\t<\/div>\n\t\t\t\t\t<\/div>\n\t\t<\/div>\n\t\t\t\t\t<\/div>\n\t\t<\/section>\n\t\t\t\t<section class=\"elementor-section elementor-top-section elementor-element elementor-element-cad4272 elementor-section-boxed elementor-section-height-default elementor-section-height-default\" data-id=\"cad4272\" data-element_type=\"section\" data-e-type=\"section\">\n\t\t\t\t\t\t<div class=\"elementor-container elementor-column-gap-default\">\n\t\t\t\t\t<div class=\"elementor-column elementor-col-100 elementor-top-column elementor-element elementor-element-4f12459\" data-id=\"4f12459\" data-element_type=\"column\" data-e-type=\"column\">\n\t\t\t<div class=\"elementor-widget-wrap elementor-element-populated\">\n\t\t\t\t\t\t<div class=\"elementor-element elementor-element-ee5a179 elementor-widget elementor-widget-heading\" data-id=\"ee5a179\" data-element_type=\"widget\" data-e-type=\"widget\" data-widget_type=\"heading.default\">\n\t\t\t\t<div class=\"elementor-widget-container\">\n\t\t\t\t\t<h1 class=\"elementor-heading-title elementor-size-default\">R\u00e9trospective \u00e0 l'assembl\u00e9e g\u00e9n\u00e9rale du groupe r\u00e9gional Suisse romande \/ Valais 2022\n<\/h1>\t\t\t\t<\/div>\n\t\t\t\t<\/div>\n\t\t\t\t\t<\/div>\n\t\t<\/div>\n\t\t\t\t\t<\/div>\n\t\t<\/section>\n\t\t\t\t<section class=\"elementor-section elementor-top-section elementor-element elementor-element-69df045 elementor-section-boxed elementor-section-height-default elementor-section-height-default\" data-id=\"69df045\" data-element_type=\"section\" data-e-type=\"section\">\n\t\t\t\t\t\t<div class=\"elementor-container elementor-column-gap-default\">\n\t\t\t\t\t<div class=\"elementor-column elementor-col-100 elementor-top-column elementor-element elementor-element-79ed3f2\" data-id=\"79ed3f2\" data-element_type=\"column\" data-e-type=\"column\">\n\t\t\t<div class=\"elementor-widget-wrap elementor-element-populated\">\n\t\t\t\t\t\t<div class=\"elementor-element elementor-element-18c801a elementor-widget elementor-widget-text-editor\" data-id=\"18c801a\" data-element_type=\"widget\" data-e-type=\"widget\" data-widget_type=\"text-editor.default\">\n\t\t\t\t<div class=\"elementor-widget-container\">\n\t\t\t\t\t\t\t\t\t<p><strong>Un comit\u00e9 renforc\u00e9 avec un nouveau pr\u00e9sident \u2212Nicolas Steinmann\u2212 et une table ronde avec deux prestataires importants du trafic r\u00e9gional dans la r\u00e9gion l\u00e9manique &#8211; voil\u00e0 ce qu&#8217;\u00e9tait l&#8217;assembl\u00e9e g\u00e9n\u00e9rale 2022.<\/strong><\/p><p>Apr\u00e8s une longue pause, l&#8217;assembl\u00e9e g\u00e9n\u00e9rale 2022 du groupe r\u00e9gional Suisse romande \/ Valais a eu lieu le 19 octobre dernier au Parc du Simplon de Renens, le nouveau site des CFF en Suisse romande.<\/p><p>Dans la partie statutaire, le pr\u00e9sident actuel, <strong>Michel Mermoud<\/strong>, qui se retire apr\u00e8s de nombreuses ann\u00e9es d&#8217;engagement pour l&#8217;association des cadres, a \u00e9t\u00e9 salu\u00e9 et remerci\u00e9. L&#8217;\u00e9lection du <span style=\"color: #993300;\"><strong><a style=\"color: #993300;\" href=\"https:\/\/www.kvoev-actp.ch\/fr\/qui-est-lactp\/organisation\/groupe-regionaux\/suisse-romande-valais\/\">nouveau comit\u00e9 r\u00e9gional renforc\u00e9<\/a><\/strong><\/span> a ensuite eu lieu, avec, \u00e0 la t\u00eate du comit\u00e9, <strong>Nicolas Steinmann.<\/strong><\/p><p>La deuxi\u00e8me partie a \u00e9t\u00e9 consacr\u00e9e \u00e0 une table ronde avec les deux CEO <strong>Yves Marclay (R\u00e9gionAlps)<\/strong> et <strong>Mathieu Fleury (L\u00e9manis)<\/strong>, anim\u00e9e par le nouveau pr\u00e9sident du groupe r\u00e9gional, Nicolas Steinmann. L&#8217;\u00e9change passionnant a permis de mettre en lumi\u00e8re les d\u00e9fis auxquels sont confront\u00e9es ces deux acteurs importants de la mobilit\u00e9 r\u00e9gionale en r\u00e9gion l\u00e9manique et les solutions possibles pour y r\u00e9pondre.<\/p><p>L&#8217;ap\u00e9ritif qui cl\u00f4turait cette manifestation a permis aux participants de rencontrer d&#8217;anciens coll\u00e8gues autour d&#8217;un verre et de d\u00e9licieux amuse-gueules et de faire la connaissance des nouveaux membres. Un moment d\u2019\u00e9change convivial qui permet \u00e0 toutes et tous de soigner son r\u00e9seau.<\/p><p>Retour en image sur l&#8217;\u00e9v\u00e9nement.<\/p>\t\t\t\t\t\t\t\t<\/div>\n\t\t\t\t<\/div>\n\t\t\t\t\t<\/div>\n\t\t<\/div>\n\t\t\t\t\t<\/div>\n\t\t<\/section>\n\t\t\t\t<section class=\"elementor-section elementor-top-section elementor-element elementor-element-30e2bc3 elementor-section-boxed elementor-section-height-default elementor-section-height-default\" data-id=\"30e2bc3\" data-element_type=\"section\" data-e-type=\"section\">\n\t\t\t\t\t\t<div class=\"elementor-container elementor-column-gap-default\">\n\t\t\t\t\t<div class=\"elementor-column elementor-col-33 elementor-top-column elementor-element elementor-element-378c7b4\" data-id=\"378c7b4\" data-element_type=\"column\" data-e-type=\"column\">\n\t\t\t<div class=\"elementor-widget-wrap elementor-element-populated\">\n\t\t\t\t\t\t<div class=\"elementor-element elementor-element-5928f86 elementor-align-left elementor-widget elementor-widget-button\" data-id=\"5928f86\" data-element_type=\"widget\" data-e-type=\"widget\" data-widget_type=\"button.default\">\n\t\t\t\t<div class=\"elementor-widget-container\">\n\t\t\t\t\t\t\t\t\t<div class=\"elementor-button-wrapper\">\n\t\t\t\t\t<a class=\"elementor-button elementor-button-link elementor-size-lg\" href=\"https:\/\/www.kvoev-actp.ch\/wp-content\/uploads\/2022\/11\/22_10_19-Presentation-RG-a-AG-groupe-regional-Suisse-romande_Valais.pdf\" target=\"_blank\">\n\t\t\t\t\t\t<span class=\"elementor-button-content-wrapper\">\n\t\t\t\t\t\t\t\t\t<span class=\"elementor-button-text\">Pr\u00e9sentation RG<\/span>\n\t\t\t\t\t<\/span>\n\t\t\t\t\t<\/a>\n\t\t\t\t<\/div>\n\t\t\t\t\t\t\t\t<\/div>\n\t\t\t\t<\/div>\n\t\t\t\t<div class=\"elementor-element elementor-element-1aa666c elementor-align-left elementor-widget elementor-widget-button\" data-id=\"1aa666c\" data-element_type=\"widget\" data-e-type=\"widget\" data-widget_type=\"button.default\">\n\t\t\t\t<div class=\"elementor-widget-container\">\n\t\t\t\t\t\t\t\t\t<div class=\"elementor-button-wrapper\">\n\t\t\t\t\t<a class=\"elementor-button elementor-button-link elementor-size-lg\" href=\"https:\/\/www.kvoev-actp.ch\/wp-content\/uploads\/2022\/11\/22_10_19-Presentation-Lemanis-par-Mathieu-Fleury.pdf\" target=\"_blank\">\n\t\t\t\t\t\t<span class=\"elementor-button-content-wrapper\">\n\t\t\t\t\t\t\t\t\t<span class=\"elementor-button-text\">Pr\u00e9sentation L\u00e9manis par Mathieu Fleury<\/span>\n\t\t\t\t\t<\/span>\n\t\t\t\t\t<\/a>\n\t\t\t\t<\/div>\n\t\t\t\t\t\t\t\t<\/div>\n\t\t\t\t<\/div>\n\t\t\t\t<div class=\"elementor-element elementor-element-aacec3f elementor-align-left elementor-widget elementor-widget-button\" data-id=\"aacec3f\" data-element_type=\"widget\" data-e-type=\"widget\" data-widget_type=\"button.default\">\n\t\t\t\t<div class=\"elementor-widget-container\">\n\t\t\t\t\t\t\t\t\t<div class=\"elementor-button-wrapper\">\n\t\t\t\t\t<a class=\"elementor-button elementor-button-link elementor-size-lg\" href=\"https:\/\/www.kvoev-actp.ch\/wp-content\/uploads\/2022\/11\/22_10_19-Presentaiton-RegionAlps-par-Yves-Marclay.pdf\" target=\"_blank\">\n\t\t\t\t\t\t<span class=\"elementor-button-content-wrapper\">\n\t\t\t\t\t\t\t\t\t<span class=\"elementor-button-text\">Pr\u00e9sentaiton RegionAlps par Yves Marclay<\/span>\n\t\t\t\t\t<\/span>\n\t\t\t\t\t<\/a>\n\t\t\t\t<\/div>\n\t\t\t\t\t\t\t\t<\/div>\n\t\t\t\t<\/div>\n\t\t\t\t<div class=\"elementor-element elementor-element-8124b6f elementor-widget elementor-widget-spacer\" data-id=\"8124b6f\" data-element_type=\"widget\" data-e-type=\"widget\" data-widget_type=\"spacer.default\">\n\t\t\t\t<div class=\"elementor-widget-container\">\n\t\t\t\t\t\t\t<div class=\"elementor-spacer\">\n\t\t\t<div class=\"elementor-spacer-inner\"><\/div>\n\t\t<\/div>\n\t\t\t\t\t\t<\/div>\n\t\t\t\t<\/div>\n\t\t\t\t\t<\/div>\n\t\t<\/div>\n\t\t\t\t<div class=\"elementor-column elementor-col-33 elementor-top-column elementor-element elementor-element-da090d4\" data-id=\"da090d4\" data-element_type=\"column\" data-e-type=\"column\">\n\t\t\t<div class=\"elementor-widget-wrap\">\n\t\t\t\t\t\t\t<\/div>\n\t\t<\/div>\n\t\t\t\t<div class=\"elementor-column elementor-col-33 elementor-top-column elementor-element elementor-element-7a577b0\" data-id=\"7a577b0\" data-element_type=\"column\" data-e-type=\"column\">\n\t\t\t<div class=\"elementor-widget-wrap\">\n\t\t\t\t\t\t\t<\/div>\n\t\t<\/div>\n\t\t\t\t\t<\/div>\n\t\t<\/section>\n\t\t\t\t<section class=\"elementor-section elementor-top-section elementor-element elementor-element-b28a29d elementor-section-boxed elementor-section-height-default elementor-section-height-default\" data-id=\"b28a29d\" data-element_type=\"section\" data-e-type=\"section\">\n\t\t\t\t\t\t<div class=\"elementor-container elementor-column-gap-default\">\n\t\t\t\t\t<div class=\"elementor-column elementor-col-100 elementor-top-column elementor-element elementor-element-c5ecbba\" data-id=\"c5ecbba\" data-element_type=\"column\" data-e-type=\"column\">\n\t\t\t<div class=\"elementor-widget-wrap elementor-element-populated\">\n\t\t\t\t\t\t<div class=\"elementor-element elementor-element-b3b0233 elementor-widget elementor-widget-gallery\" data-id=\"b3b0233\" data-element_type=\"widget\" data-e-type=\"widget\" data-settings=\"{&quot;lazyload&quot;:&quot;yes&quot;,&quot;gallery_layout&quot;:&quot;grid&quot;,&quot;columns&quot;:4,&quot;columns_tablet&quot;:2,&quot;columns_mobile&quot;:1,&quot;gap&quot;:{&quot;unit&quot;:&quot;px&quot;,&quot;size&quot;:10,&quot;sizes&quot;:[]},&quot;gap_tablet&quot;:{&quot;unit&quot;:&quot;px&quot;,&quot;size&quot;:10,&quot;sizes&quot;:[]},&quot;gap_mobile&quot;:{&quot;unit&quot;:&quot;px&quot;,&quot;size&quot;:10,&quot;sizes&quot;:[]},&quot;link_to&quot;:&quot;file&quot;,&quot;aspect_ratio&quot;:&quot;3:2&quot;,&quot;overlay_background&quot;:&quot;yes&quot;,&quot;content_hover_animation&quot;:&quot;fade-in&quot;}\" data-widget_type=\"gallery.default\">\n\t\t\t\t<div class=\"elementor-widget-container\">\n\t\t\t\t\t\t\t<div class=\"elementor-gallery__container\">\n\t\t\t\t\t\t\t<a class=\"e-gallery-item elementor-gallery-item elementor-animated-content\" href=\"https:\/\/www.kvoev-actp.ch\/wp-content\/uploads\/2022\/11\/MV-22-Renens-Yves-Marclay-CEO-RegionAlps-1200.jpg\" data-elementor-open-lightbox=\"yes\" data-elementor-lightbox-slideshow=\"b3b0233\" data-e-action-hash=\"#elementor-action%3Aaction%3Dlightbox%26settings%3DeyJpZCI6OTUxNiwidXJsIjoiaHR0cHM6XC9cL3d3dy5rdm9ldi1hY3RwLmNoXC93cC1jb250ZW50XC91cGxvYWRzXC8yMDIyXC8xMVwvTVYtMjItUmVuZW5zLVl2ZXMtTWFyY2xheS1DRU8tUmVnaW9uQWxwcy0xMjAwLmpwZyIsInNsaWRlc2hvdyI6ImIzYjAyMzMifQ%3D%3D\">\n\t\t\t\t\t<div class=\"e-gallery-image elementor-gallery-item__image\" data-thumbnail=\"https:\/\/www.kvoev-actp.ch\/wp-content\/uploads\/2022\/11\/MV-22-Renens-Yves-Marclay-CEO-RegionAlps-1200-300x169.jpg\" data-width=\"300\" data-height=\"169\" aria-label=\"\" role=\"img\" ><\/div>\n\t\t\t\t\t\t\t\t\t\t\t<div class=\"elementor-gallery-item__overlay\"><\/div>\n\t\t\t\t\t\t\t\t\t\t\t\t\t\t<\/a>\n\t\t\t\t\t\t\t<a class=\"e-gallery-item elementor-gallery-item elementor-animated-content\" href=\"https:\/\/www.kvoev-actp.ch\/wp-content\/uploads\/2022\/11\/MV-22-Renens-Apero-riche-1-1200.jpg\" data-elementor-open-lightbox=\"yes\" data-elementor-lightbox-slideshow=\"b3b0233\" data-e-action-hash=\"#elementor-action%3Aaction%3Dlightbox%26settings%3DeyJpZCI6OTQ3MSwidXJsIjoiaHR0cHM6XC9cL3d3dy5rdm9ldi1hY3RwLmNoXC93cC1jb250ZW50XC91cGxvYWRzXC8yMDIyXC8xMVwvTVYtMjItUmVuZW5zLUFwZXJvLXJpY2hlLTEtMTIwMC5qcGciLCJzbGlkZXNob3ciOiJiM2IwMjMzIn0%3D\">\n\t\t\t\t\t<div class=\"e-gallery-image elementor-gallery-item__image\" data-thumbnail=\"https:\/\/www.kvoev-actp.ch\/wp-content\/uploads\/2022\/11\/MV-22-Renens-Apero-riche-1-1200-300x169.jpg\" data-width=\"300\" data-height=\"169\" aria-label=\"\" role=\"img\" ><\/div>\n\t\t\t\t\t\t\t\t\t\t\t<div class=\"elementor-gallery-item__overlay\"><\/div>\n\t\t\t\t\t\t\t\t\t\t\t\t\t\t<\/a>\n\t\t\t\t\t\t\t<a class=\"e-gallery-item elementor-gallery-item elementor-animated-content\" href=\"https:\/\/www.kvoev-actp.ch\/wp-content\/uploads\/2022\/11\/MV-22-Renens-Apero-riche-2-1200.jpg\" data-elementor-open-lightbox=\"yes\" data-elementor-lightbox-slideshow=\"b3b0233\" data-e-action-hash=\"#elementor-action%3Aaction%3Dlightbox%26settings%3DeyJpZCI6OTQ3MywidXJsIjoiaHR0cHM6XC9cL3d3dy5rdm9ldi1hY3RwLmNoXC93cC1jb250ZW50XC91cGxvYWRzXC8yMDIyXC8xMVwvTVYtMjItUmVuZW5zLUFwZXJvLXJpY2hlLTItMTIwMC5qcGciLCJzbGlkZXNob3ciOiJiM2IwMjMzIn0%3D\">\n\t\t\t\t\t<div class=\"e-gallery-image elementor-gallery-item__image\" data-thumbnail=\"https:\/\/www.kvoev-actp.ch\/wp-content\/uploads\/2022\/11\/MV-22-Renens-Apero-riche-2-1200-300x169.jpg\" data-width=\"300\" data-height=\"169\" aria-label=\"\" role=\"img\" ><\/div>\n\t\t\t\t\t\t\t\t\t\t\t<div class=\"elementor-gallery-item__overlay\"><\/div>\n\t\t\t\t\t\t\t\t\t\t\t\t\t\t<\/a>\n\t\t\t\t\t\t\t<a class=\"e-gallery-item elementor-gallery-item elementor-animated-content\" href=\"https:\/\/www.kvoev-actp.ch\/wp-content\/uploads\/2022\/11\/MV-22-Renens-Mathieu-Fleury-CEO-Lemanis-2-1200.jpg\" data-elementor-open-lightbox=\"yes\" data-elementor-lightbox-slideshow=\"b3b0233\" data-e-action-hash=\"#elementor-action%3Aaction%3Dlightbox%26settings%3DeyJpZCI6OTQ4OCwidXJsIjoiaHR0cHM6XC9cL3d3dy5rdm9ldi1hY3RwLmNoXC93cC1jb250ZW50XC91cGxvYWRzXC8yMDIyXC8xMVwvTVYtMjItUmVuZW5zLU1hdGhpZXUtRmxldXJ5LUNFTy1MZW1hbmlzLTItMTIwMC5qcGciLCJzbGlkZXNob3ciOiJiM2IwMjMzIn0%3D\">\n\t\t\t\t\t<div class=\"e-gallery-image elementor-gallery-item__image\" data-thumbnail=\"https:\/\/www.kvoev-actp.ch\/wp-content\/uploads\/2022\/11\/MV-22-Renens-Mathieu-Fleury-CEO-Lemanis-2-1200-300x300.jpg\" data-width=\"300\" data-height=\"300\" aria-label=\"\" role=\"img\" ><\/div>\n\t\t\t\t\t\t\t\t\t\t\t<div class=\"elementor-gallery-item__overlay\"><\/div>\n\t\t\t\t\t\t\t\t\t\t\t\t\t\t<\/a>\n\t\t\t\t\t\t\t<a class=\"e-gallery-item elementor-gallery-item elementor-animated-content\" href=\"https:\/\/www.kvoev-actp.ch\/wp-content\/uploads\/2022\/11\/MV-22-Renens-Immobilier-CFF-Entree-1200.jpg\" data-elementor-open-lightbox=\"yes\" data-elementor-lightbox-slideshow=\"b3b0233\" data-e-action-hash=\"#elementor-action%3Aaction%3Dlightbox%26settings%3DeyJpZCI6OTQ4NiwidXJsIjoiaHR0cHM6XC9cL3d3dy5rdm9ldi1hY3RwLmNoXC93cC1jb250ZW50XC91cGxvYWRzXC8yMDIyXC8xMVwvTVYtMjItUmVuZW5zLUltbW9iaWxpZXItQ0ZGLUVudHJlZS0xMjAwLmpwZyIsInNsaWRlc2hvdyI6ImIzYjAyMzMifQ%3D%3D\">\n\t\t\t\t\t<div class=\"e-gallery-image elementor-gallery-item__image\" data-thumbnail=\"https:\/\/www.kvoev-actp.ch\/wp-content\/uploads\/2022\/11\/MV-22-Renens-Immobilier-CFF-Entree-1200-300x169.jpg\" data-width=\"300\" data-height=\"169\" aria-label=\"\" role=\"img\" ><\/div>\n\t\t\t\t\t\t\t\t\t\t\t<div class=\"elementor-gallery-item__overlay\"><\/div>\n\t\t\t\t\t\t\t\t\t\t\t\t\t\t<\/a>\n\t\t\t\t\t\t\t<a class=\"e-gallery-item elementor-gallery-item elementor-animated-content\" href=\"https:\/\/www.kvoev-actp.ch\/wp-content\/uploads\/2022\/11\/MV-22-Renens-Gerard-Gege-Seydoux-1200.jpg\" data-elementor-open-lightbox=\"yes\" data-elementor-lightbox-slideshow=\"b3b0233\" data-e-action-hash=\"#elementor-action%3Aaction%3Dlightbox%26settings%3DeyJpZCI6OTQ4NCwidXJsIjoiaHR0cHM6XC9cL3d3dy5rdm9ldi1hY3RwLmNoXC93cC1jb250ZW50XC91cGxvYWRzXC8yMDIyXC8xMVwvTVYtMjItUmVuZW5zLUdlcmFyZC1HZWdlLVNleWRvdXgtMTIwMC5qcGciLCJzbGlkZXNob3ciOiJiM2IwMjMzIn0%3D\">\n\t\t\t\t\t<div class=\"e-gallery-image elementor-gallery-item__image\" data-thumbnail=\"https:\/\/www.kvoev-actp.ch\/wp-content\/uploads\/2022\/11\/MV-22-Renens-Gerard-Gege-Seydoux-1200-300x169.jpg\" data-width=\"300\" data-height=\"169\" aria-label=\"\" role=\"img\" ><\/div>\n\t\t\t\t\t\t\t\t\t\t\t<div class=\"elementor-gallery-item__overlay\"><\/div>\n\t\t\t\t\t\t\t\t\t\t\t\t\t\t<\/a>\n\t\t\t\t\t\t\t<a class=\"e-gallery-item elementor-gallery-item elementor-animated-content\" href=\"https:\/\/www.kvoev-actp.ch\/wp-content\/uploads\/2022\/11\/MV-22-Renens-Beatrice-Duperrut-1200.jpg\" data-elementor-open-lightbox=\"yes\" data-elementor-lightbox-slideshow=\"b3b0233\" data-e-action-hash=\"#elementor-action%3Aaction%3Dlightbox%26settings%3DeyJpZCI6OTQ4MiwidXJsIjoiaHR0cHM6XC9cL3d3dy5rdm9ldi1hY3RwLmNoXC93cC1jb250ZW50XC91cGxvYWRzXC8yMDIyXC8xMVwvTVYtMjItUmVuZW5zLUJlYXRyaWNlLUR1cGVycnV0LTEyMDAuanBnIiwic2xpZGVzaG93IjoiYjNiMDIzMyJ9\">\n\t\t\t\t\t<div class=\"e-gallery-image elementor-gallery-item__image\" data-thumbnail=\"https:\/\/www.kvoev-actp.ch\/wp-content\/uploads\/2022\/11\/MV-22-Renens-Beatrice-Duperrut-1200-300x300.jpg\" data-width=\"300\" data-height=\"300\" aria-label=\"\" role=\"img\" ><\/div>\n\t\t\t\t\t\t\t\t\t\t\t<div class=\"elementor-gallery-item__overlay\"><\/div>\n\t\t\t\t\t\t\t\t\t\t\t\t\t\t<\/a>\n\t\t\t\t\t\t\t<a class=\"e-gallery-item elementor-gallery-item elementor-animated-content\" href=\"https:\/\/www.kvoev-actp.ch\/wp-content\/uploads\/2022\/11\/MV-22-Renens-Assemblee-des-membres-1200.jpg\" data-elementor-open-lightbox=\"yes\" data-elementor-lightbox-slideshow=\"b3b0233\" data-e-action-hash=\"#elementor-action%3Aaction%3Dlightbox%26settings%3DeyJpZCI6OTQ4MCwidXJsIjoiaHR0cHM6XC9cL3d3dy5rdm9ldi1hY3RwLmNoXC93cC1jb250ZW50XC91cGxvYWRzXC8yMDIyXC8xMVwvTVYtMjItUmVuZW5zLUFzc2VtYmxlZS1kZXMtbWVtYnJlcy0xMjAwLmpwZyIsInNsaWRlc2hvdyI6ImIzYjAyMzMifQ%3D%3D\">\n\t\t\t\t\t<div class=\"e-gallery-image elementor-gallery-item__image\" data-thumbnail=\"https:\/\/www.kvoev-actp.ch\/wp-content\/uploads\/2022\/11\/MV-22-Renens-Assemblee-des-membres-1200-300x169.jpg\" data-width=\"300\" data-height=\"169\" aria-label=\"\" role=\"img\" ><\/div>\n\t\t\t\t\t\t\t\t\t\t\t<div class=\"elementor-gallery-item__overlay\"><\/div>\n\t\t\t\t\t\t\t\t\t\t\t\t\t\t<\/a>\n\t\t\t\t\t\t\t<a class=\"e-gallery-item elementor-gallery-item elementor-animated-content\" href=\"https:\/\/www.kvoev-actp.ch\/wp-content\/uploads\/2022\/11\/MV-22-Renens-Apero-riche-4-1200.jpg\" data-elementor-open-lightbox=\"yes\" data-elementor-lightbox-slideshow=\"b3b0233\" data-e-action-hash=\"#elementor-action%3Aaction%3Dlightbox%26settings%3DeyJpZCI6OTQ3OCwidXJsIjoiaHR0cHM6XC9cL3d3dy5rdm9ldi1hY3RwLmNoXC93cC1jb250ZW50XC91cGxvYWRzXC8yMDIyXC8xMVwvTVYtMjItUmVuZW5zLUFwZXJvLXJpY2hlLTQtMTIwMC5qcGciLCJzbGlkZXNob3ciOiJiM2IwMjMzIn0%3D\">\n\t\t\t\t\t<div class=\"e-gallery-image elementor-gallery-item__image\" data-thumbnail=\"https:\/\/www.kvoev-actp.ch\/wp-content\/uploads\/2022\/11\/MV-22-Renens-Apero-riche-4-1200-300x169.jpg\" data-width=\"300\" data-height=\"169\" aria-label=\"\" role=\"img\" ><\/div>\n\t\t\t\t\t\t\t\t\t\t\t<div class=\"elementor-gallery-item__overlay\"><\/div>\n\t\t\t\t\t\t\t\t\t\t\t\t\t\t<\/a>\n\t\t\t\t\t\t\t<a class=\"e-gallery-item elementor-gallery-item elementor-animated-content\" href=\"https:\/\/www.kvoev-actp.ch\/wp-content\/uploads\/2022\/11\/MV-22-Renens-Apero-riche-3-1200.jpg\" data-elementor-open-lightbox=\"yes\" data-elementor-lightbox-slideshow=\"b3b0233\" data-e-action-hash=\"#elementor-action%3Aaction%3Dlightbox%26settings%3DeyJpZCI6OTQ3NSwidXJsIjoiaHR0cHM6XC9cL3d3dy5rdm9ldi1hY3RwLmNoXC93cC1jb250ZW50XC91cGxvYWRzXC8yMDIyXC8xMVwvTVYtMjItUmVuZW5zLUFwZXJvLXJpY2hlLTMtMTIwMC5qcGciLCJzbGlkZXNob3ciOiJiM2IwMjMzIn0%3D\">\n\t\t\t\t\t<div class=\"e-gallery-image elementor-gallery-item__image\" data-thumbnail=\"https:\/\/www.kvoev-actp.ch\/wp-content\/uploads\/2022\/11\/MV-22-Renens-Apero-riche-3-1200-300x169.jpg\" data-width=\"300\" data-height=\"169\" aria-label=\"\" role=\"img\" ><\/div>\n\t\t\t\t\t\t\t\t\t\t\t<div class=\"elementor-gallery-item__overlay\"><\/div>\n\t\t\t\t\t\t\t\t\t\t\t\t\t\t<\/a>\n\t\t\t\t\t\t\t<a class=\"e-gallery-item elementor-gallery-item elementor-animated-content\" href=\"https:\/\/www.kvoev-actp.ch\/wp-content\/uploads\/2022\/11\/MV-22-Renens-Passage-de-temoin-Mermoud-Steinmann-1200.jpg\" data-elementor-open-lightbox=\"yes\" data-elementor-lightbox-slideshow=\"b3b0233\" data-e-action-hash=\"#elementor-action%3Aaction%3Dlightbox%26settings%3DeyJpZCI6OTUwMiwidXJsIjoiaHR0cHM6XC9cL3d3dy5rdm9ldi1hY3RwLmNoXC93cC1jb250ZW50XC91cGxvYWRzXC8yMDIyXC8xMVwvTVYtMjItUmVuZW5zLVBhc3NhZ2UtZGUtdGVtb2luLU1lcm1vdWQtU3RlaW5tYW5uLTEyMDAuanBnIiwic2xpZGVzaG93IjoiYjNiMDIzMyJ9\">\n\t\t\t\t\t<div class=\"e-gallery-image elementor-gallery-item__image\" data-thumbnail=\"https:\/\/www.kvoev-actp.ch\/wp-content\/uploads\/2022\/11\/MV-22-Renens-Passage-de-temoin-Mermoud-Steinmann-1200-300x169.jpg\" data-width=\"300\" data-height=\"169\" aria-label=\"\" role=\"img\" ><\/div>\n\t\t\t\t\t\t\t\t\t\t\t<div class=\"elementor-gallery-item__overlay\"><\/div>\n\t\t\t\t\t\t\t\t\t\t\t\t\t\t<\/a>\n\t\t\t\t\t\t\t<a class=\"e-gallery-item elementor-gallery-item elementor-animated-content\" href=\"https:\/\/www.kvoev-actp.ch\/wp-content\/uploads\/2022\/11\/MV-22-Renens-Nouvelle-organisation-du-groupe-regional-1200.jpg\" data-elementor-open-lightbox=\"yes\" data-elementor-lightbox-slideshow=\"b3b0233\" data-e-action-hash=\"#elementor-action%3Aaction%3Dlightbox%26settings%3DeyJpZCI6OTUwMCwidXJsIjoiaHR0cHM6XC9cL3d3dy5rdm9ldi1hY3RwLmNoXC93cC1jb250ZW50XC91cGxvYWRzXC8yMDIyXC8xMVwvTVYtMjItUmVuZW5zLU5vdXZlbGxlLW9yZ2FuaXNhdGlvbi1kdS1ncm91cGUtcmVnaW9uYWwtMTIwMC5qcGciLCJzbGlkZXNob3ciOiJiM2IwMjMzIn0%3D\">\n\t\t\t\t\t<div class=\"e-gallery-image elementor-gallery-item__image\" data-thumbnail=\"https:\/\/www.kvoev-actp.ch\/wp-content\/uploads\/2022\/11\/MV-22-Renens-Nouvelle-organisation-du-groupe-regional-1200-300x300.jpg\" data-width=\"300\" data-height=\"300\" aria-label=\"\" role=\"img\" ><\/div>\n\t\t\t\t\t\t\t\t\t\t\t<div class=\"elementor-gallery-item__overlay\"><\/div>\n\t\t\t\t\t\t\t\t\t\t\t\t\t\t<\/a>\n\t\t\t\t\t\t\t<a class=\"e-gallery-item elementor-gallery-item elementor-animated-content\" href=\"https:\/\/www.kvoev-actp.ch\/wp-content\/uploads\/2022\/11\/MV-22-Renens-Nicolas-Steinmann.1200.jpg\" data-elementor-open-lightbox=\"yes\" data-elementor-lightbox-slideshow=\"b3b0233\" data-e-action-hash=\"#elementor-action%3Aaction%3Dlightbox%26settings%3DeyJpZCI6OTQ5OCwidXJsIjoiaHR0cHM6XC9cL3d3dy5rdm9ldi1hY3RwLmNoXC93cC1jb250ZW50XC91cGxvYWRzXC8yMDIyXC8xMVwvTVYtMjItUmVuZW5zLU5pY29sYXMtU3RlaW5tYW5uLjEyMDAuanBnIiwic2xpZGVzaG93IjoiYjNiMDIzMyJ9\">\n\t\t\t\t\t<div class=\"e-gallery-image elementor-gallery-item__image\" data-thumbnail=\"https:\/\/www.kvoev-actp.ch\/wp-content\/uploads\/2022\/11\/MV-22-Renens-Nicolas-Steinmann.1200-300x300.jpg\" data-width=\"300\" data-height=\"300\" aria-label=\"\" role=\"img\" ><\/div>\n\t\t\t\t\t\t\t\t\t\t\t<div class=\"elementor-gallery-item__overlay\"><\/div>\n\t\t\t\t\t\t\t\t\t\t\t\t\t\t<\/a>\n\t\t\t\t\t\t\t<a class=\"e-gallery-item elementor-gallery-item elementor-animated-content\" href=\"https:\/\/www.kvoev-actp.ch\/wp-content\/uploads\/2022\/11\/MV-22-Renens-Michel-Mermoud-1200.jpg\" data-elementor-open-lightbox=\"yes\" data-elementor-lightbox-slideshow=\"b3b0233\" data-e-action-hash=\"#elementor-action%3Aaction%3Dlightbox%26settings%3DeyJpZCI6OTQ5NiwidXJsIjoiaHR0cHM6XC9cL3d3dy5rdm9ldi1hY3RwLmNoXC93cC1jb250ZW50XC91cGxvYWRzXC8yMDIyXC8xMVwvTVYtMjItUmVuZW5zLU1pY2hlbC1NZXJtb3VkLTEyMDAuanBnIiwic2xpZGVzaG93IjoiYjNiMDIzMyJ9\">\n\t\t\t\t\t<div class=\"e-gallery-image elementor-gallery-item__image\" data-thumbnail=\"https:\/\/www.kvoev-actp.ch\/wp-content\/uploads\/2022\/11\/MV-22-Renens-Michel-Mermoud-1200-300x169.jpg\" data-width=\"300\" data-height=\"169\" aria-label=\"\" role=\"img\" ><\/div>\n\t\t\t\t\t\t\t\t\t\t\t<div class=\"elementor-gallery-item__overlay\"><\/div>\n\t\t\t\t\t\t\t\t\t\t\t\t\t\t<\/a>\n\t\t\t\t\t\t\t<a class=\"e-gallery-item elementor-gallery-item elementor-animated-content\" href=\"https:\/\/www.kvoev-actp.ch\/wp-content\/uploads\/2022\/11\/MV-22-Renens-Michel-Mermoud-2-1200.jpg\" data-elementor-open-lightbox=\"yes\" data-elementor-lightbox-slideshow=\"b3b0233\" data-e-action-hash=\"#elementor-action%3Aaction%3Dlightbox%26settings%3DeyJpZCI6OTQ5NCwidXJsIjoiaHR0cHM6XC9cL3d3dy5rdm9ldi1hY3RwLmNoXC93cC1jb250ZW50XC91cGxvYWRzXC8yMDIyXC8xMVwvTVYtMjItUmVuZW5zLU1pY2hlbC1NZXJtb3VkLTItMTIwMC5qcGciLCJzbGlkZXNob3ciOiJiM2IwMjMzIn0%3D\">\n\t\t\t\t\t<div class=\"e-gallery-image elementor-gallery-item__image\" data-thumbnail=\"https:\/\/www.kvoev-actp.ch\/wp-content\/uploads\/2022\/11\/MV-22-Renens-Michel-Mermoud-2-1200-300x300.jpg\" data-width=\"300\" data-height=\"300\" aria-label=\"\" role=\"img\" ><\/div>\n\t\t\t\t\t\t\t\t\t\t\t<div class=\"elementor-gallery-item__overlay\"><\/div>\n\t\t\t\t\t\t\t\t\t\t\t\t\t\t<\/a>\n\t\t\t\t\t\t\t<a class=\"e-gallery-item elementor-gallery-item elementor-animated-content\" href=\"https:\/\/www.kvoev-actp.ch\/wp-content\/uploads\/2022\/11\/MV-22-Renens-Mathieu-Fleury-CEO-Lemanis-1200.jpg\" data-elementor-open-lightbox=\"yes\" data-elementor-lightbox-slideshow=\"b3b0233\" data-e-action-hash=\"#elementor-action%3Aaction%3Dlightbox%26settings%3DeyJpZCI6OTQ5MiwidXJsIjoiaHR0cHM6XC9cL3d3dy5rdm9ldi1hY3RwLmNoXC93cC1jb250ZW50XC91cGxvYWRzXC8yMDIyXC8xMVwvTVYtMjItUmVuZW5zLU1hdGhpZXUtRmxldXJ5LUNFTy1MZW1hbmlzLTEyMDAuanBnIiwic2xpZGVzaG93IjoiYjNiMDIzMyJ9\">\n\t\t\t\t\t<div class=\"e-gallery-image elementor-gallery-item__image\" data-thumbnail=\"https:\/\/www.kvoev-actp.ch\/wp-content\/uploads\/2022\/11\/MV-22-Renens-Mathieu-Fleury-CEO-Lemanis-1200-300x300.jpg\" data-width=\"300\" data-height=\"300\" aria-label=\"\" role=\"img\" ><\/div>\n\t\t\t\t\t\t\t\t\t\t\t<div class=\"elementor-gallery-item__overlay\"><\/div>\n\t\t\t\t\t\t\t\t\t\t\t\t\t\t<\/a>\n\t\t\t\t\t\t\t<a class=\"e-gallery-item elementor-gallery-item elementor-animated-content\" href=\"https:\/\/www.kvoev-actp.ch\/wp-content\/uploads\/2022\/11\/MV-22-Renens-Mathieu-Fleury-CEO-Lemanis-3-1200.jpg\" data-elementor-open-lightbox=\"yes\" data-elementor-lightbox-slideshow=\"b3b0233\" data-e-action-hash=\"#elementor-action%3Aaction%3Dlightbox%26settings%3DeyJpZCI6OTQ5MCwidXJsIjoiaHR0cHM6XC9cL3d3dy5rdm9ldi1hY3RwLmNoXC93cC1jb250ZW50XC91cGxvYWRzXC8yMDIyXC8xMVwvTVYtMjItUmVuZW5zLU1hdGhpZXUtRmxldXJ5LUNFTy1MZW1hbmlzLTMtMTIwMC5qcGciLCJzbGlkZXNob3ciOiJiM2IwMjMzIn0%3D\">\n\t\t\t\t\t<div class=\"e-gallery-image elementor-gallery-item__image\" data-thumbnail=\"https:\/\/www.kvoev-actp.ch\/wp-content\/uploads\/2022\/11\/MV-22-Renens-Mathieu-Fleury-CEO-Lemanis-3-1200-300x169.jpg\" data-width=\"300\" data-height=\"169\" aria-label=\"\" role=\"img\" ><\/div>\n\t\t\t\t\t\t\t\t\t\t\t<div class=\"elementor-gallery-item__overlay\"><\/div>\n\t\t\t\t\t\t\t\t\t\t\t\t\t\t<\/a>\n\t\t\t\t\t\t\t<a class=\"e-gallery-item elementor-gallery-item elementor-animated-content\" href=\"https:\/\/www.kvoev-actp.ch\/wp-content\/uploads\/2022\/11\/MV-22-Renens-Table-ronde-avec-Yves-Marclay-CEO-RegionAlps-et-Mathieu-Fleury-CEO-Lemanis-1200.jpg\" data-elementor-open-lightbox=\"yes\" data-elementor-lightbox-slideshow=\"b3b0233\" data-e-action-hash=\"#elementor-action%3Aaction%3Dlightbox%26settings%3DeyJpZCI6OTUxNCwidXJsIjoiaHR0cHM6XC9cL3d3dy5rdm9ldi1hY3RwLmNoXC93cC1jb250ZW50XC91cGxvYWRzXC8yMDIyXC8xMVwvTVYtMjItUmVuZW5zLVRhYmxlLXJvbmRlLWF2ZWMtWXZlcy1NYXJjbGF5LUNFTy1SZWdpb25BbHBzLWV0LU1hdGhpZXUtRmxldXJ5LUNFTy1MZW1hbmlzLTEyMDAuanBnIiwic2xpZGVzaG93IjoiYjNiMDIzMyJ9\">\n\t\t\t\t\t<div class=\"e-gallery-image elementor-gallery-item__image\" data-thumbnail=\"https:\/\/www.kvoev-actp.ch\/wp-content\/uploads\/2022\/11\/MV-22-Renens-Table-ronde-avec-Yves-Marclay-CEO-RegionAlps-et-Mathieu-Fleury-CEO-Lemanis-1200-300x169.jpg\" data-width=\"300\" data-height=\"169\" aria-label=\"\" role=\"img\" ><\/div>\n\t\t\t\t\t\t\t\t\t\t\t<div class=\"elementor-gallery-item__overlay\"><\/div>\n\t\t\t\t\t\t\t\t\t\t\t\t\t\t<\/a>\n\t\t\t\t\t\t\t<a class=\"e-gallery-item elementor-gallery-item elementor-animated-content\" href=\"https:\/\/www.kvoev-actp.ch\/wp-content\/uploads\/2022\/11\/MV-22-Renens-Table-ronde-1200.jpg\" data-elementor-open-lightbox=\"yes\" data-elementor-lightbox-slideshow=\"b3b0233\" data-e-action-hash=\"#elementor-action%3Aaction%3Dlightbox%26settings%3DeyJpZCI6OTUxMiwidXJsIjoiaHR0cHM6XC9cL3d3dy5rdm9ldi1hY3RwLmNoXC93cC1jb250ZW50XC91cGxvYWRzXC8yMDIyXC8xMVwvTVYtMjItUmVuZW5zLVRhYmxlLXJvbmRlLTEyMDAuanBnIiwic2xpZGVzaG93IjoiYjNiMDIzMyJ9\">\n\t\t\t\t\t<div class=\"e-gallery-image elementor-gallery-item__image\" data-thumbnail=\"https:\/\/www.kvoev-actp.ch\/wp-content\/uploads\/2022\/11\/MV-22-Renens-Table-ronde-1200-300x169.jpg\" data-width=\"300\" data-height=\"169\" aria-label=\"\" role=\"img\" ><\/div>\n\t\t\t\t\t\t\t\t\t\t\t<div class=\"elementor-gallery-item__overlay\"><\/div>\n\t\t\t\t\t\t\t\t\t\t\t\t\t\t<\/a>\n\t\t\t\t\t\t\t<a class=\"e-gallery-item elementor-gallery-item elementor-animated-content\" href=\"https:\/\/www.kvoev-actp.ch\/wp-content\/uploads\/2022\/11\/MV-22-Renens-Spectateurs-1200.jpg\" data-elementor-open-lightbox=\"yes\" data-elementor-lightbox-slideshow=\"b3b0233\" data-e-action-hash=\"#elementor-action%3Aaction%3Dlightbox%26settings%3DeyJpZCI6OTUxMCwidXJsIjoiaHR0cHM6XC9cL3d3dy5rdm9ldi1hY3RwLmNoXC93cC1jb250ZW50XC91cGxvYWRzXC8yMDIyXC8xMVwvTVYtMjItUmVuZW5zLVNwZWN0YXRldXJzLTEyMDAuanBnIiwic2xpZGVzaG93IjoiYjNiMDIzMyJ9\">\n\t\t\t\t\t<div class=\"e-gallery-image elementor-gallery-item__image\" data-thumbnail=\"https:\/\/www.kvoev-actp.ch\/wp-content\/uploads\/2022\/11\/MV-22-Renens-Spectateurs-1200-300x169.jpg\" data-width=\"300\" data-height=\"169\" aria-label=\"\" role=\"img\" ><\/div>\n\t\t\t\t\t\t\t\t\t\t\t<div class=\"elementor-gallery-item__overlay\"><\/div>\n\t\t\t\t\t\t\t\t\t\t\t\t\t\t<\/a>\n\t\t\t\t\t\t\t<a class=\"e-gallery-item elementor-gallery-item elementor-animated-content\" href=\"https:\/\/www.kvoev-actp.ch\/wp-content\/uploads\/2022\/11\/MV-22-Renens-Spectateurs-4-1200.jpg\" data-elementor-open-lightbox=\"yes\" data-elementor-lightbox-slideshow=\"b3b0233\" data-e-action-hash=\"#elementor-action%3Aaction%3Dlightbox%26settings%3DeyJpZCI6OTUwOCwidXJsIjoiaHR0cHM6XC9cL3d3dy5rdm9ldi1hY3RwLmNoXC93cC1jb250ZW50XC91cGxvYWRzXC8yMDIyXC8xMVwvTVYtMjItUmVuZW5zLVNwZWN0YXRldXJzLTQtMTIwMC5qcGciLCJzbGlkZXNob3ciOiJiM2IwMjMzIn0%3D\">\n\t\t\t\t\t<div class=\"e-gallery-image elementor-gallery-item__image\" data-thumbnail=\"https:\/\/www.kvoev-actp.ch\/wp-content\/uploads\/2022\/11\/MV-22-Renens-Spectateurs-4-1200-300x169.jpg\" data-width=\"300\" data-height=\"169\" aria-label=\"\" role=\"img\" ><\/div>\n\t\t\t\t\t\t\t\t\t\t\t<div class=\"elementor-gallery-item__overlay\"><\/div>\n\t\t\t\t\t\t\t\t\t\t\t\t\t\t<\/a>\n\t\t\t\t\t\t\t<a class=\"e-gallery-item elementor-gallery-item elementor-animated-content\" href=\"https:\/\/www.kvoev-actp.ch\/wp-content\/uploads\/2022\/11\/MV-22-Renens-Spectateurs-3-1200.jpg\" data-elementor-open-lightbox=\"yes\" data-elementor-lightbox-slideshow=\"b3b0233\" data-e-action-hash=\"#elementor-action%3Aaction%3Dlightbox%26settings%3DeyJpZCI6OTUwNiwidXJsIjoiaHR0cHM6XC9cL3d3dy5rdm9ldi1hY3RwLmNoXC93cC1jb250ZW50XC91cGxvYWRzXC8yMDIyXC8xMVwvTVYtMjItUmVuZW5zLVNwZWN0YXRldXJzLTMtMTIwMC5qcGciLCJzbGlkZXNob3ciOiJiM2IwMjMzIn0%3D\">\n\t\t\t\t\t<div class=\"e-gallery-image elementor-gallery-item__image\" data-thumbnail=\"https:\/\/www.kvoev-actp.ch\/wp-content\/uploads\/2022\/11\/MV-22-Renens-Spectateurs-3-1200-300x169.jpg\" data-width=\"300\" data-height=\"169\" aria-label=\"\" role=\"img\" ><\/div>\n\t\t\t\t\t\t\t\t\t\t\t<div class=\"elementor-gallery-item__overlay\"><\/div>\n\t\t\t\t\t\t\t\t\t\t\t\t\t\t<\/a>\n\t\t\t\t\t\t\t<a class=\"e-gallery-item elementor-gallery-item elementor-animated-content\" href=\"https:\/\/www.kvoev-actp.ch\/wp-content\/uploads\/2022\/11\/MV-22-Renens-Spectateurs-2-1200.jpg\" data-elementor-open-lightbox=\"yes\" data-elementor-lightbox-slideshow=\"b3b0233\" data-e-action-hash=\"#elementor-action%3Aaction%3Dlightbox%26settings%3DeyJpZCI6OTUwNCwidXJsIjoiaHR0cHM6XC9cL3d3dy5rdm9ldi1hY3RwLmNoXC93cC1jb250ZW50XC91cGxvYWRzXC8yMDIyXC8xMVwvTVYtMjItUmVuZW5zLVNwZWN0YXRldXJzLTItMTIwMC5qcGciLCJzbGlkZXNob3ciOiJiM2IwMjMzIn0%3D\">\n\t\t\t\t\t<div class=\"e-gallery-image elementor-gallery-item__image\" data-thumbnail=\"https:\/\/www.kvoev-actp.ch\/wp-content\/uploads\/2022\/11\/MV-22-Renens-Spectateurs-2-1200-300x169.jpg\" data-width=\"300\" data-height=\"169\" aria-label=\"\" role=\"img\" ><\/div>\n\t\t\t\t\t\t\t\t\t\t\t<div class=\"elementor-gallery-item__overlay\"><\/div>\n\t\t\t\t\t\t\t\t\t\t\t\t\t\t<\/a>\n\t\t\t\t\t<\/div>\n\t\t\t\t\t<\/div>\n\t\t\t\t<\/div>\n\t\t\t\t<div class=\"elementor-element elementor-element-99f2e2b elementor-widget elementor-widget-spacer\" data-id=\"99f2e2b\" data-element_type=\"widget\" data-e-type=\"widget\" data-widget_type=\"spacer.default\">\n\t\t\t\t<div class=\"elementor-widget-container\">\n\t\t\t\t\t\t\t<div class=\"elementor-spacer\">\n\t\t\t<div class=\"elementor-spacer-inner\"><\/div>\n\t\t<\/div>\n\t\t\t\t\t\t<\/div>\n\t\t\t\t<\/div>\n\t\t\t\t\t<\/div>\n\t\t<\/div>\n\t\t\t\t\t<\/div>\n\t\t<\/section>\n\t\t\t\t<\/div>\n\t\t","protected":false},"excerpt":{"rendered":"<p>R\u00e9trospective \u00e0 l&#8217;assembl\u00e9e g\u00e9n\u00e9rale du groupe r\u00e9gional Suisse romande \/ Valais 2022 Un comit\u00e9 renforc\u00e9 avec un nouveau pr\u00e9sident \u2212Nicolas Steinmann\u2212 et une table ronde avec deux prestataires importants du trafic r\u00e9gional dans la r\u00e9gion l\u00e9manique &#8211; voil\u00e0 ce qu&#8217;\u00e9tait l&#8217;assembl\u00e9e g\u00e9n\u00e9rale 2022. Apr\u00e8s une longue pause, l&#8217;assembl\u00e9e g\u00e9n\u00e9rale 2022 du groupe r\u00e9gional Suisse romande [&hellip;]<\/p>\n","protected":false},"author":1,"featured_media":0,"parent":1717,"menu_order":0,"comment_status":"closed","ping_status":"closed","template":"","meta":{"footnotes":""},"categories":[],"tags":[],"class_list":["post-8938","page","type-page","status-publish","hentry"],"_links":{"self":[{"href":"https:\/\/www.kvoev-actp.ch\/fr\/wp-json\/wp\/v2\/pages\/8938","targetHints":{"allow":["GET"]}}],"collection":[{"href":"https:\/\/www.kvoev-actp.ch\/fr\/wp-json\/wp\/v2\/pages"}],"about":[{"href":"https:\/\/www.kvoev-actp.ch\/fr\/wp-json\/wp\/v2\/types\/page"}],"author":[{"embeddable":true,"href":"https:\/\/www.kvoev-actp.ch\/fr\/wp-json\/wp\/v2\/users\/1"}],"replies":[{"embeddable":true,"href":"https:\/\/www.kvoev-actp.ch\/fr\/wp-json\/wp\/v2\/comments?post=8938"}],"version-history":[{"count":5,"href":"https:\/\/www.kvoev-actp.ch\/fr\/wp-json\/wp\/v2\/pages\/8938\/revisions"}],"predecessor-version":[{"id":9532,"href":"https:\/\/www.kvoev-actp.ch\/fr\/wp-json\/wp\/v2\/pages\/8938\/revisions\/9532"}],"up":[{"embeddable":true,"href":"https:\/\/www.kvoev-actp.ch\/fr\/wp-json\/wp\/v2\/pages\/1717"}],"wp:attachment":[{"href":"https:\/\/www.kvoev-actp.ch\/fr\/wp-json\/wp\/v2\/media?parent=8938"}],"wp:term":[{"taxonomy":"category","embeddable":true,"href":"https:\/\/www.kvoev-actp.ch\/fr\/wp-json\/wp\/v2\/categories?post=8938"},{"taxonomy":"post_tag","embeddable":true,"href":"https:\/\/www.kvoev-actp.ch\/fr\/wp-json\/wp\/v2\/tags?post=8938"}],"curies":[{"name":"wp","href":"https:\/\/api.w.org\/{rel}","templated":true}]}}